{"id":880,"date":"2021-08-03T15:24:48","date_gmt":"2021-08-03T18:24:48","guid":{"rendered":"https:\/\/biblioteca2.facha.edu.br\/?page_id=880"},"modified":"2025-08-06T15:09:02","modified_gmt":"2025-08-06T18:09:02","slug":"p-radialismo","status":"publish","type":"page","link":"https:\/\/biblioteca.facha.edu.br\/index.php\/periodicos\/p-radialismo\/","title":{"rendered":"P. Radialismo"},"content":{"rendered":"\n<!-- Beginning of Link Library Output --><div id='linklist1' class='linklist'><!-- Div Linklist -->\n<div class=\"LinkLibraryCat LinkLibraryCat26 level0\"><!-- Div Category --><div id=\"periodicos-on-line-radialismo\"><!-- Div Category Name --><div class=\"linklistcatname\"><!-- Div Cat Name --><span class=\"linklistcatclass\">Peri\u00f3dicos On Line - Radialismo<\/span><\/div><!-- DivOrHeader --><\/div><!-- Div Category Name -->\n\t<ul>\n<li><a href=\"https:\/\/periodicos.ufpb.br\/index.php\/arf\" id=\"link-1435\" class=\"track_this_link \" rel=\"noopener noreferrer\" target=\"_blank\">ALFKLARUNG &#8211; REVISTA DE FILOSOFIA<\/a><\/li>\n<li><a href=\"https:\/\/www.revistas.usp.br\/anagrama\" id=\"link-564\" class=\"track_this_link \" rel=\"noopener noreferrer\" target=\"_blank\">ANAGRAMA<\/a><\/li>\n<li><a href=\"http:\/\/cascavel.ufsm.br\/revistas\/ojs-2.2.2\/index.php\/animus\" id=\"link-1335\" class=\"track_this_link \" rel=\"noopener noreferrer\" target=\"_blank\">ANIMUS: REVISTA INTERAMERICANA DE COMUNICA\u00c7\u00c3O MIDI\u00c1TICA<\/a><\/li>\n<li><a href=\"https:\/\/seer.ufu.br\/index.php\/artcultura\" id=\"link-1436\" class=\"track_this_link \" rel=\"noopener noreferrer\" target=\"_blank\">ARTCULTURA: REVISTA DE HIST\u00d3RIA, CULTURA E ARTE<\/a><\/li>\n<li><a href=\"https:\/\/www.revista.ueg.br\/index.php\/atatot\/index\" id=\"link-1437\" class=\"track_this_link \" rel=\"noopener noreferrer\" target=\"_blank\">AT\u00c2T\u00d4 &#8211; REVISTA INTERDICIPLINAR DE DIREITOS HUMANOS<\/a><\/li>\n<li><a href=\"http:\/\/revista.cinedocumental.com.ar\/\" id=\"link-483\" class=\"track_this_link \" rel=\"noopener noreferrer\" target=\"_blank\">CINE DOCUMENTAL<\/a><\/li>\n<li><a href=\"http:\/\/cjpmi.ifilnova.pt\/\" id=\"link-1438\" class=\"track_this_link \" rel=\"noopener noreferrer\" target=\"_blank\">CINEMA: JOURNAL OF PHILOSOPHY AND THE MOVING IMAGE<\/a><\/li>\n<li><a href=\"https:\/\/journals.openedition.org\/cinelatino\/\" id=\"link-1439\" class=\"track_this_link \" rel=\"noopener noreferrer\" target=\"_blank\">CIN\u00c9MAS D&#8217;AM\u00c9RIQUE LATINE<\/a><\/li>\n<li><a href=\"http:\/\/revistacinetica.com.br\/nova\/\" id=\"link-1440\" class=\"track_this_link \" rel=\"noopener noreferrer\" target=\"_blank\">CIN\u00c9TICA<\/a><\/li>\n<li><a href=\"https:\/\/revistacmc.espm.br\/revistacmc\" id=\"link-1336\" class=\"track_this_link \" rel=\"noopener noreferrer\" target=\"_blank\">CMC: COMUNICA\u00c7\u00c3O, M\u00cdDIA E CONSUMO (ESPM)<\/a><\/li>\n<li><a href=\"https:\/\/www.revistacomunicar.com\/index.php?idioma=pt\" id=\"link-485\" class=\"track_this_link \" rel=\"noopener noreferrer\" target=\"_blank\">COMUNICAR<\/a><\/li>\n<li><a href=\"https:\/\/periodicos.uff.br\/contracampo\" id=\"link-1337\" class=\"track_this_link \" rel=\"noopener noreferrer\" target=\"_blank\">CONTRACAMPO<\/a><\/li>\n<li><a href=\"https:\/\/portaldeperiodicos.animaeducacao.com.br\/index.php\/Critica_Cultural\/index\" id=\"link-1443\" class=\"track_this_link \" rel=\"noopener noreferrer\" target=\"_blank\">CR\u00cdTICA CULTURAL<\/a><\/li>\n<li><a href=\"https:\/\/www.devires.org\/\" id=\"link-1444\" class=\"track_this_link \" rel=\"noopener noreferrer\" target=\"_blank\">DEVIRES: CINEMA E HUMANIDADES<\/a><\/li>\n<li><a href=\"http:\/\/www.uel.br\/revistas\/uel\/index.php\/discursosfotograficos\/index\" id=\"link-1445\" class=\"track_this_link \" rel=\"noopener noreferrer\" target=\"_blank\">DISCURSOS FOTOGR\u00c1FICOS<\/a><\/li>\n<li><a href=\"http:\/\/ojs.labcom-ifp.ubi.pt\/index.php\/doc\" id=\"link-486\" class=\"track_this_link \" rel=\"noopener noreferrer\" target=\"_blank\">DOC ON LINE<\/a><\/li>\n<li><a href=\"https:\/\/periodicos.ufsc.br\/index.php\/jornalismo\/index\" id=\"link-1338\" class=\"track_this_link \" rel=\"noopener noreferrer\" target=\"_blank\">ESTUDOS EM JORNALISMO E M\u00cdDIA (UFSC)<\/a><\/li>\n<li><a href=\"https:\/\/seer.ufrgs.br\/index.php\/fotocronografias\" id=\"link-1446\" class=\"track_this_link \" rel=\"noopener noreferrer\" target=\"_blank\">FOTOCRONOGRAFIAS<\/a><\/li>\n<li><a href=\"https:\/\/www.revistas.usp.br\/gis\" id=\"link-1339\" class=\"track_this_link \" rel=\"noopener noreferrer\" target=\"_blank\">GIS &#8211; GESTO, IMAGEM E SOM &#8211; REVISTA DE ANTROPOLOGIA<\/a><\/li>\n<li><a href=\"https:\/\/revistas.intercom.org.br\/index.php\/revistaintercom\" id=\"link-1447\" class=\"track_this_link \" rel=\"noopener noreferrer\" target=\"_blank\">INTERCOM: REVISTA BRASILEIRA DE CI\u00caNCIAS DA COMUNICA\u00c7\u00c3O<\/a><\/li>\n<li><a href=\"https:\/\/interin.utp.br\/index.php\/i\" id=\"link-1448\" class=\"track_this_link \" rel=\"noopener noreferrer\" target=\"_blank\">INTERIN<\/a><\/li>\n<li><a href=\"https:\/\/www.tandfonline.com\/toc\/hjrs20\/current\" id=\"link-1340\" class=\"track_this_link \" rel=\"noopener noreferrer\" target=\"_blank\">JOURNAL OF RADIO &#038; AUDIO MEDIA<\/a><\/li>\n<li><a href=\"https:\/\/periodicos.ufmg.br\/index.php\/licere\" id=\"link-1341\" class=\"track_this_link \" rel=\"noopener noreferrer\" target=\"_blank\">LICERE REVISTA DE P\u00d3S-GRADUA\u00c7\u00c3O INTERDISCIPLINAR EM ESTUDOS DO LAZER<\/a><\/li>\n<li><a href=\"http:\/\/www.linguasagem.ufscar.br\/\" id=\"link-1342\" class=\"track_this_link \" rel=\"noopener noreferrer\" target=\"_blank\">LINGUASAGEM<\/a><\/li>\n<li><a href=\"http:\/\/www.revistas.usp.br\/matrizes\/index\" id=\"link-1343\" class=\"track_this_link \" rel=\"noopener noreferrer\" target=\"_blank\">MATRIZES<\/a><\/li>\n<li><a href=\"https:\/\/impactum-journals.uc.pt\/mj\" id=\"link-1344\" class=\"track_this_link \" rel=\"noopener noreferrer\" target=\"_blank\">MEDIA &#038; JORNALISMO<\/a><\/li>\n<li><a href=\"https:\/\/www.revistas.usp.br\/novosolhares\/index\" id=\"link-489\" class=\"track_this_link \" rel=\"noopener noreferrer\" target=\"_blank\">NOVOS OLHARES<\/a><\/li>\n<li><a href=\"https:\/\/obs.obercom.pt\/index.php\/obs\" id=\"link-1449\" class=\"track_this_link \" rel=\"noopener noreferrer\" target=\"_blank\">OBSERVATORIO (OBS*)<\/a><\/li>\n<li><a href=\"http:\/\/orson.ufpel.edu.br\/content\/index.html\" id=\"link-490\" class=\"track_this_link \" rel=\"noopener noreferrer\" target=\"_blank\">ORSON (UFPEL)<\/a><\/li>\n<li><a href=\"https:\/\/revistapmkt.com.br\/pt_br\/publicacoes\/\" id=\"link-1345\" class=\"track_this_link \" rel=\"noopener noreferrer\" target=\"_blank\">PMKT \u2013 REVISTA BRASILEIRA DE PESQUISAS DE MARKETING, OPINI\u00c3O E M\u00cdDIA<\/a><\/li>\n<li><a href=\"https:\/\/revistas.ufrj.br\/index.php\/policromias\/index\" id=\"link-1346\" class=\"track_this_link \" rel=\"noopener noreferrer\" target=\"_blank\">POLICROMIAS &#8211; REVISTA DE ESTUDOS DO DISCURSO, IMAGEM E SOM<\/a><\/li>\n<li><a href=\"https:\/\/rac.anpad.org.br\/index.php\/rac\" id=\"link-1450\" class=\"track_this_link \" rel=\"noopener noreferrer\" target=\"_blank\">RAC \u2013 REVISTA DE ADMINISTRA\u00c7\u00c3O CONTEMPOR\u00c2NEA<\/a><\/li>\n<li><a href=\"https:\/\/periodicos.ufop.br\/radio-leituras\/\" id=\"link-1347\" class=\"track_this_link \" rel=\"noopener noreferrer\" target=\"_blank\">RADIOFONIAS<\/a><\/li>\n<li><a href=\"https:\/\/rae.fgv.br\/\" id=\"link-1451\" class=\"track_this_link \" rel=\"noopener noreferrer\" target=\"_blank\">RAE \u2013 REVISTA DE ADMINISTRA\u00c7\u00c3O DE EMPRESAS<\/a><\/li>\n<li><a href=\"https:\/\/www.revistas.usp.br\/rai\" id=\"link-1452\" class=\"track_this_link \" rel=\"noopener noreferrer\" target=\"_blank\">RAI \u2013 REVISTA DE ADMINISTRA\u00c7\u00c3O E INOVA\u00c7\u00c3O<\/a><\/li>\n<li><a href=\"https:\/\/rebeca.socine.org.br\/\" id=\"link-1453\" class=\"track_this_link \" rel=\"noopener noreferrer\" target=\"_blank\">REBECA &#8211; REVISTA BRASILEIRA DE ESTUDOS DE CINEMA E AUDIOVISUAL<\/a><\/li>\n<li><a href=\"https:\/\/revistas.uneb.br\/index.php\/babel\" id=\"link-1454\" class=\"track_this_link \" rel=\"noopener noreferrer\" target=\"_blank\">REVISTA BABEL<\/a><\/li>\n<li><a href=\"https:\/\/www.revistas.usp.br\/ra\" id=\"link-1455\" class=\"track_this_link \" rel=\"noopener noreferrer\" target=\"_blank\">REVISTA DE ANTROPOLOGIA<\/a><\/li>\n<li><a href=\"https:\/\/www.revistas.unijui.edu.br\/index.php\/direitoshumanosedemocracia\" id=\"link-1456\" class=\"track_this_link \" rel=\"noopener noreferrer\" target=\"_blank\">REVISTA DE DIREITOS HUMANOS E DEMOCRACIA<\/a><\/li>\n<li><a href=\"https:\/\/www3.ufrb.edu.br\/seer\/index.php\/griot\/\" id=\"link-1457\" class=\"track_this_link \" rel=\"noopener noreferrer\" target=\"_blank\">REVISTA DE FILOSOFIA<\/a><\/li>\n<li><a href=\"https:\/\/www.set.org.br\/revista-de-radiodifusao\/\" id=\"link-497\" class=\"track_this_link \" rel=\"noopener noreferrer\" target=\"_blank\">REVISTA DE RADIODIFUS\u00c3O<\/a><\/li>\n<li><a href=\"https:\/\/revistas.ufpr.br\/rsp\" id=\"link-1458\" class=\"track_this_link \" rel=\"noopener noreferrer\" target=\"_blank\">REVISTA DE SOCIOLOGIA E POL\u00cdTICA<\/a><\/li>\n<li><a href=\"https:\/\/digitalks.com.br\/revista\/\" id=\"link-1459\" class=\"track_this_link \" rel=\"noopener noreferrer\" target=\"_blank\">REVISTA DIGITALKS<\/a><\/li>\n<li><a href=\"https:\/\/periodicos.fclar.unesp.br\/entrelinguas\" id=\"link-1158\" class=\"track_this_link \" rel=\"noopener noreferrer\" target=\"_blank\">REVISTA ENTREL\u00cdNGUAS<\/a><\/li>\n<li><a href=\"https:\/\/revista.unitins.br\/index.php\/extensao\" id=\"link-1185\" class=\"track_this_link \" rel=\"noopener noreferrer\" target=\"_blank\">REVISTA EXTENS\u00c3O<\/a><\/li>\n<li><a href=\"https:\/\/revistaseletronicas.pucrs.br\/ojs\/index.php\/revistafamecos\/index\" id=\"link-1186\" class=\"track_this_link \" rel=\"noopener noreferrer\" target=\"_blank\">REVISTA FAMECOS: M\u00cdDIA, CULTURA E TECNOLOGIA<\/a><\/li>\n<li><a href=\"https:\/\/revistas.unisinos.br\/index.php\/fronteiras\" id=\"link-1187\" class=\"track_this_link \" rel=\"noopener noreferrer\" target=\"_blank\">REVISTA FRONTEIRAS: ESTUDOS MIDI\u00c1TICOS<\/a><\/li>\n<li><a href=\"https:\/\/revistas.ufpr.br\/letras\" id=\"link-1164\" class=\"track_this_link \" rel=\"noopener noreferrer\" target=\"_blank\">REVISTA LETRAS<\/a><\/li>\n<li><a href=\"https:\/\/sistemas.uft.edu.br\/periodicos\/index.php\/observatorio\/index\" id=\"link-1356\" class=\"track_this_link \" rel=\"noopener noreferrer\" target=\"_blank\">REVISTA OBSERVAT\u00d3RIO<\/a><\/li>\n<li><a href=\"https:\/\/www.rua.ufscar.br\/\" id=\"link-1349\" class=\"track_this_link \" rel=\"noopener noreferrer\" target=\"_blank\">RUA: REVISTA UNIVERSIT\u00c1RIA DO AUDIOVISUAL<\/a><\/li>\n<li><a href=\"http:\/\/www.usp.br\/rumores\/\" id=\"link-1350\" class=\"track_this_link \" rel=\"noopener noreferrer\" target=\"_blank\">RUMORES: REVISTA ONLINE DE COMUNICA\u00c7\u00c3O, LINGUAGEM E M\u00cdDIAS<\/a><\/li>\n<li><a href=\"http:\/\/www.usp.br\/significacao\/\" id=\"link-1194\" class=\"track_this_link \" rel=\"noopener noreferrer\" target=\"_blank\">SIGNIFICA\u00c7\u00c3O: REVISTA DE CULTURA AUDIOVISUAL<\/a><\/li>\n<li><a href=\"https:\/\/www.revistas.usp.br\/signosdoconsumo\" id=\"link-1195\" class=\"track_this_link \" rel=\"noopener noreferrer\" target=\"_blank\">SIGNOS DO CONSUMO<\/a><\/li>\n<li><a href=\"https:\/\/www.iar.unicamp.br\/revista-sonora\/\" id=\"link-1352\" class=\"track_this_link \" rel=\"noopener noreferrer\" target=\"_blank\">SONORA<\/a><\/li>\n<li><a href=\"http:\/\/periodicos.uniso.br\/ojs\/index.php\/triade\" id=\"link-1353\" class=\"track_this_link \" rel=\"noopener noreferrer\" target=\"_blank\">TR\u00cdADE: COMUNICA\u00c7\u00c3O, CULTURA E M\u00cdDIA<\/a><\/li>\n<li><a href=\"http:\/\/revistas.unisinos.br\/index.php\/versoereverso\/index\" id=\"link-1196\" class=\"track_this_link \" rel=\"noopener noreferrer\" target=\"_blank\">VERSO E REVERSO: REVISTA DA COMUNICA\u00c7\u00c3O<\/a><\/li>\n<li><a href=\"https:\/\/periodicos.univali.br\/index.php\/vd\/index\" id=\"link-1354\" class=\"track_this_link \" rel=\"noopener noreferrer\" target=\"_blank\">VOZES &#038; DI\u00c1LOGO<\/a><\/li>\n<li><a href=\"https:\/\/periodicos.ufjf.br\/index.php\/zanzala\" id=\"link-1197\" class=\"track_this_link \" rel=\"noopener noreferrer\" target=\"_blank\">ZANZAL\u00c1 &#8211; REVISTA BRASILEIRA DE ESTUDOS SOBRE G\u00caNEROS CINEMATOGR\u00c1FICOS E AUDIOVISUAIS<\/a><\/li>\n\t<\/ul>\n<\/div><!-- Div End Category -->\n<script type='text\/javascript'>\njQuery(document).ready(function()\n{\njQuery('.arrow-up').hide();\njQuery('#linklist1 a.track_this_link').click(function() {\nlinkid = this.id;\nlinkid = linkid.substring(5);\npath = '';\njQuery.ajax( {    type: 'POST',    url: 'https:\/\/biblioteca.facha.edu.br\/wp-admin\/admin-ajax.php',     data: { action: 'link_library_tracker',             _ajax_nonce: 'c5deebc7b5',             id:linkid, xpath:path }     });\nreturn true;\n});\njQuery('#linklist1 .expandlinks').click(function() {\ntarget = '.' + jQuery(this).attr('id');\nsubcattarget = '.' + jQuery(this).attr('data-subcat');\nif ( jQuery( target ).is(':visible') ) {\njQuery(target).slideUp();\njQuery(subcattarget).slideToggle();\njQuery(this).children('img').attr('src', 'https:\/\/biblioteca.facha.edu.br\/wp-content\/plugins\/link-library\/icons\/expand-32.png');\n} else {\njQuery(target).slideDown();\njQuery(subcattarget).slideToggle();\njQuery(this).children('img').attr('src', 'https:\/\/biblioteca.facha.edu.br\/wp-content\/plugins\/link-library\/icons\/collapse-32.png');\n}\n});\njQuery('#linklist1 .linklistcatclass').click(function() {\njQuery(this).siblings('.expandlinks').click();\n});\njQuery('#linklist1 .linklistcatnamedesc').click(function() {\njQuery(this).siblings('.expandlinks').click();\n});\n});\n<\/script>\n<\/div><!-- Div Linklist -->\n<!-- End of Link Library Output -->\n\n\n","protected":false},"excerpt":{"rendered":"","protected":false},"author":2,"featured_media":0,"parent":74,"menu_order":0,"comment_status":"closed","ping_status":"closed","template":"","meta":{"footnotes":""},"class_list":["post-880","page","type-page","status-publish","hentry"],"_links":{"self":[{"href":"https:\/\/biblioteca.facha.edu.br\/index.php\/wp-json\/wp\/v2\/pages\/880","targetHints":{"allow":["GET"]}}],"collection":[{"href":"https:\/\/biblioteca.facha.edu.br\/index.php\/wp-json\/wp\/v2\/pages"}],"about":[{"href":"https:\/\/biblioteca.facha.edu.br\/index.php\/wp-json\/wp\/v2\/types\/page"}],"author":[{"embeddable":true,"href":"https:\/\/biblioteca.facha.edu.br\/index.php\/wp-json\/wp\/v2\/users\/2"}],"replies":[{"embeddable":true,"href":"https:\/\/biblioteca.facha.edu.br\/index.php\/wp-json\/wp\/v2\/comments?post=880"}],"version-history":[{"count":5,"href":"https:\/\/biblioteca.facha.edu.br\/index.php\/wp-json\/wp\/v2\/pages\/880\/revisions"}],"predecessor-version":[{"id":2074,"href":"https:\/\/biblioteca.facha.edu.br\/index.php\/wp-json\/wp\/v2\/pages\/880\/revisions\/2074"}],"up":[{"embeddable":true,"href":"https:\/\/biblioteca.facha.edu.br\/index.php\/wp-json\/wp\/v2\/pages\/74"}],"wp:attachment":[{"href":"https:\/\/biblioteca.facha.edu.br\/index.php\/wp-json\/wp\/v2\/media?parent=880"}],"curies":[{"name":"wp","href":"https:\/\/api.w.org\/{rel}","templated":true}]}}