{"id":874,"date":"2021-08-03T15:21:28","date_gmt":"2021-08-03T18:21:28","guid":{"rendered":"https:\/\/biblioteca2.facha.edu.br\/?page_id=874"},"modified":"2025-08-06T14:29:52","modified_gmt":"2025-08-06T17:29:52","slug":"p-jornalismo","status":"publish","type":"page","link":"https:\/\/biblioteca.facha.edu.br\/index.php\/periodicos\/p-jornalismo\/","title":{"rendered":"P. Jornalismo"},"content":{"rendered":"\n<!-- Beginning of Link Library Output --><div id='linklist1' class='linklist'><!-- Div Linklist -->\n<div class=\"LinkLibraryCat LinkLibraryCat23 level0\"><!-- Div Category --><div id=\"periodicos-on-line-jornalismo\"><!-- Div Category Name --><div class=\"linklistcatname\"><!-- Div Cat Name --><span class=\"linklistcatclass\">Peri\u00f3dicos On Line - Jornalismo<\/span><\/div><!-- DivOrHeader --><\/div><!-- Div Category Name -->\n\t<ul>\n<li><a href=\"https:\/\/revistas.ufpr.br\/acaomidiatica\" id=\"link-1257\" class=\"track_this_link \" rel=\"noopener noreferrer\" target=\"_blank\">A\u00c7\u00c3O MIDI\u00c1TICA \u2013 ESTUDOS EM COMUNICA\u00c7\u00c3O, SOCIEDADE E CULTURA<\/a><\/li>\n<li><a href=\"https:\/\/periodicos.uem.br\/ojs\/index.php\/ActaSciHumanSocSci\/search\/search\" id=\"link-1842\" class=\"track_this_link \" rel=\"noopener noreferrer\" target=\"_blank\">ACTA SCIENTIARUM. HUMAN AND SOCIAL SCIENCES (UEM)<\/a><\/li>\n<li><a href=\"https:\/\/revistaalceu.com.puc-rio.br\/alceu\" id=\"link-513\" class=\"track_this_link \" rel=\"noopener noreferrer\" target=\"_blank\">ALCEU<\/a><\/li>\n<li><a href=\"https:\/\/periodicos.ufpb.br\/index.php\/arf\" id=\"link-1145\" class=\"track_this_link \" rel=\"noopener noreferrer\" target=\"_blank\">ALFKLARUNG &#8211; REVISTA DE FILOSOFIA<\/a><\/li>\n<li><a href=\"https:\/\/revistas.usp.br\/alterjor\/issue\/view\/13584\" id=\"link-562\" class=\"track_this_link \" rel=\"noopener noreferrer\" target=\"_blank\">ALTEJOR<\/a><\/li>\n<li><a href=\"https:\/\/www.revistas.usp.br\/anagrama\" id=\"link-564\" class=\"track_this_link \" rel=\"noopener noreferrer\" target=\"_blank\">ANAGRAMA<\/a><\/li>\n<li><a href=\"https:\/\/periodicos.ufpb.br\/ojs2\/index.php\/ancora\" id=\"link-565\" class=\"track_this_link \" rel=\"noopener noreferrer\" target=\"_blank\">\u00c2NCORA &#8211; Revista Latino-americana de Jornalismo<\/a><\/li>\n<li><a href=\"https:\/\/periodicos.ufsm.br\/index.php\/animus\/index\" id=\"link-1845\" class=\"track_this_link \" rel=\"noopener noreferrer\" target=\"_blank\">ANIMUS<\/a><\/li>\n<li><a href=\"https:\/\/periodicos.ufv.br\/apgs\/\" id=\"link-1848\" class=\"track_this_link \" rel=\"noopener noreferrer\" target=\"_blank\">APGS \u2013 ADMINISTRA\u00c7\u00c3O P\u00daBLICA E GEST\u00c3O SOCIAL<\/a><\/li>\n<li><a href=\"https:\/\/www.e-publicacoes.uerj.br\/arcosdesign\" id=\"link-1851\" class=\"track_this_link \" rel=\"noopener noreferrer\" target=\"_blank\">ARCOS DESIGN<\/a><\/li>\n<li><a href=\"https:\/\/seer.ufu.br\/index.php\/artcultura\" id=\"link-1854\" class=\"track_this_link \" rel=\"noopener noreferrer\" target=\"_blank\">ARTCULTURA: REVISTA DE HIST\u00d3RIA, CULTURA E ARTE<\/a><\/li>\n<li><a href=\"https:\/\/www.revista.ueg.br\/index.php\/atatot\/index\" id=\"link-1146\" class=\"track_this_link \" rel=\"noopener noreferrer\" target=\"_blank\">AT\u00c2T\u00d4 &#8211; REVISTA INTERDICIPLINAR DE DIREITOS HUMANOS<\/a><\/li>\n<li><a href=\"https:\/\/sistemas.uft.edu.br\/periodicos\/index.php\/atura\/index\" id=\"link-1857\" class=\"track_this_link \" rel=\"noopener noreferrer\" target=\"_blank\">ATUR\u00c1 \u2013 REVISTA PAN-AMAZ\u00d4NICA DE COMUNICA\u00c7\u00c3O<\/a><\/li>\n<li><a href=\"http:\/\/revistas.pucsp.br\/index.php\/bakhtiniana\" id=\"link-1860\" class=\"track_this_link \" rel=\"noopener noreferrer\" target=\"_blank\">BAKHTINIANA. REVISTA DE ESTUDOS DO DISCURSO<\/a><\/li>\n<li><a href=\"https:\/\/biblioteca.ibge.gov.br\/biblioteca-catalogo?id=72&#038;view=detalhes\" id=\"link-1258\" class=\"track_this_link \" rel=\"noopener noreferrer\" target=\"_blank\">BRASIL EM NUMEROS<\/a><\/li>\n<li><a href=\"http:\/\/www.revista.tecccog.net\/index.php\/revista_tecccog\/index\" id=\"link-1863\" class=\"track_this_link \" rel=\"noopener noreferrer\" target=\"_blank\">BRAZILIAN JOURNAL OF TECHNOLOGY, COMMUNICATION, AND COGNITIVE SCIENCE<\/a><\/li>\n<li><a href=\"https:\/\/bjr.sbpjor.org.br\/bjr\" id=\"link-1259\" class=\"track_this_link \" rel=\"noopener noreferrer\" target=\"_blank\">BRAZILIAN JOURNALISM RESEARCH<\/a><\/li>\n<li><a href=\"https:\/\/ppgcine.cinemauff.com.br\/c-legenda\/\" id=\"link-1875\" class=\"track_this_link \" rel=\"noopener noreferrer\" target=\"_blank\">C-LEGENDA<\/a><\/li>\n<li><a href=\"https:\/\/www.scielo.br\/j\/ccrh\/\" id=\"link-1866\" class=\"track_this_link \" rel=\"noopener noreferrer\" target=\"_blank\">CADERNO CRH<\/a><\/li>\n<li><a href=\"https:\/\/periodicos.ufsm.br\/ccomunicacao\" id=\"link-1869\" class=\"track_this_link \" rel=\"noopener noreferrer\" target=\"_blank\">CADERNOS DE COMUNICA\u00c7\u00c3O (UFSM)<\/a><\/li>\n<li><a href=\"http:\/\/www.periodicoseletronicos.ufma.br\/index.php\/cambiassu\/index\" id=\"link-1872\" class=\"track_this_link \" rel=\"noopener noreferrer\" target=\"_blank\">CAMBIASS\u00da (UFMA)<\/a><\/li>\n<li><a href=\"https:\/\/revistacmc.espm.br\/revistacmc\/issue\/archive\" id=\"link-1261\" class=\"track_this_link \" rel=\"noopener noreferrer\" target=\"_blank\">CMC: COMUNICA\u00c7\u00c3O, M\u00cdDIA E CONSUMO (ESPM)<\/a><\/li>\n<li><a href=\"https:\/\/revistas.ufrj.br\/index.php\/CODEX\/search\" id=\"link-1878\" class=\"track_this_link \" rel=\"noopener noreferrer\" target=\"_blank\">CODEX &#8212; REVISTA DE ESTUDOS CL\u00c1SSICOS<\/a><\/li>\n<li><a href=\"https:\/\/www.comciencia.br\/\" id=\"link-567\" class=\"track_this_link \" rel=\"noopener noreferrer\" target=\"_blank\">COM CI\u00caNCIA &#8211; Revista eletr\u00f4nica de Jornalismo Cient\u00edfico<\/a><\/li>\n<li><a href=\"https:\/\/casperlibero.edu.br\/revista-communicare\/\" id=\"link-582\" class=\"track_this_link \" rel=\"noopener noreferrer\" target=\"_blank\">COMMUNICARE<\/a><\/li>\n<li><a href=\"https:\/\/periodicos.unifacha.edu.br\/revistacomum\" id=\"link-1880\" class=\"track_this_link \" rel=\"noopener noreferrer\" target=\"_blank\">COMUM (UNIFACHA)<\/a><\/li>\n<li><a href=\"https:\/\/www.revistas.ufg.br\/ci\" id=\"link-1262\" class=\"track_this_link \" rel=\"noopener noreferrer\" target=\"_blank\">COMUNICA\u00c7\u00c3O &#038; INFORMA\u00c7\u00c3O<\/a><\/li>\n<li><a href=\"https:\/\/seer.uscs.edu.br\/index.php\/revista_comunicacao_inovacao\/index\" id=\"link-1263\" class=\"track_this_link \" rel=\"noopener noreferrer\" target=\"_blank\">COMUNICA\u00c7\u00c3O &#038; INOVA\u00c7\u00c3O<\/a><\/li>\n<li><a href=\"https:\/\/revistas.metodista.br\/index.php\/comunicacaosociedade\" id=\"link-1315\" class=\"track_this_link \" rel=\"noopener noreferrer\" target=\"_blank\">COMUNICA\u00c7\u00c3O &#038; SOCIEDADE<\/a><\/li>\n<li><a href=\"https:\/\/www.revistas.usp.br\/comueduc\/\" id=\"link-1883\" class=\"track_this_link \" rel=\"noopener noreferrer\" target=\"_blank\">COMUNICACAO E EDUCACAO (USP)<\/a><\/li>\n<li><a href=\"https:\/\/www.aberje.com.br\/ce\/\" id=\"link-1265\" class=\"track_this_link \" rel=\"noopener noreferrer\" target=\"_blank\">COMUNICA\u00c7\u00c3O EMPRESARIAL<\/a><\/li>\n<li><a href=\"https:\/\/www.revistacomunicar.com\/index.php?idioma=pt\" id=\"link-1886\" class=\"track_this_link \" rel=\"noopener noreferrer\" target=\"_blank\">COMUNICAR<\/a><\/li>\n<li><a href=\"http:\/\/rabida.uhu.es\/dspace\/handle\/10272\/610\" id=\"link-1887\" class=\"track_this_link \" rel=\"noopener noreferrer\" target=\"_blank\">COMUNICAR: REVISTA CIENT\u00cdFICA IBEROAMERICANA DE COMUNICACI\u00d3N Y EDUCACI\u00d3N<\/a><\/li>\n<li><a href=\"https:\/\/puccampinas.emnuvens.com.br\/comunicarte\/index\" id=\"link-1888\" class=\"track_this_link \" rel=\"noopener noreferrer\" target=\"_blank\">COMUNICARTE<\/a><\/li>\n<li><a href=\"https:\/\/portalrevistas.ucb.br\/index.php\/RCEUCB\" id=\"link-1889\" class=\"track_this_link \" rel=\"noopener noreferrer\" target=\"_blank\">COMUNICOLOGIA<\/a><\/li>\n<li><a href=\"http:\/\/www.ucs.br\/etc\/revistas\/index.php\/conexao\" id=\"link-1890\" class=\"track_this_link \" rel=\"noopener noreferrer\" target=\"_blank\">CONEX\u00c3O \u2013 COMUNICA\u00c7\u00c3O E CULTURA (UCS)<\/a><\/li>\n<li><a href=\"https:\/\/revistas.unilasalle.edu.br\/index.php\/conhecimento_diversidade\" id=\"link-1267\" class=\"track_this_link \" rel=\"noopener noreferrer\" target=\"_blank\">CONHECIMENTO E DIVERSIDADE<\/a><\/li>\n<li><a href=\"https:\/\/periodicos.ufba.br\/index.php\/contemporaneaposcom\/\" id=\"link-1268\" class=\"track_this_link \" rel=\"noopener noreferrer\" target=\"_blank\">CONTEMPORANEA: REVISTA DE COMUNICA\u00c7\u00c3O E CULTURA<\/a><\/li>\n<li><a href=\"https:\/\/periodicos.uff.br\/contracampo\" id=\"link-1891\" class=\"track_this_link \" rel=\"noopener noreferrer\" target=\"_blank\">CONTRACAMPO (UFF)<\/a><\/li>\n<li><a href=\"https:\/\/periodicos.uff.br\/contracampo\" id=\"link-1892\" class=\"track_this_link \" rel=\"noopener noreferrer\" target=\"_blank\">CONTRACAMPO: BRAZILIAN JOURNAL OF COMMUNICATION<\/a><\/li>\n<li><a href=\"https:\/\/portaldeperiodicos.animaeducacao.com.br\/index.php\/Critica_Cultural\/index\" id=\"link-568\" class=\"track_this_link \" rel=\"noopener noreferrer\" target=\"_blank\">CR\u00cdTICA CULTURAL<\/a><\/li>\n<li><a href=\"https:\/\/periodicos.ufpb.br\/index.php\/cm\" id=\"link-1893\" class=\"track_this_link \" rel=\"noopener noreferrer\" target=\"_blank\">CULTURAS MIDI\u00c1TICAS<\/a><\/li>\n<li><a href=\"https:\/\/dados.iesp.uerj.br\/\" id=\"link-1894\" class=\"track_this_link \" rel=\"noopener noreferrer\" target=\"_blank\">DADOS: REVISTAS DE CI\u00caNCIAS SOCIAIS<\/a><\/li>\n<li><a href=\"http:\/\/revistas.faculdadesocial.edu.br\/index.php\/dialogospossiveis\" id=\"link-1895\" class=\"track_this_link \" rel=\"noopener noreferrer\" target=\"_blank\">DI\u00c1LOGOS POSS\u00cdVEIS<\/a><\/li>\n<li><a href=\"http:\/\/www.uel.br\/revistas\/uel\/index.php\/discursosfotograficos\/index\" id=\"link-1896\" class=\"track_this_link \" rel=\"noopener noreferrer\" target=\"_blank\">DISCURSOS FOTOGR\u00c1FICOS<\/a><\/li>\n<li><a href=\"http:\/\/periodicos.pucminas.br\/index.php\/dispositiva\" id=\"link-1897\" class=\"track_this_link \" rel=\"noopener noreferrer\" target=\"_blank\">DISPOSITIVA<\/a><\/li>\n<li><a href=\"http:\/\/revistas.unibh.br\/index.php\/ecom\/index\" id=\"link-1898\" class=\"track_this_link \" rel=\"noopener noreferrer\" target=\"_blank\">E-COM<\/a><\/li>\n<li><a href=\"https:\/\/www.e-compos.org.br\/\" id=\"link-1270\" class=\"track_this_link \" rel=\"noopener noreferrer\" target=\"_blank\">E-COMP\u00d3S<\/a><\/li>\n<li><a href=\"http:\/\/revistas.unifatea.edu.br:8081\/seer\/index.php\/eccom\" id=\"link-1269\" class=\"track_this_link \" rel=\"noopener noreferrer\" target=\"_blank\">ECCOM \u2013 EDUCA\u00c7\u00c3O, CULTURA E COMUNICA\u00c7\u00c3O<\/a><\/li>\n<li><a href=\"https:\/\/www.revistas.usp.br\/ecoa\" id=\"link-1271\" class=\"track_this_link \" rel=\"noopener noreferrer\" target=\"_blank\">ECONOMIA APLICADA<\/a><\/li>\n<li><a href=\"http:\/\/seer.ufrgs.br\/index.php\/EmQuestao\/index\" id=\"link-1899\" class=\"track_this_link \" rel=\"noopener noreferrer\" target=\"_blank\">EM QUEST\u00c3O<\/a><\/li>\n<li><a href=\"https:\/\/fatece.edu.br\/revista-empreendedorismo-volume-10\" id=\"link-1900\" class=\"track_this_link \" rel=\"noopener noreferrer\" target=\"_blank\">EMPREENDEDORISMO, GEST\u00c3O E NEG\u00d3CIOS<\/a><\/li>\n<li><a href=\"http:\/\/entremeios.com.puc-rio.br\/cgi\/cgilua.exe\/sys\/start.htm?tpl=home\" id=\"link-1901\" class=\"track_this_link \" rel=\"noopener noreferrer\" target=\"_blank\">ENTRE.MEIOS (ONLINE)<\/a><\/li>\n<li><a href=\"https:\/\/seer.ufs.br\/index.php\/eptic\/index\" id=\"link-1902\" class=\"track_this_link \" rel=\"noopener noreferrer\" target=\"_blank\">EPTIC (UFS)<\/a><\/li>\n<li><a href=\"https:\/\/www.revistas.usp.br\/ee\" id=\"link-1272\" class=\"track_this_link \" rel=\"noopener noreferrer\" target=\"_blank\">ESTUDOS ECON\u00d4MICOS<\/a><\/li>\n<li><a href=\"https:\/\/periodicos.ufsc.br\/index.php\/jornalismo\" id=\"link-569\" class=\"track_this_link \" rel=\"noopener noreferrer\" target=\"_blank\">ESTUDOS EM JORNALISMO E M\u00cdDIA<\/a><\/li>\n<li><a href=\"https:\/\/www.revistas.usp.br\/esse\" id=\"link-1903\" class=\"track_this_link \" rel=\"noopener noreferrer\" target=\"_blank\">ESTUDOS SEMI\u00d3TICOS<\/a><\/li>\n<li><a href=\"https:\/\/seer.ufrgs.br\/index.php\/fotocronografias\" id=\"link-1904\" class=\"track_this_link \" rel=\"noopener noreferrer\" target=\"_blank\">FOTOCRONOGRAFIAS<\/a><\/li>\n<li><a href=\"https:\/\/revistas.unisinos.br\/index.php\/fronteiras\" id=\"link-1906\" class=\"track_this_link \" rel=\"noopener noreferrer\" target=\"_blank\">FRONTEIRAS: ESTUDOS MIDI\u00c1TICOS<\/a><\/li>\n<li><a href=\"https:\/\/revistas.pucsp.br\/index.php\/galaxia\/index\" id=\"link-1907\" class=\"track_this_link \" rel=\"noopener noreferrer\" target=\"_blank\">GAL\u00c1XIA. REVISTA INTERDISCIPLINAR DE COMUNICA\u00c7\u00c3O E CULTURA<\/a><\/li>\n<li><a href=\"https:\/\/gjol.net\/teses-e-dissertacoes\/\" id=\"link-1909\" class=\"track_this_link \" rel=\"noopener noreferrer\" target=\"_blank\">GRUPO DE PESQUISA EM JORNALISMO ON-LINE<\/a><\/li>\n<li><a href=\"https:\/\/periodicos.ufsm.br\/gutenberg\/index\" id=\"link-1910\" class=\"track_this_link \" rel=\"noopener noreferrer\" target=\"_blank\">GUTENBERG: REVISTA DE PRODU\u00c7\u00c3O EDITORIAL<\/a><\/li>\n<li><a href=\"http:\/\/bibliotecadigital.fgv.br\/ojs\/index.php\/gvcasos\" id=\"link-1273\" class=\"track_this_link \" rel=\"noopener noreferrer\" target=\"_blank\">GVCASOS \u2013 REVISTA BRASILEIRA DE CASOS DE ENSINO EM ADMINISTRA\u00c7\u00c3O<\/a><\/li>\n<li><a href=\"https:\/\/periodicos.ufpe.br\/revistas\/icone\/index\" id=\"link-1911\" class=\"track_this_link \" rel=\"noopener noreferrer\" target=\"_blank\">\u00cdCONE (RECIFE) \u00cdCONE: REVISTA BRASILEIRA DE HIST\u00d3RIA DA ARTE<\/a><\/li>\n<li><a href=\"https:\/\/www.ijbmkt.org\/ijbmkt\" id=\"link-1912\" class=\"track_this_link \" rel=\"noopener noreferrer\" target=\"_blank\">IJBMKT: INTERNATIONAL JOURNAL OF BUSINESS &#038; MARKETING<\/a><\/li>\n<li><a href=\"https:\/\/ijoc.org\/index.php\/ijoc\/search\" id=\"link-1913\" class=\"track_this_link \" rel=\"noopener noreferrer\" target=\"_blank\">IJOC -REVISTA INTERNACIONAL DE COMUNICA\u00c7\u00c3O<\/a><\/li>\n<li><a href=\"https:\/\/www.infodesign.org.br\/infodesign\" id=\"link-1914\" class=\"track_this_link \" rel=\"noopener noreferrer\" target=\"_blank\">INFODESIGN<\/a><\/li>\n<li><a href=\"http:\/\/periodicos.ufpb.br\/ojs2\/index.php\/ies\" id=\"link-1915\" class=\"track_this_link \" rel=\"noopener noreferrer\" target=\"_blank\">INFORMA\u00c7\u00c3O &#038; SOCIEDADE: ESTUDOS<\/a><\/li>\n<li><a href=\"http:\/\/portcom.intercom.org.br\/revistas\/index.php\/iniciacom\" id=\"link-1916\" class=\"track_this_link \" rel=\"noopener noreferrer\" target=\"_blank\">INICIACOM: REVISTA BRASILEIRA DE INICIACAO CIENTIFICA EM COMUNICACAO SOCIAL<\/a><\/li>\n<li><a href=\"https:\/\/revistas.intercom.org.br\/index.php\/inovcom\" id=\"link-1917\" class=\"track_this_link \" rel=\"noopener noreferrer\" target=\"_blank\">INOVCOM &#8211; REVISTA BRASILEIRA DE INOVA\u00c7\u00c3O CIENT\u00cdFICA EM COMUNICA\u00c7\u00c3O<\/a><\/li>\n<li><a href=\"https:\/\/revistas.intercom.org.br\/index.php\/revistaintercom\" id=\"link-1147\" class=\"track_this_link \" rel=\"noopener noreferrer\" target=\"_blank\">INTERCOM: REVISTA BRASILEIRA DE CI\u00caNCIAS DA COMUNICA\u00c7\u00c3O<\/a><\/li>\n<li><a href=\"https:\/\/revistas.usp.br\/interfaces\" id=\"link-1918\" class=\"track_this_link \" rel=\"noopener noreferrer\" target=\"_blank\">INTERFACES DA COMUNICA\u00c7\u00c3O<\/a><\/li>\n<li><a href=\"https:\/\/interin.utp.br\/index.php\/i\" id=\"link-1920\" class=\"track_this_link \" rel=\"noopener noreferrer\" target=\"_blank\">INTERIN<\/a><\/li>\n<li><a href=\"https:\/\/seer.ufrgs.br\/intexto\" id=\"link-1275\" class=\"track_this_link \" rel=\"noopener noreferrer\" target=\"_blank\">INTEXTO<\/a><\/li>\n<li><a href=\"https:\/\/www.e-publicacoes.uerj.br\/index.php\/intratextos\/search\" id=\"link-1921\" class=\"track_this_link \" rel=\"noopener noreferrer\" target=\"_blank\">INTRATEXTOS<\/a><\/li>\n<li><a href=\"https:\/\/revistas.usp.br\/jistem\" id=\"link-1922\" class=\"track_this_link \" rel=\"noopener noreferrer\" target=\"_blank\">JISTEM: JOURNAL OF INFORMATION SYSTEMS AND TECHNOLOGY MANAGEMENT<\/a><\/li>\n<li><a href=\"http:\/\/www2.faac.unesp.br\/ojs\/index.php\/leiturasdojornalismo\/index\" id=\"link-570\" class=\"track_this_link \" rel=\"noopener noreferrer\" target=\"_blank\">LEITURAS DO JORNALISMO<\/a><\/li>\n<li><a href=\"https:\/\/seer.casperlibero.edu.br\/index.php\/\" id=\"link-1923\" class=\"track_this_link \" rel=\"noopener noreferrer\" target=\"_blank\">L\u00cdBERO<\/a><\/li>\n<li><a href=\"https:\/\/www.e-publicacoes.uerj.br\/index.php\/logos\" id=\"link-1276\" class=\"track_this_link \" rel=\"noopener noreferrer\" target=\"_blank\">LOGOS: COMUNICA\u00c7\u00c3O E UNIVERSIDADE<\/a><\/li>\n<li><a href=\"https:\/\/revistas.ufrj.br\/index.php\/lc\/search\" id=\"link-1924\" class=\"track_this_link \" rel=\"noopener noreferrer\" target=\"_blank\">LUGAR COMUM &#8211; ESTUDOS DE M\u00cdDIA, CULTURA E DEMOCRACIA<\/a><\/li>\n<li><a href=\"https:\/\/periodicos.ufjf.br\/index.php\/lumina\/index\" id=\"link-1277\" class=\"track_this_link \" rel=\"noopener noreferrer\" target=\"_blank\">LUMINA<\/a><\/li>\n<li><a href=\"http:\/\/www.revistas.usp.br\/matrizes\" id=\"link-1278\" class=\"track_this_link \" rel=\"noopener noreferrer\" target=\"_blank\">MATRIZES<\/a><\/li>\n<li><a href=\"https:\/\/impactum-journals.uc.pt\/mj\" id=\"link-571\" class=\"track_this_link \" rel=\"noopener noreferrer\" target=\"_blank\">MEDIA E JORNALISMO<\/a><\/li>\n<li><a href=\"http:\/\/revista.fumec.br\/index.php\/mediacao\" id=\"link-1925\" class=\"track_this_link \" rel=\"noopener noreferrer\" target=\"_blank\">MEDIA\u00c7\u00c3O<\/a><\/li>\n<li><a href=\"https:\/\/periodicos.uff.br\/midiaecotidiano\/index\" id=\"link-1279\" class=\"track_this_link \" rel=\"noopener noreferrer\" target=\"_blank\">M\u00cdDIA E COTIDIANO<\/a><\/li>\n<li><a href=\"https:\/\/www.mundodomarketing.com.br\/\" id=\"link-1281\" class=\"track_this_link \" rel=\"noopener noreferrer\" target=\"_blank\">MUNDO DO MARKETING DIGITAL<\/a><\/li>\n<li><a href=\"https:\/\/revistanarratio.emnuvens.com.br\/narratio\/about\" id=\"link-1926\" class=\"track_this_link \" rel=\"noopener noreferrer\" target=\"_blank\">NARRATIO \u2013 ESTUDOS DE COMUNICA\u00c7\u00c3O, LINGUAGENS E M\u00cdDIAS<\/a><\/li>\n<li><a href=\"https:\/\/www.scielo.br\/j\/nec\/\" id=\"link-1927\" class=\"track_this_link \" rel=\"noopener noreferrer\" target=\"_blank\">NOVOS ESTUDOS<\/a><\/li>\n<li><a href=\"https:\/\/www.revistas.usp.br\/novosolhares\/index\" id=\"link-1283\" class=\"track_this_link \" rel=\"noopener noreferrer\" target=\"_blank\">NOVOS OLHARES<\/a><\/li>\n<li><a href=\"http:\/\/www.scielo.br\/scielo.php?script=sci_serial&#038;pid=0104-6276&#038;lng=en&#038;nrm=iso\" id=\"link-1928\" class=\"track_this_link \" rel=\"noopener noreferrer\" target=\"_blank\">OPINI\u00c3O P\u00daBLICA<\/a><\/li>\n<li><a href=\"https:\/\/www.revistas.usp.br\/organicom\/index\" id=\"link-1284\" class=\"track_this_link \" rel=\"noopener noreferrer\" target=\"_blank\">ORGANICOM<\/a><\/li>\n<li><a href=\"https:\/\/revistas.ufrj.br\/index.php\/ph\/search\" id=\"link-1929\" class=\"track_this_link \" rel=\"noopener noreferrer\" target=\"_blank\">PAISAGENS H\u00cdBRIDAS<\/a><\/li>\n<li><a href=\"http:\/\/seer.pucgoias.edu.br\/index.php\/panorama\/index\" id=\"link-1930\" class=\"track_this_link \" rel=\"noopener noreferrer\" target=\"_blank\">PANORAMA: REVISTA CIENT\u00cdFICA DE COMUNICA\u00c7\u00c3O SOCIAL<\/a><\/li>\n<li><a href=\"https:\/\/revistaseletronicas.fiamfaam.br\/index.php\/recicofi\" id=\"link-1931\" class=\"track_this_link \" rel=\"noopener noreferrer\" target=\"_blank\">PAR\u00c1GRAFO<\/a><\/li>\n<li><a href=\"https:\/\/fapcom.edu.br\/revista\/index.php\/revista-paulus\/index\" id=\"link-1932\" class=\"track_this_link \" rel=\"noopener noreferrer\" target=\"_blank\">PAULUS \u2013 REVISTA DE COMUNICA\u00c7\u00c3O DA FAPCOM<\/a><\/li>\n<li><a href=\"https:\/\/revistas.uepg.br\/index.php\/pauta\/index\" id=\"link-573\" class=\"track_this_link \" rel=\"noopener noreferrer\" target=\"_blank\">PAUTA GERAL &#8211; ESTUDOS EM JORNALISMO<\/a><\/li>\n<li><a href=\"https:\/\/pjbr.eca.usp.br\/arquivos\/indice15.htm\" id=\"link-574\" class=\"track_this_link \" rel=\"noopener noreferrer\" target=\"_blank\">PJ:BR &#8211; REVISTA DO JORNALISMO BRASILEIRO<\/a><\/li>\n<li><a href=\"https:\/\/revistas.ufrj.br\/index.php\/policromias\/index\" id=\"link-1933\" class=\"track_this_link \" rel=\"noopener noreferrer\" target=\"_blank\">POLICROMIAS  &#8211; REVISTA DE ESTUDOS DO DISCURSO, IMAGEM E SOM<\/a><\/li>\n<li><a href=\"https:\/\/periodicoscientificos.ufmt.br\/ojs\/index.php\/polifonia\" id=\"link-1934\" class=\"track_this_link \" rel=\"noopener noreferrer\" target=\"_blank\">POLIFONIA &#8211; ESTUDOS DA LINGUAGEM<\/a><\/li>\n<li><a href=\"https:\/\/seer.sis.puc-campinas.edu.br\/pos-limiar\" id=\"link-1935\" class=\"track_this_link \" rel=\"noopener noreferrer\" target=\"_blank\">P\u00d3S-LIMIAR<\/a><\/li>\n<li><a href=\"http:\/\/revistas.unisinos.br\/index.php\/questoes\/index\" id=\"link-1936\" class=\"track_this_link \" rel=\"noopener noreferrer\" target=\"_blank\">QUEST\u00d5ES TRANSVERSAIS \u2013 REVISTA DE EPISTEMOLOGIAS DA COMUNICA\u00c7\u00c3O<\/a><\/li>\n<li><a href=\"https:\/\/rac.anpad.org.br\/index.php\/rac\" id=\"link-1182\" class=\"track_this_link \" rel=\"noopener noreferrer\" target=\"_blank\">RAC \u2013 REVISTA DE ADMINISTRA\u00c7\u00c3O CONTEMPOR\u00c2NEA<\/a><\/li>\n<li><a href=\"https:\/\/periodicos.ufop.br\/radiofonias\/\" id=\"link-1937\" class=\"track_this_link \" rel=\"noopener noreferrer\" target=\"_blank\">RADIOFONIAS \u2013 REVISTA DE ESTUDOS EM M\u00cdDIA SONORA<\/a><\/li>\n<li><a href=\"https:\/\/rae.fgv.br\/\" id=\"link-1183\" class=\"track_this_link \" rel=\"noopener noreferrer\" target=\"_blank\">RAE \u2013 REVISTA DE ADMINISTRA\u00c7\u00c3O DE EMPRESAS<\/a><\/li>\n<li><a href=\"https:\/\/revistas.fw.uri.br\/index.php\/raep\" id=\"link-1285\" class=\"track_this_link \" rel=\"noopener noreferrer\" target=\"_blank\">RAEP \u2013 REVISTA DE ADMINISTRA\u00c7\u00c3O, ENSINO E PESQUISA<\/a><\/li>\n<li><a href=\"https:\/\/www.revistas.usp.br\/rai\" id=\"link-1184\" class=\"track_this_link \" rel=\"noopener noreferrer\" target=\"_blank\">RAI \u2013 REVISTA DE ADMINISTRA\u00c7\u00c3O E INOVA\u00c7\u00c3O<\/a><\/li>\n<li><a href=\"http:\/\/rebej.abejor.org.br\/index.php\/rebej\/search\/search\" id=\"link-575\" class=\"track_this_link \" rel=\"noopener noreferrer\" target=\"_blank\">REBEJ &#8211; Revista Brasileira de ensino de Jornalismo<\/a><\/li>\n<li><a href=\"https:\/\/recriai.emnuvens.com.br\/revista\" id=\"link-1939\" class=\"track_this_link \" rel=\"noopener noreferrer\" target=\"_blank\">RECRIAI: REVISTA IBERO-AMERICANA DE CRIATIVIDADE E INOVA\u00c7\u00c3O<\/a><\/li>\n<li><a href=\"https:\/\/revistas.udc.es\/index.php\/REDMARKA\/index\" id=\"link-1940\" class=\"track_this_link \" rel=\"noopener noreferrer\" target=\"_blank\">REDMARKA \u2013 REVISTA DE MARKETING APLICADO<\/a><\/li>\n<li><a href=\"http:\/\/www.revistabrasileiramarketing.org\/ojs-2.2.4\/index.php\/remark\/index\" id=\"link-1941\" class=\"track_this_link \" rel=\"noopener noreferrer\" target=\"_blank\">REMARK &#8211; REVISTA BRASILEIRA DE MARKETING<\/a><\/li>\n<li><a href=\"http:\/\/www.revistas.usp.br\/alterjor\" id=\"link-1287\" class=\"track_this_link \" rel=\"noopener noreferrer\" target=\"_blank\">REVISTA ALTERJOR (USP)<\/a><\/li>\n<li><a href=\"https:\/\/revistas.uneb.br\/index.php\/babel\/index\" id=\"link-1151\" class=\"track_this_link \" rel=\"noopener noreferrer\" target=\"_blank\">REVISTA BABEL<\/a><\/li>\n<li><a href=\"https:\/\/rbeg.net\/index.php\/rbeg\/issue\/archive\" id=\"link-1942\" class=\"track_this_link \" rel=\"noopener noreferrer\" target=\"_blank\">REVISTA BRASILEIRA DE EXPRESS\u00c3O GR\u00c1FICA<\/a><\/li>\n<li><a href=\"https:\/\/revistas.ufpi.br\/index.php\/rbhm\/index\" id=\"link-1288\" class=\"track_this_link \" rel=\"noopener noreferrer\" target=\"_blank\">REVISTA BRASILEIRA DE HIST\u00d3RIA DA M\u00cdDIA<\/a><\/li>\n<li><a href=\"http:\/\/www.scielo.br\/scielo.php?script=sci_serial&#038;pid=1984-6398&#038;lng=pt&#038;nrm=iso\" id=\"link-1944\" class=\"track_this_link \" rel=\"noopener noreferrer\" target=\"_blank\">REVISTA BRASILEIRA DE LINGU\u00cdSTICA APLICADA<\/a><\/li>\n<li><a href=\"https:\/\/periodicos.unifesp.br\/index.php\/rbvl\" id=\"link-1945\" class=\"track_this_link \" rel=\"noopener noreferrer\" target=\"_blank\">REVISTA BRASILEIRA DE V\u00cdDEO-REGISTROS EM LIBRAS<\/a><\/li>\n<li><a href=\"http:\/\/compolitica.org\/revista\/index.php\/revista\" id=\"link-1946\" class=\"track_this_link \" rel=\"noopener noreferrer\" target=\"_blank\">REVISTA COMPOL\u00cdTICA<\/a><\/li>\n<li><a href=\"https:\/\/www2.faac.unesp.br\/comunicacaomidiatica\/index.php\/CM\/index\" id=\"link-1289\" class=\"track_this_link \" rel=\"noopener noreferrer\" target=\"_blank\">REVISTA COMUNICA\u00c7\u00c3O MIDI\u00c1TICA<\/a><\/li>\n<li><a href=\"https:\/\/www2.faac.unesp.br\/comunicacaomidiatica\/index.php\/CM\/index\" id=\"link-1947\" class=\"track_this_link \" rel=\"noopener noreferrer\" target=\"_blank\">REVISTA COMUNICA\u00c7\u00c3O MIDI\u00c1TICA<\/a><\/li>\n<li><a href=\"https:\/\/periodicos.unemat.br\/index.php\/ccs\/index\" id=\"link-1948\" class=\"track_this_link \" rel=\"noopener noreferrer\" target=\"_blank\">REVISTA COMUNICA\u00c7\u00c3O, CULTURA E SOCIEDADE<\/a><\/li>\n<li><a href=\"https:\/\/www.revistas.usp.br\/ra\" id=\"link-1152\" class=\"track_this_link \" rel=\"noopener noreferrer\" target=\"_blank\">REVISTA DE ANTROPOLOGIA<\/a><\/li>\n<li><a href=\"https:\/\/periodicos.unb.br\/index.php\/design-tecnologia-sociedade\" id=\"link-1291\" class=\"track_this_link \" rel=\"noopener noreferrer\" target=\"_blank\">REVISTA DE DESIGN, TECNOLOGIA E SOCIEDADE<\/a><\/li>\n<li><a href=\"https:\/\/www.revistas.unijui.edu.br\/index.php\/direitoshumanosedemocracia\" id=\"link-1153\" class=\"track_this_link \" rel=\"noopener noreferrer\" target=\"_blank\">REVISTA DE DIREITOS HUMANOS E DEMOCRACIA<\/a><\/li>\n<li><a href=\"https:\/\/revistas.pucsp.br\/index.php\/estudoslinguaportuguesa\" id=\"link-1949\" class=\"track_this_link \" rel=\"noopener noreferrer\" target=\"_blank\">REVISTA DE ESTUDOS DA L\u00cdNGUA PORTUGUESA<\/a><\/li>\n<li><a href=\"http:\/\/periodicos.uniso.br\/ojs\/index.php\/reu\/\" id=\"link-1950\" class=\"track_this_link \" rel=\"noopener noreferrer\" target=\"_blank\">REVISTA DE ESTUDOS UNIVERSIT\u00c1RIOS<\/a><\/li>\n<li><a href=\"https:\/\/www3.ufrb.edu.br\/seer\/index.php\/griot\/\" id=\"link-1951\" class=\"track_this_link \" rel=\"noopener noreferrer\" target=\"_blank\">REVISTA DE FILOSOFIA<\/a><\/li>\n<li><a href=\"https:\/\/revistagesec.org.br\/gesec\" id=\"link-1952\" class=\"track_this_link \" rel=\"noopener noreferrer\" target=\"_blank\">REVISTA DE GEST\u00c3O E SECRETARIADO<\/a><\/li>\n<li><a href=\"https:\/\/www.espm.br\/bibliotecas-espm\/revista-de-jornalismo-espm\/\" id=\"link-1953\" class=\"track_this_link \" rel=\"noopener noreferrer\" target=\"_blank\">REVISTA DE JORNALISMO ESPM<\/a><\/li>\n<li><a href=\"https:\/\/revistas.ufpr.br\/rsp\" id=\"link-1155\" class=\"track_this_link \" rel=\"noopener noreferrer\" target=\"_blank\">REVISTA DE SOCIOLOGIA E POL\u00cdTICA<\/a><\/li>\n<li><a href=\"http:\/\/periodicos.pucminas.br\/index.php\/dispositiva\/search\/search\" id=\"link-1954\" class=\"track_this_link \" rel=\"noopener noreferrer\" target=\"_blank\">REVISTA DISPOSITIVA<\/a><\/li>\n<li><a href=\"https:\/\/revistaecopos.eco.ufrj.br\/eco_pos\" id=\"link-1296\" class=\"track_this_link \" rel=\"noopener noreferrer\" target=\"_blank\">REVISTA ECO-P\u00d3S<\/a><\/li>\n<li><a href=\"https:\/\/periodicos.fclar.unesp.br\/entrelinguas\" id=\"link-1158\" class=\"track_this_link \" rel=\"noopener noreferrer\" target=\"_blank\">REVISTA ENTREL\u00cdNGUAS<\/a><\/li>\n<li><a href=\"http:\/\/redc.revistas.csic.es\/index.php\/redc\/issue\/view\/102\" id=\"link-1955\" class=\"track_this_link \" rel=\"noopener noreferrer\" target=\"_blank\">REVISTA ESPA\u00d1OLA DE DOCUMENTACI\u00d3N CIENT\u00cdFICA<\/a><\/li>\n<li><a href=\"https:\/\/ufrb.edu.br\/revistaextensao\/\" id=\"link-1956\" class=\"track_this_link \" rel=\"noopener noreferrer\" target=\"_blank\">REVISTA EXTENS\u00c3O<\/a><\/li>\n<li><a href=\"https:\/\/www.revistas.usp.br\/extraprensa\" id=\"link-1957\" class=\"track_this_link \" rel=\"noopener noreferrer\" target=\"_blank\">REVISTA EXTRAPRENSA<\/a><\/li>\n<li><a href=\"https:\/\/revistaseletronicas.pucrs.br\/ojs\/index.php\/revistafamecos\/index\" id=\"link-1300\" class=\"track_this_link \" rel=\"noopener noreferrer\" target=\"_blank\">REVISTA FAMECOS<\/a><\/li>\n<li><a href=\"https:\/\/www.revistageminis.ufscar.br\/index.php\/geminis\" id=\"link-1958\" class=\"track_this_link \" rel=\"noopener noreferrer\" target=\"_blank\">REVISTA GEMINIS<\/a><\/li>\n<li><a href=\"https:\/\/periodicos.uninove.br\/riae\" id=\"link-1959\" class=\"track_this_link \" rel=\"noopener noreferrer\" target=\"_blank\">REVISTA IBERO-AMERICANA DE ESTRAT\u00c9GIA<\/a><\/li>\n<li><a href=\"https:\/\/www.revistas.uepg.br\/index.php\/folkcom\" id=\"link-1302\" class=\"track_this_link \" rel=\"noopener noreferrer\" target=\"_blank\">REVISTA INTERNACIONAL DE FOLKCOMUNICA\u00c7\u00c3O<\/a><\/li>\n<li><a href=\"https:\/\/www.scielo.br\/j\/rk\/\" id=\"link-1960\" class=\"track_this_link \" rel=\"noopener noreferrer\" target=\"_blank\">REVISTA KAT\u00c1LYSIS<\/a><\/li>\n<li><a href=\"https:\/\/revista.pubalaic.org\/index.php\/alaic\" id=\"link-1961\" class=\"track_this_link \" rel=\"noopener noreferrer\" target=\"_blank\">REVISTA LATINOAMERICANA DE CIENCIAS DE LA COMUNICACI\u00d3N<\/a><\/li>\n<li><a href=\"https:\/\/revistas.ufpr.br\/letras\" id=\"link-1164\" class=\"track_this_link \" rel=\"noopener noreferrer\" target=\"_blank\">REVISTA LETRAS<\/a><\/li>\n<li><a href=\"https:\/\/sites.google.com\/site\/revimovi\" id=\"link-1962\" class=\"track_this_link \" rel=\"noopener noreferrer\" target=\"_blank\">REVISTA MOVIMENTO (ECA-USP)<\/a><\/li>\n<li><a href=\"https:\/\/sistemas.uft.edu.br\/periodicos\/index.php\/observatorio\/index\" id=\"link-1963\" class=\"track_this_link \" rel=\"noopener noreferrer\" target=\"_blank\">REVISTA OBSERVAT\u00d3RIO<\/a><\/li>\n<li><a href=\"http:\/\/www.seer.ufu.br\/index.php\/paradoxos\" id=\"link-1964\" class=\"track_this_link \" rel=\"noopener noreferrer\" target=\"_blank\">REVISTA PARADOXOS<\/a><\/li>\n<li><a href=\"http:\/\/periodicos.ufc.br\/passagens\" id=\"link-1965\" class=\"track_this_link \" rel=\"noopener noreferrer\" target=\"_blank\">REVISTA PASSAGENS: REVISTA DO PROGRAMA DE P\u00d3S-GRADUA\u00c7\u00c3O EM COMUNICA\u00c7\u00c3O UFC<\/a><\/li>\n<li><a href=\"https:\/\/revista.uemg.br\/index.php\/sciasls\" id=\"link-1966\" class=\"track_this_link \" rel=\"noopener noreferrer\" target=\"_blank\">REVISTA SCIAS L\u00cdNGUA DE SINAIS<\/a><\/li>\n<li><a href=\"https:\/\/www.revistasuninter.com\/revistacomunicacao\/index.php\/revista\" id=\"link-1967\" class=\"track_this_link \" rel=\"noopener noreferrer\" target=\"_blank\">REVISTA UNINTER DE COMUNICA\u00c7\u00c3O<\/a><\/li>\n<li><a href=\"https:\/\/periodicos.unb.br\/index.php\/RICI\/index\" id=\"link-1305\" class=\"track_this_link \" rel=\"noopener noreferrer\" target=\"_blank\">RICI: REVISTA IBERO-AMERICANA DE CI\u00caNCIA DA INFORMA\u00c7\u00c3O<\/a><\/li>\n<li><a href=\"https:\/\/online.unisc.br\/seer\/index.php\/rizoma\" id=\"link-1306\" class=\"track_this_link \" rel=\"noopener noreferrer\" target=\"_blank\">RIZOMA<\/a><\/li>\n<li><a href=\"http:\/\/www.revistas.usp.br\/Rumores\" id=\"link-1307\" class=\"track_this_link \" rel=\"noopener noreferrer\" target=\"_blank\">RUMORES (USP)<\/a><\/li>\n<li><a href=\"https:\/\/revistas.usp.br\/significacao\" id=\"link-1968\" class=\"track_this_link \" rel=\"noopener noreferrer\" target=\"_blank\">SIGNIFICA\u00c7\u00c3O: REVISTA DE CULTURA AUDIOVISUAL<\/a><\/li>\n<li><a href=\"https:\/\/www.revistas.usp.br\/signosdoconsumo\" id=\"link-1195\" class=\"track_this_link \" rel=\"noopener noreferrer\" target=\"_blank\">SIGNOS DO CONSUMO<\/a><\/li>\n<li><a href=\"http:\/\/www.surlejournalisme.kinghost.net\/rev\/index.php\/slj\/index\" id=\"link-1970\" class=\"track_this_link \" rel=\"noopener noreferrer\" target=\"_blank\">SUR LE JOURNALISME, ABOUT JOURNALISM, SOBRE JORNALISMO<\/a><\/li>\n<li><a href=\"https:\/\/periodicos.ufpb.br\/ojs2\/index.php\/tematica\" id=\"link-1972\" class=\"track_this_link \" rel=\"noopener noreferrer\" target=\"_blank\">TEM\u00c1TICA<\/a><\/li>\n<li><a href=\"http:\/\/www.periodicos.letras.ufmg.br\/index.php\/textolivre\/search\" id=\"link-1973\" class=\"track_this_link \" rel=\"noopener noreferrer\" target=\"_blank\">TEXTO LIVRE: LINGUAGEM E TECNOLOGIA<\/a><\/li>\n<li><a href=\"https:\/\/www.sciencedirect.com\/journal\/thinking-skills-and-creativity\" id=\"link-1974\" class=\"track_this_link \" rel=\"noopener noreferrer\" target=\"_blank\">THINKING SKILLS AND CRATIVITY<\/a><\/li>\n<li><a href=\"http:\/\/www.scielo.br\/scielo.php?script=sci_serial&#038;pid=0103-1813&#038;lng=pt&#038;nrm=iso\" id=\"link-1975\" class=\"track_this_link \" rel=\"noopener noreferrer\" target=\"_blank\">TRABALHOS EM LINGU\u00cdSTICA APLICADA<\/a><\/li>\n<li><a href=\"https:\/\/estacio.periodicoscientificos.com.br\/index.php\/trama\" id=\"link-1976\" class=\"track_this_link \" rel=\"noopener noreferrer\" target=\"_blank\">TRAMA: IND\u00daSTRIA CRIATIVA EM REVISTA<\/a><\/li>\n<li><a href=\"http:\/\/periodicos.puc-campinas.edu.br\/seer\/index.php\/transinfo\/index\" id=\"link-1977\" class=\"track_this_link \" rel=\"noopener noreferrer\" target=\"_blank\">TRANSINFORMA\u00c7\u00c3O<\/a><\/li>\n<li><a href=\"http:\/\/periodicos.uniso.br\/ojs\/index.php\/triade\" id=\"link-1309\" class=\"track_this_link \" rel=\"noopener noreferrer\" target=\"_blank\">TR\u00cdADE: COMUNICA\u00c7\u00c3O, CULTURA E M\u00cdDIA<\/a><\/li>\n<li><a href=\"https:\/\/periodicos.ufjf.br\/index.php\/veredas\/index\" id=\"link-1978\" class=\"track_this_link \" rel=\"noopener noreferrer\" target=\"_blank\">VEREDAS &#8211; REVISTA DE ESTUDOS LINGU\u00cdSTICOS<\/a><\/li>\n<li><a href=\"http:\/\/revistas.unisinos.br\/index.php\/versoereverso\/index\" id=\"link-1979\" class=\"track_this_link \" rel=\"noopener noreferrer\" target=\"_blank\">VERSO E REVERSO: REVISTA DA COMUNICA\u00c7\u00c3O<\/a><\/li>\n<li><a href=\"https:\/\/periodicos.univali.br\/index.php\/vd\/index\" id=\"link-1312\" class=\"track_this_link \" rel=\"noopener noreferrer\" target=\"_blank\">VOZES E DI\u00c1LOGO (UNIVALI)<\/a><\/li>\n<li><a href=\"https:\/\/periodicos.ufjf.br\/index.php\/zanzala\" id=\"link-1980\" class=\"track_this_link \" rel=\"noopener noreferrer\" target=\"_blank\">ZANZAL\u00c1 \u2013 REVISTA BRASILEIRA DE ESTUDOS SOBRE G\u00caNEROS CINEMATOGR\u00c1FICOS E AUDIOVISUAIS<\/a><\/li>\n\t<\/ul>\n<\/div><!-- Div End Category -->\n<script type='text\/javascript'>\njQuery(document).ready(function()\n{\njQuery('.arrow-up').hide();\njQuery('#linklist1 a.track_this_link').click(function() {\nlinkid = this.id;\nlinkid = linkid.substring(5);\npath = '';\njQuery.ajax( {    type: 'POST',    url: 'https:\/\/biblioteca.facha.edu.br\/wp-admin\/admin-ajax.php',     data: { action: 'link_library_tracker',             _ajax_nonce: 'fdb11dcf2a',             id:linkid, xpath:path }     });\nreturn true;\n});\njQuery('#linklist1 .expandlinks').click(function() {\ntarget = '.' + jQuery(this).attr('id');\nsubcattarget = '.' + jQuery(this).attr('data-subcat');\nif ( jQuery( target ).is(':visible') ) {\njQuery(target).slideUp();\njQuery(subcattarget).slideToggle();\njQuery(this).children('img').attr('src', 'https:\/\/biblioteca.facha.edu.br\/wp-content\/plugins\/link-library\/icons\/expand-32.png');\n} else {\njQuery(target).slideDown();\njQuery(subcattarget).slideToggle();\njQuery(this).children('img').attr('src', 'https:\/\/biblioteca.facha.edu.br\/wp-content\/plugins\/link-library\/icons\/collapse-32.png');\n}\n});\njQuery('#linklist1 .linklistcatclass').click(function() {\njQuery(this).siblings('.expandlinks').click();\n});\njQuery('#linklist1 .linklistcatnamedesc').click(function() {\njQuery(this).siblings('.expandlinks').click();\n});\n});\n<\/script>\n<\/div><!-- Div Linklist -->\n<!-- End of Link Library Output -->\n\n\n","protected":false},"excerpt":{"rendered":"","protected":false},"author":2,"featured_media":0,"parent":74,"menu_order":0,"comment_status":"closed","ping_status":"closed","template":"","meta":{"footnotes":""},"class_list":["post-874","page","type-page","status-publish","hentry"],"_links":{"self":[{"href":"https:\/\/biblioteca.facha.edu.br\/index.php\/wp-json\/wp\/v2\/pages\/874","targetHints":{"allow":["GET"]}}],"collection":[{"href":"https:\/\/biblioteca.facha.edu.br\/index.php\/wp-json\/wp\/v2\/pages"}],"about":[{"href":"https:\/\/biblioteca.facha.edu.br\/index.php\/wp-json\/wp\/v2\/types\/page"}],"author":[{"embeddable":true,"href":"https:\/\/biblioteca.facha.edu.br\/index.php\/wp-json\/wp\/v2\/users\/2"}],"replies":[{"embeddable":true,"href":"https:\/\/biblioteca.facha.edu.br\/index.php\/wp-json\/wp\/v2\/comments?post=874"}],"version-history":[{"count":5,"href":"https:\/\/biblioteca.facha.edu.br\/index.php\/wp-json\/wp\/v2\/pages\/874\/revisions"}],"predecessor-version":[{"id":2030,"href":"https:\/\/biblioteca.facha.edu.br\/index.php\/wp-json\/wp\/v2\/pages\/874\/revisions\/2030"}],"up":[{"embeddable":true,"href":"https:\/\/biblioteca.facha.edu.br\/index.php\/wp-json\/wp\/v2\/pages\/74"}],"wp:attachment":[{"href":"https:\/\/biblioteca.facha.edu.br\/index.php\/wp-json\/wp\/v2\/media?parent=874"}],"curies":[{"name":"wp","href":"https:\/\/api.w.org\/{rel}","templated":true}]}}