{"id":74,"date":"2021-06-11T12:14:47","date_gmt":"2021-06-11T15:14:47","guid":{"rendered":"https:\/\/biblioteca2.facha.edu.br\/?page_id=74"},"modified":"2025-08-06T15:04:07","modified_gmt":"2025-08-06T18:04:07","slug":"periodicos","status":"publish","type":"page","link":"https:\/\/biblioteca.facha.edu.br\/index.php\/periodicos\/","title":{"rendered":"Peri\u00f3dicos"},"content":{"rendered":"\n<!-- Beginning of Link Library Output --><div id='linklist1' class='linklist'><!-- Div Linklist -->\n<div class=\"LinkLibraryCat LinkLibraryCat18 level0\"><!-- Div Category --><div id=\"periodicos-on-line-administracao\"><!-- Div Category Name --><div class=\"linklistcatname\"><!-- Div Cat Name --><span class=\"linklistcatclass\">Peri\u00f3dicos On Line - Administra\u00e7\u00e3o<\/span><\/div><!-- DivOrHeader --><\/div><!-- Div Category Name -->\n\t<ul>\n<li><a href=\"http:\/\/revistaadmmade.estacio.br\/index.php\/admmade\/index\" id=\"link-809\" class=\"track_this_link \" rel=\"noopener noreferrer\" target=\"_blank\">ADM.MADE<\/a><\/li>\n<li><a href=\"http:\/\/revista.unicuritiba.edu.br\/index.php\/admrevista\/index\" id=\"link-810\" class=\"track_this_link \" rel=\"noopener noreferrer\" target=\"_blank\">ADMINISTRA\u00c7\u00c3O DE EMPRESAS EM REVISTA<\/a><\/li>\n<li><a href=\"https:\/\/journals.sagepub.com\/home\/aas\" id=\"link-811\" class=\"track_this_link \" rel=\"noopener noreferrer\" target=\"_blank\">ADMINISTRATION AND SOCIETY<\/a><\/li>\n<li><a href=\"https:\/\/periodicos.ufpb.br\/index.php\/arf\" id=\"link-1145\" class=\"track_this_link \" rel=\"noopener noreferrer\" target=\"_blank\">ALFKLARUNG &#8211; REVISTA DE FILOSOFIA<\/a><\/li>\n<li><a href=\"https:\/\/thescipub.com\/ajeba\" id=\"link-812\" class=\"track_this_link \" rel=\"noopener noreferrer\" target=\"_blank\">AMERICAN JOURNAL OF ECONOMICS AND BUSINESS ADMINISTRATION<\/a><\/li>\n<li><a href=\"https:\/\/periodicos.ufv.br\/apgs\/\" id=\"link-813\" class=\"track_this_link \" rel=\"noopener noreferrer\" target=\"_blank\">APGS &#8211; ADMINISTRA\u00c7\u00c3O P\u00daBLICA E GEST\u00c3O SOCIAL<\/a><\/li>\n<li><a href=\"https:\/\/www.revista.ueg.br\/index.php\/atatot\/index\" id=\"link-1146\" class=\"track_this_link \" rel=\"noopener noreferrer\" target=\"_blank\">AT\u00c2T\u00d4 &#8211; REVISTA INTERDICIPLINAR DE DIREITOS HUMANOS<\/a><\/li>\n<li><a href=\"https:\/\/bar.anpad.org.br\/index.php\/bar\" id=\"link-814\" class=\"track_this_link \" rel=\"noopener noreferrer\" target=\"_blank\">BAR &#8211; ADMINISTRATION REVIEW<\/a><\/li>\n<li><a href=\"http:\/\/revistas.unisinos.br\/index.php\/base\" id=\"link-815\" class=\"track_this_link \" rel=\"noopener noreferrer\" target=\"_blank\">BASE<\/a><\/li>\n<li><a href=\"https:\/\/biblioteca.ibge.gov.br\/biblioteca-catalogo?id=72&#038;view=detalhes\" id=\"link-979\" class=\"track_this_link \" rel=\"noopener noreferrer\" target=\"_blank\">BRASIL EM NUMEROS<\/a><\/li>\n<li><a href=\"https:\/\/periodicos.uem.br\/ojs\/index.php\/CadAdm\/index\" id=\"link-816\" class=\"track_this_link \" rel=\"noopener noreferrer\" target=\"_blank\">CADERNO DE ADMINISTRA\u00c7\u00c3O (UEM)<\/a><\/li>\n<li><a href=\"https:\/\/www.revistas.usp.br\/cest\" id=\"link-817\" class=\"track_this_link \" rel=\"noopener noreferrer\" target=\"_blank\">CADERNO DE ESTUDO<\/a><\/li>\n<li><a href=\"https:\/\/www.cadernomarketingunimep.com.br\/ojs\/index.php\/cadprofmkt\" id=\"link-818\" class=\"track_this_link \" rel=\"noopener noreferrer\" target=\"_blank\">CPMARK: REVISTA CADERNO PROFISSIONAL DE MARKETING (UNIMEP)<\/a><\/li>\n<li><a href=\"https:\/\/www.revistas.usp.br\/ecoa\" id=\"link-820\" class=\"track_this_link \" rel=\"noopener noreferrer\" target=\"_blank\">ECONOMIA APLICADA<\/a><\/li>\n<li><a href=\"https:\/\/empreendedor.com.br\/\" id=\"link-980\" class=\"track_this_link \" rel=\"noopener noreferrer\" target=\"_blank\">EMPREENDEDOR<\/a><\/li>\n<li><a href=\"https:\/\/fatece.edu.br\/revista-empreendedorismo\" id=\"link-981\" class=\"track_this_link \" rel=\"noopener noreferrer\" target=\"_blank\">EMPREENDEDORISMO, GEST\u00c3O E NEG\u00d3CIOS \u2013 FATECE<\/a><\/li>\n<li><a href=\"https:\/\/www.revistas.usp.br\/ee\" id=\"link-821\" class=\"track_this_link \" rel=\"noopener noreferrer\" target=\"_blank\">ESTUDOS ECON\u00d4MICOS<\/a><\/li>\n<li><a href=\"http:\/\/revista.fumec.br\/index.php\/facesp\/index\" id=\"link-822\" class=\"track_this_link \" rel=\"noopener noreferrer\" target=\"_blank\">FACES: REVISTA DE ADMINISTRA\u00c7\u00c3O<\/a><\/li>\n<li><a href=\"http:\/\/bibliotecadigital.fgv.br\/ojs\/index.php\/gvcasos\" id=\"link-823\" class=\"track_this_link \" rel=\"noopener noreferrer\" target=\"_blank\">GVCASOS &#8211; REVISTA BRASILEIRA DE CASOS DE ENSINO EM ADMINISTRA\u00c7\u00c3O<\/a><\/li>\n<li><a href=\"https:\/\/revistas.intercom.org.br\/index.php\/revistaintercom\" id=\"link-1147\" class=\"track_this_link \" rel=\"noopener noreferrer\" target=\"_blank\">INTERCOM: REVISTA BRASILEIRA DE CI\u00caNCIAS DA COMUNICA\u00c7\u00c3O<\/a><\/li>\n<li><a href=\"https:\/\/www.revistas.usp.br\/matrizes\" id=\"link-825\" class=\"track_this_link \" rel=\"noopener noreferrer\" target=\"_blank\">MATRIZES<\/a><\/li>\n<li><a href=\"http:\/\/revista.fumec.br\/index.php\/mediacao\" id=\"link-826\" class=\"track_this_link \" rel=\"noopener noreferrer\" target=\"_blank\">MEDIA\u00c7\u00c3O<\/a><\/li>\n<li><a href=\"https:\/\/www.mundodomarketing.com.br\/\" id=\"link-754\" class=\"track_this_link \" rel=\"noopener noreferrer\" target=\"_blank\">MUNDO DO MARKETING &#8211; DIGITAL<\/a><\/li>\n<li><a href=\"https:\/\/periodicos.univali.br\/index.php\/nej\/index\" id=\"link-1148\" class=\"track_this_link \" rel=\"noopener noreferrer\" target=\"_blank\">NOVOS ESTUDOS JUR\u00cdDICOS<\/a><\/li>\n<li><a href=\"https:\/\/revistapmkt.com.br\/pt_br\/publicacoes\/\" id=\"link-828\" class=\"track_this_link \" rel=\"noopener noreferrer\" target=\"_blank\">PMKT &#8211; REVISTA BRASILEIRA DE PESQUISAS DE MARKETING, OPINI\u00c3O E M\u00cdDIA<\/a><\/li>\n<li><a href=\"https:\/\/rac.anpad.org.br\/index.php\/rac\" id=\"link-829\" class=\"track_this_link \" rel=\"noopener noreferrer\" target=\"_blank\">RAC &#8211; REVISTA DE ADMINISTRA\u00c7\u00c3O CONTEMPOR\u00c2NEA<\/a><\/li>\n<li><a href=\"https:\/\/rae.fgv.br\/\" id=\"link-1183\" class=\"track_this_link \" rel=\"noopener noreferrer\" target=\"_blank\">RAE \u2013 REVISTA DE ADMINISTRA\u00c7\u00c3O DE EMPRESAS<\/a><\/li>\n<li><a href=\"https:\/\/raep.emnuvens.com.br\/raep\" id=\"link-758\" class=\"track_this_link \" rel=\"noopener noreferrer\" target=\"_blank\">RAEP &#8211; REVISTA DE ADMINISTRA\u00c7\u00c3O, ENSINO E PESQUISA<\/a><\/li>\n<li><a href=\"https:\/\/www.revistas.usp.br\/rai\" id=\"link-1184\" class=\"track_this_link \" rel=\"noopener noreferrer\" target=\"_blank\">RAI \u2013 REVISTA DE ADMINISTRA\u00c7\u00c3O E INOVA\u00c7\u00c3O<\/a><\/li>\n<li><a href=\"https:\/\/www.revista.ueg.br\/index.php\/revista_administracao\" id=\"link-760\" class=\"track_this_link \" rel=\"noopener noreferrer\" target=\"_blank\">RAUEG &#8211; REVISTA DE ADMINISTRA\u00c7\u00c3O DA UEG<\/a><\/li>\n<li><a href=\"https:\/\/www.revistas.usp.br\/rmj\" id=\"link-761\" class=\"track_this_link \" rel=\"noopener noreferrer\" target=\"_blank\">RAUSP MANAGEMENT JOURNAL<\/a><\/li>\n<li><a href=\"https:\/\/revistarba.org.br\/\" id=\"link-1149\" class=\"track_this_link \" rel=\"noopener noreferrer\" target=\"_blank\">RBA \u2013 REVISTA BRASILEIRA DE ADMINISTRA\u00c7\u00c3O<\/a><\/li>\n<li><a href=\"https:\/\/periodicos.ufsc.br\/index.php\/adm\" id=\"link-762\" class=\"track_this_link \" rel=\"noopener noreferrer\" target=\"_blank\">RCA &#8211; REVISTA DE CI\u00caNCIAS DA ADMINISTRA\u00c7\u00c3O<\/a><\/li>\n<li><a href=\"https:\/\/periodicos.ufsm.br\/reaufsm\" id=\"link-763\" class=\"track_this_link \" rel=\"noopener noreferrer\" target=\"_blank\">REA &#8211; REVISTA DE ADMINISTRA\u00c7\u00c3O DA UFSM<\/a><\/li>\n<li><a href=\"https:\/\/seer.ufrgs.br\/read\" id=\"link-764\" class=\"track_this_link \" rel=\"noopener noreferrer\" target=\"_blank\">READ &#8211; REVISTA ELETR\u00d4NICA DE ADMINISTRA\u00c7\u00c3O<\/a><\/li>\n<li><a href=\"http:\/\/www.periodicosibepes.org.br\/index.php\/recadm\/\" id=\"link-765\" class=\"track_this_link \" rel=\"noopener noreferrer\" target=\"_blank\">RECADM &#8211; REVISTA ELETR\u00d4NICA DE CI\u00caNCIA ADMINISTRATIVA<\/a><\/li>\n<li><a href=\"https:\/\/www.revistas.usp.br\/rege\" id=\"link-603\" class=\"track_this_link \" rel=\"noopener noreferrer\" target=\"_blank\">REGE: Revista de Gest\u00e3o<\/a><\/li>\n<li><a href=\"https:\/\/reunir.revistas.ufcg.edu.br\/index.php\/uacc\/issue\/view\/31\" id=\"link-769\" class=\"track_this_link \" rel=\"noopener noreferrer\" target=\"_blank\">REUNIR &#8211; REVISTA DE ADMINISTRA\u00c7\u00c3O, CONTABILIDADE E SUSTENTABILIDADE<\/a><\/li>\n<li><a href=\"https:\/\/revistas.uneb.br\/index.php\/babel\/index\" id=\"link-1151\" class=\"track_this_link \" rel=\"noopener noreferrer\" target=\"_blank\">REVISTA BABEL<\/a><\/li>\n<li><a href=\"https:\/\/periodicos.unifor.br\/rca\" id=\"link-835\" class=\"track_this_link \" rel=\"noopener noreferrer\" target=\"_blank\">REVISTA CI\u00caNCIAS ADMINISTRATIVAS<\/a><\/li>\n<li><a href=\"https:\/\/www.revistas.usp.br\/ra\" id=\"link-1152\" class=\"track_this_link \" rel=\"noopener noreferrer\" target=\"_blank\">REVISTA DE ANTROPOLOGIA<\/a><\/li>\n<li><a href=\"https:\/\/www.revistas.unijui.edu.br\/index.php\/direitoshumanosedemocracia\" id=\"link-1153\" class=\"track_this_link \" rel=\"noopener noreferrer\" target=\"_blank\">REVISTA DE DIREITOS HUMANOS E DEMOCRACIA<\/a><\/li>\n<li><a href=\"https:\/\/www3.ufrb.edu.br\/seer\/index.php\/griot\/\" id=\"link-1154\" class=\"track_this_link \" rel=\"noopener noreferrer\" target=\"_blank\">REVISTA DE FILOSOFIA<\/a><\/li>\n<li><a href=\"https:\/\/revistas.ufpr.br\/rsp\" id=\"link-1155\" class=\"track_this_link \" rel=\"noopener noreferrer\" target=\"_blank\">REVISTA DE SOCIOLOGIA E POL\u00cdTICA<\/a><\/li>\n<li><a href=\"https:\/\/periodicos.sbu.unicamp.br\/ojs\/index.php\/rdbci\" id=\"link-1156\" class=\"track_this_link \" rel=\"noopener noreferrer\" target=\"_blank\">REVISTA DIGITAL DE BIBLIOTECONOMIA E CI\u00caNCIA DA INFORMA\u00c7\u00c3O<\/a><\/li>\n<li><a href=\"https:\/\/revistaeletronica.pge.rj.gov.br\/index.php\/pge\/article\/view\/232\" id=\"link-1157\" class=\"track_this_link \" rel=\"noopener noreferrer\" target=\"_blank\">REVISTA ELETR\u00d4NICA DA PGE<\/a><\/li>\n<li><a href=\"https:\/\/periodicos.fclar.unesp.br\/entrelinguas\" id=\"link-1158\" class=\"track_this_link \" rel=\"noopener noreferrer\" target=\"_blank\">REVISTA ENTREL\u00cdNGUAS<\/a><\/li>\n<li><a href=\"https:\/\/www.prodemge.gov.br\/revista-fonte\" id=\"link-1161\" class=\"track_this_link \" rel=\"noopener noreferrer\" target=\"_blank\">REVISTA FONTE \u2013 TECNOLOGIA DA INFORMA\u00c7\u00c3O NA GEST\u00c3O<\/a><\/li>\n<li><a href=\"https:\/\/revistas.ufpr.br\/letras\" id=\"link-1164\" class=\"track_this_link \" rel=\"noopener noreferrer\" target=\"_blank\">REVISTA LETRAS<\/a><\/li>\n<li><a href=\"https:\/\/www.e-publicacoes.uerj.br\/index.php\/rfduerj\/index\" id=\"link-1150\" class=\"track_this_link \" rel=\"noopener noreferrer\" target=\"_blank\">RFD &#8211; REVISTA DA FACULDADE DE DIREITO DA UERJ<\/a><\/li>\n<li><a href=\"https:\/\/www.revistas.usp.br\/signosdoconsumo\" id=\"link-1195\" class=\"track_this_link \" rel=\"noopener noreferrer\" target=\"_blank\">SIGNOS DO CONSUMO<\/a><\/li>\n\t<\/ul>\n<\/div><!-- Div End Category -->\n<div class=\"LinkLibraryCat LinkLibraryCat19 level0\"><!-- Div Category --><div id=\"periodicos-on-line-cinema\"><!-- Div Category Name --><div class=\"linklistcatname\"><!-- Div Cat Name --><span class=\"linklistcatclass\">Peri\u00f3dicos On Line - Cinema<\/span><\/div><!-- DivOrHeader --><\/div><!-- Div Category Name -->\n\t<ul>\n<li><a href=\"https:\/\/revistas.ufpr.br\/acaomidiatica\" id=\"link-1630\" class=\"track_this_link \" rel=\"noopener noreferrer\" target=\"_blank\">A\u00c7\u00c3O MIDI\u00c1TICA<\/a><\/li>\n<li><a href=\"https:\/\/periodicos.ufpb.br\/index.php\/arf\" id=\"link-1145\" class=\"track_this_link \" rel=\"noopener noreferrer\" target=\"_blank\">ALFKLARUNG &#8211; REVISTA DE FILOSOFIA<\/a><\/li>\n<li><a href=\"https:\/\/www.revistas.usp.br\/anagrama\" id=\"link-564\" class=\"track_this_link \" rel=\"noopener noreferrer\" target=\"_blank\">ANAGRAMA<\/a><\/li>\n<li><a href=\"https:\/\/www.gov.br\/ancine\/pt-br\/oca\/\" id=\"link-1633\" class=\"track_this_link \" rel=\"noopener noreferrer\" target=\"_blank\">ANCINE \u2013 AGE\u0302NCIA NACIONAL DE CINEMA. OBSERVATO\u0301RIO BRASILEIRO DO CINEMA E DO AUDIOVISUAL \u2013 OCA<\/a><\/li>\n<li><a href=\"https:\/\/periodicos.ufsm.br\/index.php\/animus\/index\" id=\"link-780\" class=\"track_this_link \" rel=\"noopener noreferrer\" target=\"_blank\">ANIMUS<\/a><\/li>\n<li><a href=\"https:\/\/periodicos.ufv.br\/apgs\/\" id=\"link-1636\" class=\"track_this_link \" rel=\"noopener noreferrer\" target=\"_blank\">APGS \u2013 ADMINISTRA\u00c7\u00c3O P\u00daBLICA E GEST\u00c3O SOCIAL<\/a><\/li>\n<li><a href=\"https:\/\/seer.ufu.br\/index.php\/artcultura\" id=\"link-1167\" class=\"track_this_link \" rel=\"noopener noreferrer\" target=\"_blank\">ARTCULTURA: REVISTA DE HIST\u00d3RIA, CULTURA E ARTE<\/a><\/li>\n<li><a href=\"https:\/\/www.revista.ueg.br\/index.php\/atatot\/index\" id=\"link-1146\" class=\"track_this_link \" rel=\"noopener noreferrer\" target=\"_blank\">AT\u00c2T\u00d4 &#8211; REVISTA INTERDICIPLINAR DE DIREITOS HUMANOS<\/a><\/li>\n<li><a href=\"http:\/\/revista.cinedocumental.com.ar\/\" id=\"link-483\" class=\"track_this_link \" rel=\"noopener noreferrer\" target=\"_blank\">CINE DOCUMENTAL<\/a><\/li>\n<li><a href=\"https:\/\/cinema.fcsh.unl.pt\/index.php\/revista\" id=\"link-1639\" class=\"track_this_link \" rel=\"noopener noreferrer\" target=\"_blank\">CINEMA: JOURNAL OF PHILOSOPHY AND THE MOVING IMAGE<\/a><\/li>\n<li><a href=\"https:\/\/journals.openedition.org\/cinelatino\/\" id=\"link-1169\" class=\"track_this_link \" rel=\"noopener noreferrer\" target=\"_blank\">CIN\u00c9MAS D&#8217;AM\u00c9RIQUE LATINE<\/a><\/li>\n<li><a href=\"http:\/\/revistacinetica.com.br\/nova\/\" id=\"link-1170\" class=\"track_this_link \" rel=\"noopener noreferrer\" target=\"_blank\">CIN\u00c9TICA<\/a><\/li>\n<li><a href=\"http:\/\/revistacmc.espm.br\/revistacmc\/issue\/archive\" id=\"link-783\" class=\"track_this_link \" rel=\"noopener noreferrer\" target=\"_blank\">CMC: COMUNICA\u00c7\u00c3O, M\u00cdDIA E CONSUMO (ESPM)<\/a><\/li>\n<li><a href=\"https:\/\/seer.uscs.edu.br\/index.php\/revista_comunicacao_inovacao\/index\" id=\"link-1642\" class=\"track_this_link \" rel=\"noopener noreferrer\" target=\"_blank\">COMUNICA\u00c7\u00c3O &#038; INOVA\u00c7\u00c3O<\/a><\/li>\n<li><a href=\"https:\/\/www.revistacomunicar.com\/index.php?idioma=pt\" id=\"link-485\" class=\"track_this_link \" rel=\"noopener noreferrer\" target=\"_blank\">COMUNICAR<\/a><\/li>\n<li><a href=\"https:\/\/revistas.unilasalle.edu.br\/index.php\/conhecimento_diversidade\" id=\"link-1645\" class=\"track_this_link \" rel=\"noopener noreferrer\" target=\"_blank\">CONHECIMENTO  DIVERSIDADE<\/a><\/li>\n<li><a href=\"https:\/\/periodicos.uff.br\/contracampo\" id=\"link-1171\" class=\"track_this_link \" rel=\"noopener noreferrer\" target=\"_blank\">CONTRACAMPO: BRAZILIAN JOURNAL OF COMMUNICATION<\/a><\/li>\n<li><a href=\"http:\/\/www.contracampo.com.br\/\" id=\"link-1648\" class=\"track_this_link \" rel=\"noopener noreferrer\" target=\"_blank\">CONTRACAMPO: REVISTA DE CINEMA<\/a><\/li>\n<li><a href=\"https:\/\/portaldeperiodicos.animaeducacao.com.br\/index.php\/Critica_Cultural\/index\" id=\"link-1172\" class=\"track_this_link \" rel=\"noopener noreferrer\" target=\"_blank\">CR\u00cdTICA CULTURAL<\/a><\/li>\n<li><a href=\"https:\/\/www.devires.org\/\" id=\"link-1174\" class=\"track_this_link \" rel=\"noopener noreferrer\" target=\"_blank\">DEVIRES: CINEMA E HUMANIDADES<\/a><\/li>\n<li><a href=\"https:\/\/www.revistas.usp.br\/discurso\" id=\"link-1651\" class=\"track_this_link \" rel=\"noopener noreferrer\" target=\"_blank\">DISCURSOS<\/a><\/li>\n<li><a href=\"http:\/\/www.uel.br\/revistas\/uel\/index.php\/discursosfotograficos\/index\" id=\"link-1175\" class=\"track_this_link \" rel=\"noopener noreferrer\" target=\"_blank\">DISCURSOS FOTOGR\u00c1FICOS<\/a><\/li>\n<li><a href=\"http:\/\/ojs.labcom-ifp.ubi.pt\/index.php\/doc\" id=\"link-486\" class=\"track_this_link \" rel=\"noopener noreferrer\" target=\"_blank\">DOC ON LINE<\/a><\/li>\n<li><a href=\"https:\/\/periodicos.ufsc.br\/index.php\/jornalismo\" id=\"link-569\" class=\"track_this_link \" rel=\"noopener noreferrer\" target=\"_blank\">ESTUDOS EM JORNALISMO E M\u00cdDIA<\/a><\/li>\n<li><a href=\"https:\/\/www.revistas.usp.br\/esse\" id=\"link-1654\" class=\"track_this_link \" rel=\"noopener noreferrer\" target=\"_blank\">ESTUDOS SEMI\u00d3TICOS<\/a><\/li>\n<li><a href=\"https:\/\/seer.ufrgs.br\/index.php\/fotocronografias\" id=\"link-1176\" class=\"track_this_link \" rel=\"noopener noreferrer\" target=\"_blank\">FOTOCRONOGRAFIAS<\/a><\/li>\n<li><a href=\"https:\/\/revistas.unisinos.br\/index.php\/fronteiras\" id=\"link-1657\" class=\"track_this_link \" rel=\"noopener noreferrer\" target=\"_blank\">FRONTEIRAS: ESTUDOS MIDI\u00c1TICOS<\/a><\/li>\n<li><a href=\"https:\/\/revistas.intercom.org.br\/index.php\/revistaintercom\" id=\"link-1147\" class=\"track_this_link \" rel=\"noopener noreferrer\" target=\"_blank\">INTERCOM: REVISTA BRASILEIRA DE CI\u00caNCIAS DA COMUNICA\u00c7\u00c3O<\/a><\/li>\n<li><a href=\"https:\/\/interin.utp.br\/index.php\/i\" id=\"link-1178\" class=\"track_this_link \" rel=\"noopener noreferrer\" target=\"_blank\">INTERIN<\/a><\/li>\n<li><a href=\"https:\/\/periodicos.ufjf.br\/index.php\/libertas\/Direitos-autorais\" id=\"link-1660\" class=\"track_this_link \" rel=\"noopener noreferrer\" target=\"_blank\">LIBERTAS<\/a><\/li>\n<li><a href=\"https:\/\/www.revistas.usp.br\/matrizes\" id=\"link-825\" class=\"track_this_link \" rel=\"noopener noreferrer\" target=\"_blank\">MATRIZES<\/a><\/li>\n<li><a href=\"https:\/\/impactum-journals.uc.pt\/mj\" id=\"link-1180\" class=\"track_this_link \" rel=\"noopener noreferrer\" target=\"_blank\">MEDIA &#038; JORNALISMO<\/a><\/li>\n<li><a href=\"https:\/\/periodicos.uff.br\/midiaecotidiano\/index\" id=\"link-1663\" class=\"track_this_link \" rel=\"noopener noreferrer\" target=\"_blank\">M\u00cdDIA E COTIDIANO<\/a><\/li>\n<li><a href=\"http:\/\/revistamovinup.com\/\" id=\"link-1666\" class=\"track_this_link \" rel=\"noopener noreferrer\" target=\"_blank\">MOVIN\u2019 UP<\/a><\/li>\n<li><a href=\"https:\/\/www.revistas.usp.br\/novosolhares\/index\" id=\"link-489\" class=\"track_this_link \" rel=\"noopener noreferrer\" target=\"_blank\">NOVOS OLHARES<\/a><\/li>\n<li><a href=\"https:\/\/obs.obercom.pt\/index.php\/obs\" id=\"link-1181\" class=\"track_this_link \" rel=\"noopener noreferrer\" target=\"_blank\">OBSERVATORIO (OBS*)<\/a><\/li>\n<li><a href=\"https:\/\/www.gov.br\/ancine\/pt-br\/oca\" id=\"link-1669\" class=\"track_this_link \" rel=\"noopener noreferrer\" target=\"_blank\">OBSERVAT\u00d3RIO BRASILEIRO DO CINEMA E DO AUDIOVISUAL \u2013 OCA<\/a><\/li>\n<li><a href=\"https:\/\/www.riofilmcommission.com\/observatorio-do-audiovisual-carioca\/\" id=\"link-1670\" class=\"track_this_link \" rel=\"noopener noreferrer\" target=\"_blank\">OBSERVAT\u00d3RIO DO AUDIOVISUAL CARIOCA<\/a><\/li>\n<li><a href=\"http:\/\/novo.itaucultural.org.br\/explore\/observatorio\/revista\/\" id=\"link-1673\" class=\"track_this_link \" rel=\"noopener noreferrer\" target=\"_blank\">OBSERVAT\u00d3RIO ITA\u00da CULTURAL (ITA\u00da CULTURAL)<\/a><\/li>\n<li><a href=\"http:\/\/orson.ufpel.edu.br\/content\/index.html\" id=\"link-490\" class=\"track_this_link \" rel=\"noopener noreferrer\" target=\"_blank\">ORSON (UFPEL)<\/a><\/li>\n<li><a href=\"http:\/\/revistapesquisa.fapesp.br\/tag\/cinema\/\" id=\"link-1676\" class=\"track_this_link \" rel=\"noopener noreferrer\" target=\"_blank\">PESQUISA FAPESP (PAPESP)<\/a><\/li>\n<li><a href=\"http:\/\/www.revistas.usp.br\/pesquisator\/index\" id=\"link-1679\" class=\"track_this_link \" rel=\"noopener noreferrer\" target=\"_blank\">PESQUISATOR (USP)<\/a><\/li>\n<li><a href=\"http:\/\/pipocamoderna.com.br\/\" id=\"link-1682\" class=\"track_this_link \" rel=\"noopener noreferrer\" target=\"_blank\">PIPOCA MODERNA<\/a><\/li>\n<li><a href=\"http:\/\/www.punctum.ufsc.br\/\" id=\"link-1685\" class=\"track_this_link \" rel=\"noopener noreferrer\" target=\"_blank\">PUNCTUM (UFSC)<\/a><\/li>\n<li><a href=\"https:\/\/rac.anpad.org.br\/index.php\/rac\" id=\"link-1182\" class=\"track_this_link \" rel=\"noopener noreferrer\" target=\"_blank\">RAC \u2013 REVISTA DE ADMINISTRA\u00c7\u00c3O CONTEMPOR\u00c2NEA<\/a><\/li>\n<li><a href=\"https:\/\/rae.fgv.br\/\" id=\"link-1183\" class=\"track_this_link \" rel=\"noopener noreferrer\" target=\"_blank\">RAE \u2013 REVISTA DE ADMINISTRA\u00c7\u00c3O DE EMPRESAS<\/a><\/li>\n<li><a href=\"https:\/\/revistas.fw.uri.br\/index.php\/raep\" id=\"link-1688\" class=\"track_this_link \" rel=\"noopener noreferrer\" target=\"_blank\">RAEP \u2013 REVISTA DE ADMINISTRA\u00c7\u00c3O, ENSINO E PESQUISA<\/a><\/li>\n<li><a href=\"https:\/\/www.revistas.usp.br\/rai\" id=\"link-1184\" class=\"track_this_link \" rel=\"noopener noreferrer\" target=\"_blank\">RAI \u2013 REVISTA DE ADMINISTRA\u00c7\u00c3O E INOVA\u00c7\u00c3O<\/a><\/li>\n<li><a href=\"https:\/\/rebeca.socine.org.br\/1\" id=\"link-493\" class=\"track_this_link \" rel=\"noopener noreferrer\" target=\"_blank\">REBECA Revista Brasileira de Estudos de Cinema e Audivisual<\/a><\/li>\n<li><a href=\"https:\/\/ufrb.edu.br\/reconcavos\/\" id=\"link-1691\" class=\"track_this_link \" rel=\"noopener noreferrer\" target=\"_blank\">REC\u00d4NCAVOS (UFRB)<\/a><\/li>\n<li><a href=\"https:\/\/babel.eca.usp.br\/\" id=\"link-1694\" class=\"track_this_link \" rel=\"noopener noreferrer\" target=\"_blank\">REVISTA BABEL<\/a><\/li>\n<li><a href=\"http:\/\/revistabeta.wordpress.com\/\" id=\"link-1695\" class=\"track_this_link \" rel=\"noopener noreferrer\" target=\"_blank\">REVISTA BETA (TZ EDITORA)<\/a><\/li>\n<li><a href=\"https:\/\/revistabrasileiravrlibras.paginas.ufsc.br\/\" id=\"link-1696\" class=\"track_this_link \" rel=\"noopener noreferrer\" target=\"_blank\">REVISTA BRASILEIRA DE V\u00cdDEO-REGISTROS EM LIBRAS<\/a><\/li>\n<li><a href=\"https:\/\/rchav.cl\/index_27.html\" id=\"link-1697\" class=\"track_this_link \" rel=\"noopener noreferrer\" target=\"_blank\">REVISTA CHILENA DE ANTROPOLOG\u00cdA VISUAL (CEAVI)<\/a><\/li>\n<li><a href=\"https:\/\/www.revistas.usp.br\/ra\" id=\"link-1152\" class=\"track_this_link \" rel=\"noopener noreferrer\" target=\"_blank\">REVISTA DE ANTROPOLOGIA<\/a><\/li>\n<li><a href=\"http:\/\/revistadecinema.uol.com.br\/\" id=\"link-1698\" class=\"track_this_link \" rel=\"noopener noreferrer\" target=\"_blank\">REVISTA DE CINEMA (UOL)<\/a><\/li>\n<li><a href=\"https:\/\/www.revistas.unijui.edu.br\/index.php\/direitoshumanosedemocracia\" id=\"link-1153\" class=\"track_this_link \" rel=\"noopener noreferrer\" target=\"_blank\">REVISTA DE DIREITOS HUMANOS E DEMOCRACIA<\/a><\/li>\n<li><a href=\"https:\/\/periodicos.ufmg.br\/index.php\/lingua_portuguesa\" id=\"link-1701\" class=\"track_this_link \" rel=\"noopener noreferrer\" target=\"_blank\">REVISTA DE ESTUDOS DA L\u00cdNGUA PORTUGUESA<\/a><\/li>\n<li><a href=\"https:\/\/www3.ufrb.edu.br\/seer\/index.php\/griot\/\" id=\"link-1154\" class=\"track_this_link \" rel=\"noopener noreferrer\" target=\"_blank\">REVISTA DE FILOSOFIA<\/a><\/li>\n<li><a href=\"https:\/\/ojs.revistagesec.org.br\/secretariado\" id=\"link-1704\" class=\"track_this_link \" rel=\"noopener noreferrer\" target=\"_blank\">REVISTA DE GEST\u00c3O E SECRETARIADO<\/a><\/li>\n<li><a href=\"https:\/\/revistas.ufpr.br\/rsp\" id=\"link-1155\" class=\"track_this_link \" rel=\"noopener noreferrer\" target=\"_blank\">REVISTA DE SOCIOLOGIA E POL\u00cdTICA<\/a><\/li>\n<li><a href=\"https:\/\/periodicos.fclar.unesp.br\/entrelinguas\" id=\"link-1158\" class=\"track_this_link \" rel=\"noopener noreferrer\" target=\"_blank\">REVISTA ENTREL\u00cdNGUAS<\/a><\/li>\n<li><a href=\"https:\/\/revista.unitins.br\/index.php\/extensao\" id=\"link-1185\" class=\"track_this_link \" rel=\"noopener noreferrer\" target=\"_blank\">REVISTA EXTENS\u00c3O<\/a><\/li>\n<li><a href=\"https:\/\/revistaseletronicas.pucrs.br\/ojs\/index.php\/revistafamecos\/index\" id=\"link-1186\" class=\"track_this_link \" rel=\"noopener noreferrer\" target=\"_blank\">REVISTA FAMECOS: M\u00cdDIA, CULTURA E TECNOLOGIA<\/a><\/li>\n<li><a href=\"https:\/\/revistas.unisinos.br\/index.php\/fronteiras\" id=\"link-1187\" class=\"track_this_link \" rel=\"noopener noreferrer\" target=\"_blank\">REVISTA FRONTEIRAS: ESTUDOS MIDI\u00c1TICOS<\/a><\/li>\n<li><a href=\"https:\/\/revistas.usp.br\/revistalaika\" id=\"link-1707\" class=\"track_this_link \" rel=\"noopener noreferrer\" target=\"_blank\">REVISTA LAIKA (USP)<\/a><\/li>\n<li><a href=\"https:\/\/revistas.ufpr.br\/letras\" id=\"link-1164\" class=\"track_this_link \" rel=\"noopener noreferrer\" target=\"_blank\">REVISTA LETRAS<\/a><\/li>\n<li><a href=\"https:\/\/movimentorevista.com.br\/t\/usp\/\" id=\"link-1710\" class=\"track_this_link \" rel=\"noopener noreferrer\" target=\"_blank\">REVISTA MOVIMENTO (USP)<\/a><\/li>\n<li><a href=\"https:\/\/movioladigital.com.br\/\" id=\"link-1713\" class=\"track_this_link \" rel=\"noopener noreferrer\" target=\"_blank\">REVISTA MOVIOLA<\/a><\/li>\n<li><a href=\"https:\/\/revista.uemg.br\/index.php\/sciasls\" id=\"link-1716\" class=\"track_this_link \" rel=\"noopener noreferrer\" target=\"_blank\">REVISTA SCIAS L\u00cdNGUA DE SINAIS<\/a><\/li>\n<li><a href=\"https:\/\/www.rua.ufscar.br\/\" id=\"link-1191\" class=\"track_this_link \" rel=\"noopener noreferrer\" target=\"_blank\">RUA: REVISTA UNIVERSIT\u00c1RIA DO AUDIOVISUAL<\/a><\/li>\n<li><a href=\"http:\/\/www.usp.br\/rumores\/\" id=\"link-1192\" class=\"track_this_link \" rel=\"noopener noreferrer\" target=\"_blank\">RUMORES: REVISTA ONLINE DE COMUNICA\u00c7\u00c3O, LINGUAGEM E M\u00cdDIAS (USP)<\/a><\/li>\n<li><a href=\"http:\/\/www.usp.br\/significacao\/\" id=\"link-1194\" class=\"track_this_link \" rel=\"noopener noreferrer\" target=\"_blank\">SIGNIFICA\u00c7\u00c3O: REVISTA DE CULTURA AUDIOVISUAL<\/a><\/li>\n<li><a href=\"https:\/\/www.revistas.usp.br\/signosdoconsumo\" id=\"link-1195\" class=\"track_this_link \" rel=\"noopener noreferrer\" target=\"_blank\">SIGNOS DO CONSUMO<\/a><\/li>\n<li><a href=\"http:\/\/revistas.unisinos.br\/index.php\/versoereverso\/index\" id=\"link-1196\" class=\"track_this_link \" rel=\"noopener noreferrer\" target=\"_blank\">VERSO E REVERSO: REVISTA DA COMUNICA\u00c7\u00c3O<\/a><\/li>\n<li><a href=\"https:\/\/periodicos.ufjf.br\/index.php\/zanzala\" id=\"link-1197\" class=\"track_this_link \" rel=\"noopener noreferrer\" target=\"_blank\">ZANZAL\u00c1 &#8211; REVISTA BRASILEIRA DE ESTUDOS SOBRE G\u00caNEROS CINEMATOGR\u00c1FICOS E AUDIOVISUAIS<\/a><\/li>\n\t<\/ul>\n<\/div><!-- Div End Category -->\n<div class=\"LinkLibraryCat LinkLibraryCat20 level0\"><!-- Div Category --><div id=\"periodicos-on-line-design-grafico\"><!-- Div Category Name --><div class=\"linklistcatname\"><!-- Div Cat Name --><span class=\"linklistcatclass\">Peri\u00f3dicos On Line - Design Gr\u00e1fico<\/span><\/div><!-- DivOrHeader --><\/div><!-- Div Category Name -->\n\t<ul>\n<li><a href=\"https:\/\/unesdoc.unesco.org\/ark:\/48223\/pf0000154587\" id=\"link-1199\" class=\"track_this_link \" rel=\"noopener noreferrer\" target=\"_blank\">ACESSO E PERMAN\u00caNCIA DA POPULA\u00c7\u00c3O NEGRA NO ENSINO SUPERIOR<\/a><\/li>\n<li><a href=\"http:\/\/revista.fumec.br\/index.php\/achiote\" id=\"link-1069\" class=\"track_this_link \" rel=\"noopener noreferrer\" target=\"_blank\">ACHIOTE.COM &#8211; REVISTA ELETR\u00d4NICA DE MODA<\/a><\/li>\n<li><a href=\"https:\/\/revistaalceu.com.puc-rio.br\/alceu\" id=\"link-513\" class=\"track_this_link \" rel=\"noopener noreferrer\" target=\"_blank\">ALCEU<\/a><\/li>\n<li><a href=\"https:\/\/periodicos.ufpb.br\/index.php\/arf\" id=\"link-1145\" class=\"track_this_link \" rel=\"noopener noreferrer\" target=\"_blank\">ALFKLARUNG &#8211; REVISTA DE FILOSOFIA<\/a><\/li>\n<li><a href=\"https:\/\/www.e-publicacoes.uerj.br\/index.php\/arcosdesign\" id=\"link-514\" class=\"track_this_link \" rel=\"noopener noreferrer\" target=\"_blank\">ARCOS DESIGN<\/a><\/li>\n<li><a href=\"http:\/\/www.usjt.br\/arq.urb\/\" id=\"link-1009\" class=\"track_this_link \" rel=\"noopener noreferrer\" target=\"_blank\">ARQ.URB<\/a><\/li>\n<li><a href=\"https:\/\/seer.ufu.br\/index.php\/artcultura\" id=\"link-1200\" class=\"track_this_link \" rel=\"noopener noreferrer\" target=\"_blank\">ARTCULTURA: REVISTA DE HIST\u00d3RIA, CULTURA E ARTE<\/a><\/li>\n<li><a href=\"http:\/\/artefactum.rafrom.com.br\/index.php?journal=artefactum&#038;page=index\" id=\"link-1011\" class=\"track_this_link \" rel=\"noopener noreferrer\" target=\"_blank\">ARTEFACTUM<\/a><\/li>\n<li><a href=\"https:\/\/www.revista.ueg.br\/index.php\/atatot\/index\" id=\"link-1146\" class=\"track_this_link \" rel=\"noopener noreferrer\" target=\"_blank\">AT\u00c2T\u00d4 &#8211; REVISTA INTERDICIPLINAR DE DIREITOS HUMANOS<\/a><\/li>\n<li><a href=\"http:\/\/www.e-publicacoes.uerj.br\/index.php\/concinnitas\/\" id=\"link-1012\" class=\"track_this_link \" rel=\"noopener noreferrer\" target=\"_blank\">CONCINNITAS<\/a><\/li>\n<li><a href=\"https:\/\/dialogo.espm.br\/revistadcec-rj\" id=\"link-1014\" class=\"track_this_link \" rel=\"noopener noreferrer\" target=\"_blank\">DI\u00c1LOGO COM A ECONOMIA CRIATIVA<\/a><\/li>\n<li><a href=\"https:\/\/dobras.emnuvens.com.br\/dobras\" id=\"link-1015\" class=\"track_this_link \" rel=\"noopener noreferrer\" target=\"_blank\">dOBRA[s]<\/a><\/li>\n<li><a href=\"http:\/\/incubadora.periodicos.ufsc.br\/index.php\/eRevistaLOGO\" id=\"link-517\" class=\"track_this_link \" rel=\"noopener noreferrer\" target=\"_blank\">e-REVISTA LOGO<\/a><\/li>\n<li><a href=\"http:\/\/periodicos.puc-rio.br\/index.php\/revistaergodesign-hci\/about\" id=\"link-518\" class=\"track_this_link \" rel=\"noopener noreferrer\" target=\"_blank\">ERGODESIGN &#038; HCI<\/a><\/li>\n<li><a href=\"https:\/\/www.revistas.udesc.br\/index.php\/hfd\/index\" id=\"link-1070\" class=\"track_this_link \" rel=\"noopener noreferrer\" target=\"_blank\">HUMAN FACTORS IN DESIGN<\/a><\/li>\n<li><a href=\"http:\/\/www1.sp.senac.br\/hotsites\/blogs\/revistaiara\/\" id=\"link-1016\" class=\"track_this_link \" rel=\"noopener noreferrer\" target=\"_blank\">IARA: REVISTA DE MODA, CULTURA E ARTE<\/a><\/li>\n<li><a href=\"https:\/\/iedbrasil.com.br\/revista\/tag\/ied\/\" id=\"link-1017\" class=\"track_this_link \" rel=\"noopener noreferrer\" target=\"_blank\">IED REVISTA (INSTITUTO EUROPEO DE DESIGN)<\/a><\/li>\n<li><a href=\"https:\/\/infodesign.emnuvens.com.br\/infodesign\/index\" id=\"link-520\" class=\"track_this_link \" rel=\"noopener noreferrer\" target=\"_blank\">INFODESIGN &#8211; REVISTA BRASILEIRA DE DESIGN DA INFORMA\u00c7\u00c3O<\/a><\/li>\n<li><a href=\"https:\/\/revistas.intercom.org.br\/index.php\/revistaintercom\" id=\"link-1147\" class=\"track_this_link \" rel=\"noopener noreferrer\" target=\"_blank\">INTERCOM: REVISTA BRASILEIRA DE CI\u00caNCIAS DA COMUNICA\u00c7\u00c3O<\/a><\/li>\n<li><a href=\"http:\/\/www.ijdesign.org\/index.php\/IJDesign\" id=\"link-521\" class=\"track_this_link \" rel=\"noopener noreferrer\" target=\"_blank\">INTERNATIONAL JOURNAL OF DESIGN<\/a><\/li>\n<li><a href=\"https:\/\/revistas.ufrj.br\/index.php\/linguagensgraficas\" id=\"link-1018\" class=\"track_this_link \" rel=\"noopener noreferrer\" target=\"_blank\">LINGUAGENS GR\u00c1FICAS<\/a><\/li>\n<li><a href=\"https:\/\/www.revistas.usp.br\/novosolhares\/index\" id=\"link-489\" class=\"track_this_link \" rel=\"noopener noreferrer\" target=\"_blank\">NOVOS OLHARES<\/a><\/li>\n<li><a href=\"https:\/\/obs.obercom.pt\/index.php\/obs\" id=\"link-1201\" class=\"track_this_link \" rel=\"noopener noreferrer\" target=\"_blank\">OBSERVATORIO (OBS*)<\/a><\/li>\n<li><a href=\"https:\/\/itaucultural.valide.vc\/\" id=\"link-1202\" class=\"track_this_link \" rel=\"noopener noreferrer\" target=\"_blank\">OBSERVAT\u00d3RIO ITAU CULTURAL<\/a><\/li>\n<li><a href=\"http:\/\/orson.ufpel.edu.br\/content\/index.html\" id=\"link-490\" class=\"track_this_link \" rel=\"noopener noreferrer\" target=\"_blank\">ORSON (UFPEL)<\/a><\/li>\n<li><a href=\"http:\/\/periodicos.univille.br\/index.php\/PL\/index\" id=\"link-1019\" class=\"track_this_link \" rel=\"noopener noreferrer\" target=\"_blank\">PLURAL DESIGN<\/a><\/li>\n<li><a href=\"https:\/\/periodicos.ufmg.br\/index.php\/revistapos\/about\" id=\"link-1020\" class=\"track_this_link \" rel=\"noopener noreferrer\" target=\"_blank\">P\u00d3S: REVISTA DO PROGRAMA DE P\u00d3S-GRADUA\u00c7\u00c3O EM ARTES &#8211; EBA\/UFMG<\/a><\/li>\n<li><a href=\"http:\/\/www.uel.br\/revistas\/uel\/index.php\/projetica\" id=\"link-523\" class=\"track_this_link \" rel=\"noopener noreferrer\" target=\"_blank\">PROJETICA<\/a><\/li>\n<li><a href=\"https:\/\/rac.anpad.org.br\/index.php\/rac\" id=\"link-1182\" class=\"track_this_link \" rel=\"noopener noreferrer\" target=\"_blank\">RAC \u2013 REVISTA DE ADMINISTRA\u00c7\u00c3O CONTEMPOR\u00c2NEA<\/a><\/li>\n<li><a href=\"https:\/\/rae.fgv.br\/\" id=\"link-1183\" class=\"track_this_link \" rel=\"noopener noreferrer\" target=\"_blank\">RAE \u2013 REVISTA DE ADMINISTRA\u00c7\u00c3O DE EMPRESAS<\/a><\/li>\n<li><a href=\"https:\/\/www.revistas.usp.br\/rai\" id=\"link-1184\" class=\"track_this_link \" rel=\"noopener noreferrer\" target=\"_blank\">RAI \u2013 REVISTA DE ADMINISTRA\u00c7\u00c3O E INOVA\u00c7\u00c3O<\/a><\/li>\n<li><a href=\"https:\/\/rebeca.socine.org.br\" id=\"link-1021\" class=\"track_this_link \" rel=\"noopener noreferrer\" target=\"_blank\">REBECA &#8211; Revista brasileira de estudos de cinema e audiovisual<\/a><\/li>\n<li><a href=\"https:\/\/redige.cetiqt.senai.br\/redige\" id=\"link-1022\" class=\"track_this_link \" rel=\"noopener noreferrer\" target=\"_blank\">REDIGE \u2013 REVISTA DE DESIGN, INOVA\u00c7\u00c3O E GEST\u00c3O ESTRAT\u00c9GICA<\/a><\/li>\n<li><a href=\"https:\/\/revistas.uneb.br\/index.php\/babel\/index\" id=\"link-1151\" class=\"track_this_link \" rel=\"noopener noreferrer\" target=\"_blank\">REVISTA BABEL<\/a><\/li>\n<li><a href=\"http:\/\/www.contemporanea.uerj.br\/\" id=\"link-1023\" class=\"track_this_link \" rel=\"noopener noreferrer\" target=\"_blank\">REVISTA CONTEMPOR\u00c2NEA (UERJ. ONLINE)<\/a><\/li>\n<li><a href=\"https:\/\/periodicos.ufba.br\/index.php\/rcvisual\" id=\"link-524\" class=\"track_this_link \" rel=\"noopener noreferrer\" target=\"_blank\">REVISTA CULTURA VISUAL<\/a><\/li>\n<li><a href=\"https:\/\/periodicos.unb.br\/index.php\/design-tecnologia-sociedade\" id=\"link-525\" class=\"track_this_link \" rel=\"noopener noreferrer\" target=\"_blank\">REVISTA DE DESIGN, TECNOLOGIA E SOCIEDADE<\/a><\/li>\n<li><a href=\"https:\/\/www.revistas.unijui.edu.br\/index.php\/direitoshumanosedemocracia\" id=\"link-1153\" class=\"track_this_link \" rel=\"noopener noreferrer\" target=\"_blank\">REVISTA DE DIREITOS HUMANOS E DEMOCRACIA<\/a><\/li>\n<li><a href=\"https:\/\/www3.ufrb.edu.br\/seer\/index.php\/griot\/\" id=\"link-1154\" class=\"track_this_link \" rel=\"noopener noreferrer\" target=\"_blank\">REVISTA DE FILOSOFIA<\/a><\/li>\n<li><a href=\"https:\/\/revistas.unila.edu.br\/sures\/index\" id=\"link-1024\" class=\"track_this_link \" rel=\"noopener noreferrer\" target=\"_blank\">REVISTA DIGITAL DO INSTITUTO LATINO-AMERICANO DE ARTE, CULTURA E HIST\u00d3RIA- UNILA<\/a><\/li>\n<li><a href=\"http:\/\/www.educacaografica.inf.br\/\" id=\"link-527\" class=\"track_this_link \" rel=\"noopener noreferrer\" target=\"_blank\">REVISTA EDUCA\u00c7\u00c3O GR\u00c1FICA<\/a><\/li>\n<li><a href=\"https:\/\/periodicos.fclar.unesp.br\/entrelinguas\" id=\"link-1158\" class=\"track_this_link \" rel=\"noopener noreferrer\" target=\"_blank\">REVISTA ENTREL\u00cdNGUAS<\/a><\/li>\n<li><a href=\"https:\/\/estudosemdesign.emnuvens.com.br\/design\" id=\"link-528\" class=\"track_this_link \" rel=\"noopener noreferrer\" target=\"_blank\">REVISTA ESTUDOS EM DESIGN<\/a><\/li>\n<li><a href=\"https:\/\/www.revistas.usp.br\/revistalaika\" id=\"link-496\" class=\"track_this_link \" rel=\"noopener noreferrer\" target=\"_blank\">REVISTA LAIKA (USP)<\/a><\/li>\n<li><a href=\"https:\/\/revistas.ufpr.br\/letras\" id=\"link-1164\" class=\"track_this_link \" rel=\"noopener noreferrer\" target=\"_blank\">REVISTA LETRAS<\/a><\/li>\n<li><a href=\"https:\/\/sistemas.uft.edu.br\/periodicos\/index.php\/observatorio\/index\" id=\"link-1025\" class=\"track_this_link \" rel=\"noopener noreferrer\" target=\"_blank\">REVISTA OBSERVAT\u00d3RIO<\/a><\/li>\n<li><a href=\"http:\/\/www.revistatamandua.grudar.com\/\" id=\"link-1026\" class=\"track_this_link \" rel=\"noopener noreferrer\" target=\"_blank\">REVISTA TAMANDU\u00c1<\/a><\/li>\n<li><a href=\"https:\/\/www.revistas.usp.br\/signosdoconsumo\" id=\"link-1195\" class=\"track_this_link \" rel=\"noopener noreferrer\" target=\"_blank\">SIGNOS DO CONSUMO<\/a><\/li>\n<li><a href=\"http:\/\/revistas.unisinos.br\/index.php\/sdrj\/index\" id=\"link-530\" class=\"track_this_link \" rel=\"noopener noreferrer\" target=\"_blank\">STRATEGIC DESIGN RESEARCH JOURNAL<\/a><\/li>\n\t<\/ul>\n<\/div><!-- Div End Category -->\n<div class=\"LinkLibraryCat LinkLibraryCat21 level0\"><!-- Div Category --><div id=\"periodicos-on-line-direito\"><!-- Div Category Name --><div class=\"linklistcatname\"><!-- Div Cat Name --><span class=\"linklistcatclass\">Peri\u00f3dicos On Line - Direito<\/span><\/div><!-- DivOrHeader --><\/div><!-- Div Category Name -->\n\t<ul>\n<li><a href=\"https:\/\/periodicos.ufpb.br\/index.php\/arf\" id=\"link-1145\" class=\"track_this_link \" rel=\"noopener noreferrer\" target=\"_blank\">ALFKLARUNG &#8211; REVISTA DE FILOSOFIA<\/a><\/li>\n<li><a href=\"https:\/\/www.revista.ueg.br\/index.php\/atatot\/index\" id=\"link-1146\" class=\"track_this_link \" rel=\"noopener noreferrer\" target=\"_blank\">AT\u00c2T\u00d4 &#8211; REVISTA INTERDICIPLINAR DE DIREITOS HUMANOS<\/a><\/li>\n<li><a href=\"https:\/\/periodicos.ufba.br\/index.php\/crh\" id=\"link-1077\" class=\"track_this_link \" rel=\"noopener noreferrer\" target=\"_blank\">CADERNO CRH<\/a><\/li>\n<li><a href=\"https:\/\/revistas.ufrj.br\/index.php\/dilemas\/index\" id=\"link-1203\" class=\"track_this_link \" rel=\"noopener noreferrer\" target=\"_blank\">DILEMAS: REVISTA DE ESTUDOS DE CONFLITO E CONTROLE SOCIAL<\/a><\/li>\n<li><a href=\"https:\/\/san.uri.br\/revistas\/index.php\/direitosculturais\/index\" id=\"link-1204\" class=\"track_this_link \" rel=\"noopener noreferrer\" target=\"_blank\">DIREITOS CULTURAIS<\/a><\/li>\n<li><a href=\"https:\/\/portalperiodicos.unoesc.edu.br\/espacojuridico\" id=\"link-1205\" class=\"track_this_link \" rel=\"noopener noreferrer\" target=\"_blank\">ESPA\u00c7O JUR\u00cdDICO<\/a><\/li>\n<li><a href=\"http:\/\/www.revistas.usp.br\/eav\" id=\"link-1206\" class=\"track_this_link \" rel=\"noopener noreferrer\" target=\"_blank\">ESTUDOS AVAN\u00c7ADOS (USP)<\/a><\/li>\n<li><a href=\"https:\/\/revistas.intercom.org.br\/index.php\/revistaintercom\" id=\"link-1147\" class=\"track_this_link \" rel=\"noopener noreferrer\" target=\"_blank\">INTERCOM: REVISTA BRASILEIRA DE CI\u00caNCIAS DA COMUNICA\u00c7\u00c3O<\/a><\/li>\n<li><a href=\"https:\/\/periodicos.univali.br\/index.php\/nej\/index\" id=\"link-531\" class=\"track_this_link \" rel=\"noopener noreferrer\" target=\"_blank\">NOVOS ESTUDOS JUR\u00cdDICOS \u2013 UNIVALI<\/a><\/li>\n<li><a href=\"https:\/\/periodicos.uninove.br\/index.php?journal=prisma\" id=\"link-1207\" class=\"track_this_link \" rel=\"noopener noreferrer\" target=\"_blank\">PRISMA JUR\u00cdDICO<\/a><\/li>\n<li><a href=\"https:\/\/rac.anpad.org.br\/index.php\/rac\" id=\"link-1182\" class=\"track_this_link \" rel=\"noopener noreferrer\" target=\"_blank\">RAC \u2013 REVISTA DE ADMINISTRA\u00c7\u00c3O CONTEMPOR\u00c2NEA<\/a><\/li>\n<li><a href=\"https:\/\/rae.fgv.br\/\" id=\"link-1183\" class=\"track_this_link \" rel=\"noopener noreferrer\" target=\"_blank\">RAE \u2013 REVISTA DE ADMINISTRA\u00c7\u00c3O DE EMPRESAS<\/a><\/li>\n<li><a href=\"https:\/\/www.revistas.usp.br\/rai\" id=\"link-1184\" class=\"track_this_link \" rel=\"noopener noreferrer\" target=\"_blank\">RAI \u2013 REVISTA DE ADMINISTRA\u00c7\u00c3O E INOVA\u00c7\u00c3O<\/a><\/li>\n<li><a href=\"https:\/\/revistarba.org.br\/\" id=\"link-1149\" class=\"track_this_link \" rel=\"noopener noreferrer\" target=\"_blank\">RBA \u2013 REVISTA BRASILEIRA DE ADMINISTRA\u00c7\u00c3O<\/a><\/li>\n<li><a href=\"https:\/\/periodicos.ufv.br\/apgs\/\" id=\"link-1208\" class=\"track_this_link \" rel=\"noopener noreferrer\" target=\"_blank\">REVISTA ADMINISTRA\u00c7\u00c3O P\u00daBLICA E GEST\u00c3O SOCIAL<\/a><\/li>\n<li><a href=\"https:\/\/revistas.uneb.br\/index.php\/babel\/index\" id=\"link-1151\" class=\"track_this_link \" rel=\"noopener noreferrer\" target=\"_blank\">REVISTA BABEL<\/a><\/li>\n<li><a href=\"https:\/\/revistabioetica.cfm.org.br\/index.php\/revista_bioetica\" id=\"link-1209\" class=\"track_this_link \" rel=\"noopener noreferrer\" target=\"_blank\">REVISTA BIO\u00c9TICA<\/a><\/li>\n<li><a href=\"https:\/\/portalseer.ufba.br\/index.php\/RBDA\/index\" id=\"link-1210\" class=\"track_this_link \" rel=\"noopener noreferrer\" target=\"_blank\">REVISTA BRASILEIRA DE DIREITO ANIMAL  (RBDA )<\/a><\/li>\n<li><a href=\"https:\/\/seer.imed.edu.br\/index.php\/revistadedireito\/index\" id=\"link-1212\" class=\"track_this_link \" rel=\"noopener noreferrer\" target=\"_blank\">REVISTA BRASILEIRA DE DIREITO IMED<\/a><\/li>\n<li><a href=\"https:\/\/www.ibri-rbpi.org\/rbpi\" id=\"link-535\" class=\"track_this_link \" rel=\"noopener noreferrer\" target=\"_blank\">REVISTA BRASILEIRA DE POL\u00cdTICA INTERNACIONAL<\/a><\/li>\n<li><a href=\"http:\/\/www.abdconst.com.br\/revistaabdconst\" id=\"link-1214\" class=\"track_this_link \" rel=\"noopener noreferrer\" target=\"_blank\">REVISTA DA ACADEMIA BRASILEIRA DE DIREITO CONSTITUCIONAL<\/a><\/li>\n<li><a href=\"https:\/\/revistaagu.agu.gov.br\/index.php\/AGU\" id=\"link-1215\" class=\"track_this_link \" rel=\"noopener noreferrer\" target=\"_blank\">REVISTA DA AGU<\/a><\/li>\n<li><a href=\"https:\/\/www.e-publicacoes.uerj.br\/index.php\/rfduerj\/index\" id=\"link-1078\" class=\"track_this_link \" rel=\"noopener noreferrer\" target=\"_blank\">REVISTA DA FACULDADE DE DIREITO DA UERJ<\/a><\/li>\n<li><a href=\"http:\/\/periodicos.pucminas.br\/index.php\/Direito\" id=\"link-536\" class=\"track_this_link \" rel=\"noopener noreferrer\" target=\"_blank\">REVISTA DA FACULDADE DE DIREITO DA UFPR<\/a><\/li>\n<li><a href=\"http:\/\/periodicos.pucminas.br\/index.php\/Direito\" id=\"link-537\" class=\"track_this_link \" rel=\"noopener noreferrer\" target=\"_blank\">REVISTA DA FACULDADE MINEIRA DE DIREITO<\/a><\/li>\n<li><a href=\"https:\/\/www.revistas.usp.br\/ra\" id=\"link-1152\" class=\"track_this_link \" rel=\"noopener noreferrer\" target=\"_blank\">REVISTA DE ANTROPOLOGIA<\/a><\/li>\n<li><a href=\"http:\/\/bibliotecadigital.fgv.br\/ojs\/index.php\/rda\" id=\"link-1218\" class=\"track_this_link \" rel=\"noopener noreferrer\" target=\"_blank\">REVISTA DE DIREITO ADMINISTRATIVO<\/a><\/li>\n<li><a href=\"http:\/\/www.redap.com.br\/index.php\/redap\" id=\"link-1219\" class=\"track_this_link \" rel=\"noopener noreferrer\" target=\"_blank\">REVISTA DE DIREITO DA ADMINISTRA\u00c7\u00c3O P\u00daBLICA (REDAP)<\/a><\/li>\n<li><a href=\"http:\/\/editorarevistas.mackenzie.br\/index.php\/rmd\/index\" id=\"link-1221\" class=\"track_this_link \" rel=\"noopener noreferrer\" target=\"_blank\">REVISTA DE DIREITO MACKENZIE<\/a><\/li>\n<li><a href=\"http:\/\/www.rdpc.com.br\/index.php\/rdpc\" id=\"link-1222\" class=\"track_this_link \" rel=\"noopener noreferrer\" target=\"_blank\">REVISTA DE DIREITO P\u00daBLICO CONTEMPOR\u00c2NEO (RDPC)<\/a><\/li>\n<li><a href=\"http:\/\/sisbib.emnuvens.com.br\/direitosegarantias\" id=\"link-1223\" class=\"track_this_link \" rel=\"noopener noreferrer\" target=\"_blank\">REVISTA DE DIREITOS E GARANTIAS FUNDAMENTAIS (FDV)<\/a><\/li>\n<li><a href=\"http:\/\/revistas.unisinos.br\/index.php\/RECHTD\" id=\"link-1224\" class=\"track_this_link \" rel=\"noopener noreferrer\" target=\"_blank\">REVISTA DE ESTUDOS CONSTITUCIONAIS, HERMEN\u00caUTICA E TEORIA DO DIREITO<\/a><\/li>\n<li><a href=\"https:\/\/www3.ufrb.edu.br\/seer\/index.php\/griot\/\" id=\"link-1154\" class=\"track_this_link \" rel=\"noopener noreferrer\" target=\"_blank\">REVISTA DE FILOSOFIA<\/a><\/li>\n<li><a href=\"https:\/\/revistas.ufpr.br\/rinc\" id=\"link-1226\" class=\"track_this_link \" rel=\"noopener noreferrer\" target=\"_blank\">REVISTA DE INVESTIGA\u00c7\u00d5ES CONSTITUCIONAIS<\/a><\/li>\n<li><a href=\"https:\/\/revistas.ufpr.br\/rsp\" id=\"link-1155\" class=\"track_this_link \" rel=\"noopener noreferrer\" target=\"_blank\">REVISTA DE SOCIOLOGIA E POL\u00cdTICA<\/a><\/li>\n<li><a href=\"http:\/\/revista.fametro.com.br\/index.php\/RDA\" id=\"link-1079\" class=\"track_this_link \" rel=\"noopener noreferrer\" target=\"_blank\">REVISTA DI\u00c1LOGOS ACAD\u00caMICOS<\/a><\/li>\n<li><a href=\"https:\/\/periodicos.sbu.unicamp.br\/ojs\/index.php\/rdbci\" id=\"link-1228\" class=\"track_this_link \" rel=\"noopener noreferrer\" target=\"_blank\">REVISTA DIGITAL DE BIBLIOTECONOMIA E CI\u00caNCIA DA INFORMA\u00c7\u00c3O<\/a><\/li>\n<li><a href=\"https:\/\/www.revistas.usp.br\/rdda\" id=\"link-1229\" class=\"track_this_link \" rel=\"noopener noreferrer\" target=\"_blank\">REVISTA DIGITAL DE DIREITO ADMINISTRATIVO DA USP (RDDA)<\/a><\/li>\n<li><a href=\"https:\/\/digital.iabnacional.org.br\/\" id=\"link-1230\" class=\"track_this_link \" rel=\"noopener noreferrer\" target=\"_blank\">REVISTA DIGITAL DO IAB<\/a><\/li>\n<li><a href=\"https:\/\/www.e-publicacoes.uerj.br\/index.php\/rdc\/about\" id=\"link-1231\" class=\"track_this_link \" rel=\"noopener noreferrer\" target=\"_blank\">REVISTA DIREITO DA CIDADE (UFRJ)<\/a><\/li>\n<li><a href=\"https:\/\/www.e-publicacoes.uerj.br\/index.php\/revistaceaju\" id=\"link-1232\" class=\"track_this_link \" rel=\"noopener noreferrer\" target=\"_blank\">REVISTA DIREITO E PR\u00c1XIS<\/a><\/li>\n<li><a href=\"https:\/\/direitosp.fgv.br\/revista-direito-gv\" id=\"link-1081\" class=\"track_this_link \" rel=\"noopener noreferrer\" target=\"_blank\">REVISTA DIREITO GV<\/a><\/li>\n<li><a href=\"http:\/\/direitoestadosociedade.jur.puc-rio.br\/cgi\/cgilua.exe\/sys\/start.htm?tpl=home\" id=\"link-1234\" class=\"track_this_link \" rel=\"noopener noreferrer\" target=\"_blank\">REVISTA DIREITO, ESTADO E SOCIEDADE<\/a><\/li>\n<li><a href=\"https:\/\/periodicos.ufsm.br\/REDESG\" id=\"link-1235\" class=\"track_this_link \" rel=\"noopener noreferrer\" target=\"_blank\">REVISTA DIREITOS EMERGENTES NA SOCIEDADE GLOBAL (REDESG)<\/a><\/li>\n<li><a href=\"http:\/\/revistaeletronicardfd.unibrasil.com.br\/index.php\/rdfd\/index\" id=\"link-1236\" class=\"track_this_link \" rel=\"noopener noreferrer\" target=\"_blank\">REVISTA DIREITOS FUNDAMENTAIS &#038; DEMOCRACIA  (UNIBRASIL)<\/a><\/li>\n<li><a href=\"https:\/\/revistas.unifacs.br\/index.php\/redu\" id=\"link-1086\" class=\"track_this_link \" rel=\"noopener noreferrer\" target=\"_blank\">REVISTA ELETR\u00d4NICA CURSO DE DIREITO UNIFACS<\/a><\/li>\n<li><a href=\"https:\/\/revistaeletronica.pge.rj.gov.br\/index.php\/pge\/article\/view\/232\" id=\"link-1237\" class=\"track_this_link \" rel=\"noopener noreferrer\" target=\"_blank\">REVISTA ELETR\u00d4NICA DA PGE<\/a><\/li>\n<li><a href=\"http:\/\/npa.newtonpaiva.br\/direito\/\" id=\"link-1238\" class=\"track_this_link \" rel=\"noopener noreferrer\" target=\"_blank\">REVISTA ELETR\u00d4NICA DE DIREITO DO CENTRO UNIVERSIT\u00c1RIO NEWTON PAIVA<\/a><\/li>\n<li><a href=\"https:\/\/www.e-publicacoes.uerj.br\/index.php\/redp\/index\" id=\"link-1239\" class=\"track_this_link \" rel=\"noopener noreferrer\" target=\"_blank\">REVISTA ELETR\u00d4NICA DE DIREITO PROCESSUAL<\/a><\/li>\n<li><a href=\"https:\/\/periodicos.ufsm.br\/revistadireito\/index\" id=\"link-1088\" class=\"track_this_link \" rel=\"noopener noreferrer\" target=\"_blank\">REVISTA ELETR\u00d4NICA DO CURSO DE DIREITO UFSM<\/a><\/li>\n<li><a href=\"https:\/\/periodicos.fclar.unesp.br\/entrelinguas\" id=\"link-1158\" class=\"track_this_link \" rel=\"noopener noreferrer\" target=\"_blank\">REVISTA ENTREL\u00cdNGUAS<\/a><\/li>\n<li><a href=\"https:\/\/estudosinstitucionais.com\/REI\" id=\"link-1243\" class=\"track_this_link \" rel=\"noopener noreferrer\" target=\"_blank\">REVISTA ESTUDOS INSTITUCIONAIS<\/a><\/li>\n<li><a href=\"https:\/\/www.prodemge.gov.br\/revista-fonte\" id=\"link-1245\" class=\"track_this_link \" rel=\"noopener noreferrer\" target=\"_blank\">REVISTA FONTE \u2013 TECNOLOGIA DA INFORMA\u00c7\u00c3O NA GEST\u00c3O<\/a><\/li>\n<li><a href=\"https:\/\/periodicos.uni7.edu.br\/index.php\/revistajuridica\" id=\"link-1247\" class=\"track_this_link \" rel=\"noopener noreferrer\" target=\"_blank\">REVISTA JURIDICA DA FA7<\/a><\/li>\n<li><a href=\"https:\/\/revistas.ufpr.br\/letras\" id=\"link-1164\" class=\"track_this_link \" rel=\"noopener noreferrer\" target=\"_blank\">REVISTA LETRAS<\/a><\/li>\n<li><a href=\"https:\/\/portaldeperiodicos.animaeducacao.com.br\/index.php\/Linguagem_Discurso\/index\" id=\"link-1249\" class=\"track_this_link \" rel=\"noopener noreferrer\" target=\"_blank\">REVISTA LINGUAGEM EM (DIS)CURSO<\/a><\/li>\n<li><a href=\"http:\/\/revistas.unaerp.br\/paradigma\/\" id=\"link-1250\" class=\"track_this_link \" rel=\"noopener noreferrer\" target=\"_blank\">REVISTA PARADIGMA<\/a><\/li>\n<li><a href=\"https:\/\/periodicos.unifor.br\/rpen\" id=\"link-1090\" class=\"track_this_link \" rel=\"noopener noreferrer\" target=\"_blank\">REVISTA PENSAR<\/a><\/li>\n<li><a href=\"https:\/\/revistas.unaerp.br\/rcd\" id=\"link-1092\" class=\"track_this_link \" rel=\"noopener noreferrer\" target=\"_blank\">REVISTA REFLEX\u00c3O E CR\u00cdTICA DO DIREITO<\/a><\/li>\n<li><a href=\"https:\/\/ojs.uel.br\/revistas\/uel\/index.php\/iuris\" id=\"link-1251\" class=\"track_this_link \" rel=\"noopener noreferrer\" target=\"_blank\">REVISTA SCIENTIA IURIS<\/a><\/li>\n<li><a href=\"https:\/\/periodicos.unb.br\/index.php\/sociedade\/index\" id=\"link-1252\" class=\"track_this_link \" rel=\"noopener noreferrer\" target=\"_blank\">REVISTA SOCIEDADE E ESTADO<\/a><\/li>\n<li><a href=\"https:\/\/periodicos.ufsc.br\/index.php\/sequencia\" id=\"link-1093\" class=\"track_this_link \" rel=\"noopener noreferrer\" target=\"_blank\">SEQ\u00dc\u00caNCIA &#8211; ESTUDOS JUR\u00cdDICOS E POL\u00cdTICOS<\/a><\/li>\n<li><a href=\"http:\/\/socialsciences.scielo.org\/scielo.php\/script_sci_serial\/lng_pt\/pid_1806-6445\/nrm_iso\" id=\"link-1094\" class=\"track_this_link \" rel=\"noopener noreferrer\" target=\"_blank\">SUR &#8211; REVISTA INTERNACIONAL DE DIREITOS HUMANOS<\/a><\/li>\n<li><a href=\"http:\/\/revistaseletronicas.pucrs.br\/ojs\/index.php\/veritas\/index\" id=\"link-1253\" class=\"track_this_link \" rel=\"noopener noreferrer\" target=\"_blank\">VERITAS<\/a><\/li>\n\t<\/ul>\n<\/div><!-- Div End Category -->\n<div class=\"LinkLibraryCat LinkLibraryCat22 level0\"><!-- Div Category --><div id=\"periodicos-on-line-gestao-desportiva\"><!-- Div Category Name --><div class=\"linklistcatname\"><!-- Div Cat Name --><span class=\"linklistcatclass\">Peri\u00f3dicos On Line - Gest\u00e3o Desportiva<\/span><\/div><!-- DivOrHeader --><\/div><!-- Div Category Name -->\n\t<ul>\n<li><a href=\"https:\/\/periodicos.ufv.br\/apgs\/\" id=\"link-543\" class=\"track_this_link \" rel=\"noopener noreferrer\" target=\"_blank\">APGS &#8211; ADMINISTRA\u00c7\u00c3O P\u00daBLICA E GEST\u00c3O SOCIAL<\/a><\/li>\n<li><a href=\"https:\/\/empreendedor.com.br\/\" id=\"link-544\" class=\"track_this_link \" rel=\"noopener noreferrer\" target=\"_blank\">EMPREENDEDOR<\/a><\/li>\n<li><a href=\"https:\/\/fatece.edu.br\/revista-empreendedorismo\" id=\"link-1123\" class=\"track_this_link \" rel=\"noopener noreferrer\" target=\"_blank\">EMPREENDEDORISMO, GEST\u00c3O E NEG\u00d3CIOS \u2013 FATECE<\/a><\/li>\n<li><a href=\"https:\/\/periodicos.uff.br\/esportesociedade\/issue\/view\/2756\" id=\"link-1124\" class=\"track_this_link \" rel=\"noopener noreferrer\" target=\"_blank\">ESPORTE E SOCIEDADE<\/a><\/li>\n<li><a href=\"http:\/\/revista.fumec.br\/index.php\/facesp\/issue\/view\/379\" id=\"link-1125\" class=\"track_this_link \" rel=\"noopener noreferrer\" target=\"_blank\">FACES: REVISTA DE ADMINISTRA\u00c7\u00c3O<\/a><\/li>\n<li><a href=\"https:\/\/periodicos.ufmg.br\/index.php\/licere\" id=\"link-546\" class=\"track_this_link \" rel=\"noopener noreferrer\" target=\"_blank\">LICERE Revista de P\u00f3s-gradua\u00e7\u00e3o Interdisciplinar em Estudos do Lazer<\/a><\/li>\n<li><a href=\"https:\/\/revistamelhor.com.br\/\" id=\"link-547\" class=\"track_this_link \" rel=\"noopener noreferrer\" target=\"_blank\">MELHOR &#8211; GEST\u00c3O DE PESSOAS<\/a><\/li>\n<li><a href=\"https:\/\/revistapegn.globo.com\/\" id=\"link-548\" class=\"track_this_link \" rel=\"noopener noreferrer\" target=\"_blank\">PEGN<\/a><\/li>\n<li><a href=\"http:\/\/www.podiumreview.org.br\/ojs\/index.php\/rgesporte\/index\" id=\"link-549\" class=\"track_this_link \" rel=\"noopener noreferrer\" target=\"_blank\">PODIUM SPORT, LEISURE AND TOURISM REVIEW<\/a><\/li>\n<li><a href=\"http:\/\/www.rbceonline.org.br\/\" id=\"link-554\" class=\"track_this_link \" rel=\"noopener noreferrer\" target=\"_blank\">REVISTA BRASILEIRA DE CI\u00caNCIAS DO ESPORTE (RBCE)<\/a><\/li>\n<li><a href=\"https:\/\/ibdd.com.br\/revista-brasileira-de-direito-desportivo\/\" id=\"link-1254\" class=\"track_this_link \" rel=\"noopener noreferrer\" target=\"_blank\">REVISTA BRASILEIRA DE DIREITO DESPORTIVO<\/a><\/li>\n<li><a href=\"https:\/\/www.revistas.usp.br\/rbefe\" id=\"link-552\" class=\"track_this_link \" rel=\"noopener noreferrer\" target=\"_blank\">REVISTA BRASILEIRA DE EDUCA\u00c7\u00c3O F\u00cdSICA E ESPORTE<\/a><\/li>\n<li><a href=\"https:\/\/www.rbf.ufv.br\/index.php\/RBFutebol\" id=\"link-1127\" class=\"track_this_link \" rel=\"noopener noreferrer\" target=\"_blank\">REVISTA BRASILEIRA DE FUTEBOL<\/a><\/li>\n<li><a href=\"http:\/\/www.ucs.br\/etc\/revistas\/index.php\/RBGI\/index\" id=\"link-555\" class=\"track_this_link \" rel=\"noopener noreferrer\" target=\"_blank\">REVISTA BRASILEIRA DE GEST\u00c3O E INOVA\u00c7\u00c3O<\/a><\/li>\n<li><a href=\"https:\/\/periodicos.ufmg.br\/index.php\/rbel\/issue\/view\/1940\" id=\"link-1128\" class=\"track_this_link \" rel=\"noopener noreferrer\" target=\"_blank\">REVISTA BRASILEIRA DOS ESTUDOS DO LAZER<\/a><\/li>\n<li><a href=\"https:\/\/www.revistas.usp.br\/rege\" id=\"link-558\" class=\"track_this_link \" rel=\"noopener noreferrer\" target=\"_blank\">REVISTA DE GEST\u00c3O (REGE)<\/a><\/li>\n<li><a href=\"http:\/\/revistagestaodoesporte.com.br\/\" id=\"link-1135\" class=\"track_this_link \" rel=\"noopener noreferrer\" target=\"_blank\">REVISTA DE GEST\u00c3O E NEG\u00d3CIOS DO ESPORTE (RGNE)<\/a><\/li>\n<li><a href=\"http:\/\/www.revista.universo.edu.br\/index.php?journal=gestaoesportiva&#038;page=issue&#038;op=current\" id=\"link-1131\" class=\"track_this_link \" rel=\"noopener noreferrer\" target=\"_blank\">REVISTA INTERCONTINENTAL DE GEST\u00c3O DESPORTIVA<\/a><\/li>\n<li><a href=\"http:\/\/www.revista.universo.edu.br\/index.php?journal=gestaoesportiva&#038;page=issue&#038;op=current\" id=\"link-1256\" class=\"track_this_link \" rel=\"noopener noreferrer\" target=\"_blank\">REVISTA INTERCONTINENTAL DE GEST\u00c3O DESPORTIVA<\/a><\/li>\n<li><a href=\"https:\/\/periodicosonline.uems.br\/index.php\/RJDSJ\/issue\/view\/300\" id=\"link-1132\" class=\"track_this_link \" rel=\"noopener noreferrer\" target=\"_blank\">REVISTA JUR\u00cdDICA DIREITO, SOCIEDADE E JUSTI\u00c7A<\/a><\/li>\n<li><a href=\"http:\/\/editorarevistas.mackenzie.br\/index.php\/remef\/index\" id=\"link-1133\" class=\"track_this_link \" rel=\"noopener noreferrer\" target=\"_blank\">REVISTA MACKENZIE DE EDUCA\u00c7\u00c3O F\u00cdSICA E ESPORTE<\/a><\/li>\n\t<\/ul>\n<\/div><!-- Div End Category -->\n<div class=\"LinkLibraryCat LinkLibraryCat23 level0\"><!-- Div Category --><div id=\"periodicos-on-line-jornalismo\"><!-- Div Category Name --><div class=\"linklistcatname\"><!-- Div Cat Name --><span class=\"linklistcatclass\">Peri\u00f3dicos On Line - Jornalismo<\/span><\/div><!-- DivOrHeader --><\/div><!-- Div Category Name -->\n\t<ul>\n<li><a href=\"https:\/\/revistas.ufpr.br\/acaomidiatica\" id=\"link-1257\" class=\"track_this_link \" rel=\"noopener noreferrer\" target=\"_blank\">A\u00c7\u00c3O MIDI\u00c1TICA \u2013 ESTUDOS EM COMUNICA\u00c7\u00c3O, SOCIEDADE E CULTURA<\/a><\/li>\n<li><a href=\"https:\/\/periodicos.uem.br\/ojs\/index.php\/ActaSciHumanSocSci\/search\/search\" id=\"link-1842\" class=\"track_this_link \" rel=\"noopener noreferrer\" target=\"_blank\">ACTA SCIENTIARUM. HUMAN AND SOCIAL SCIENCES (UEM)<\/a><\/li>\n<li><a href=\"https:\/\/revistaalceu.com.puc-rio.br\/alceu\" id=\"link-513\" class=\"track_this_link \" rel=\"noopener noreferrer\" target=\"_blank\">ALCEU<\/a><\/li>\n<li><a href=\"https:\/\/periodicos.ufpb.br\/index.php\/arf\" id=\"link-1145\" class=\"track_this_link \" rel=\"noopener noreferrer\" target=\"_blank\">ALFKLARUNG &#8211; REVISTA DE FILOSOFIA<\/a><\/li>\n<li><a href=\"https:\/\/revistas.usp.br\/alterjor\/issue\/view\/13584\" id=\"link-562\" class=\"track_this_link \" rel=\"noopener noreferrer\" target=\"_blank\">ALTEJOR<\/a><\/li>\n<li><a href=\"https:\/\/www.revistas.usp.br\/anagrama\" id=\"link-564\" class=\"track_this_link \" rel=\"noopener noreferrer\" target=\"_blank\">ANAGRAMA<\/a><\/li>\n<li><a href=\"https:\/\/periodicos.ufpb.br\/ojs2\/index.php\/ancora\" id=\"link-565\" class=\"track_this_link \" rel=\"noopener noreferrer\" target=\"_blank\">\u00c2NCORA &#8211; Revista Latino-americana de Jornalismo<\/a><\/li>\n<li><a href=\"https:\/\/periodicos.ufsm.br\/index.php\/animus\/index\" id=\"link-1845\" class=\"track_this_link \" rel=\"noopener noreferrer\" target=\"_blank\">ANIMUS<\/a><\/li>\n<li><a href=\"https:\/\/periodicos.ufv.br\/apgs\/\" id=\"link-1848\" class=\"track_this_link \" rel=\"noopener noreferrer\" target=\"_blank\">APGS \u2013 ADMINISTRA\u00c7\u00c3O P\u00daBLICA E GEST\u00c3O SOCIAL<\/a><\/li>\n<li><a href=\"https:\/\/www.e-publicacoes.uerj.br\/arcosdesign\" id=\"link-1851\" class=\"track_this_link \" rel=\"noopener noreferrer\" target=\"_blank\">ARCOS DESIGN<\/a><\/li>\n<li><a href=\"https:\/\/seer.ufu.br\/index.php\/artcultura\" id=\"link-1854\" class=\"track_this_link \" rel=\"noopener noreferrer\" target=\"_blank\">ARTCULTURA: REVISTA DE HIST\u00d3RIA, CULTURA E ARTE<\/a><\/li>\n<li><a href=\"https:\/\/www.revista.ueg.br\/index.php\/atatot\/index\" id=\"link-1146\" class=\"track_this_link \" rel=\"noopener noreferrer\" target=\"_blank\">AT\u00c2T\u00d4 &#8211; REVISTA INTERDICIPLINAR DE DIREITOS HUMANOS<\/a><\/li>\n<li><a href=\"https:\/\/sistemas.uft.edu.br\/periodicos\/index.php\/atura\/index\" id=\"link-1857\" class=\"track_this_link \" rel=\"noopener noreferrer\" target=\"_blank\">ATUR\u00c1 \u2013 REVISTA PAN-AMAZ\u00d4NICA DE COMUNICA\u00c7\u00c3O<\/a><\/li>\n<li><a href=\"http:\/\/revistas.pucsp.br\/index.php\/bakhtiniana\" id=\"link-1860\" class=\"track_this_link \" rel=\"noopener noreferrer\" target=\"_blank\">BAKHTINIANA. REVISTA DE ESTUDOS DO DISCURSO<\/a><\/li>\n<li><a href=\"https:\/\/biblioteca.ibge.gov.br\/biblioteca-catalogo?id=72&#038;view=detalhes\" id=\"link-1258\" class=\"track_this_link \" rel=\"noopener noreferrer\" target=\"_blank\">BRASIL EM NUMEROS<\/a><\/li>\n<li><a href=\"http:\/\/www.revista.tecccog.net\/index.php\/revista_tecccog\/index\" id=\"link-1863\" class=\"track_this_link \" rel=\"noopener noreferrer\" target=\"_blank\">BRAZILIAN JOURNAL OF TECHNOLOGY, COMMUNICATION, AND COGNITIVE SCIENCE<\/a><\/li>\n<li><a href=\"https:\/\/bjr.sbpjor.org.br\/bjr\" id=\"link-1259\" class=\"track_this_link \" rel=\"noopener noreferrer\" target=\"_blank\">BRAZILIAN JOURNALISM RESEARCH<\/a><\/li>\n<li><a href=\"https:\/\/ppgcine.cinemauff.com.br\/c-legenda\/\" id=\"link-1875\" class=\"track_this_link \" rel=\"noopener noreferrer\" target=\"_blank\">C-LEGENDA<\/a><\/li>\n<li><a href=\"https:\/\/www.scielo.br\/j\/ccrh\/\" id=\"link-1866\" class=\"track_this_link \" rel=\"noopener noreferrer\" target=\"_blank\">CADERNO CRH<\/a><\/li>\n<li><a href=\"https:\/\/periodicos.ufsm.br\/ccomunicacao\" id=\"link-1869\" class=\"track_this_link \" rel=\"noopener noreferrer\" target=\"_blank\">CADERNOS DE COMUNICA\u00c7\u00c3O (UFSM)<\/a><\/li>\n<li><a href=\"http:\/\/www.periodicoseletronicos.ufma.br\/index.php\/cambiassu\/index\" id=\"link-1872\" class=\"track_this_link \" rel=\"noopener noreferrer\" target=\"_blank\">CAMBIASS\u00da (UFMA)<\/a><\/li>\n<li><a href=\"https:\/\/revistacmc.espm.br\/revistacmc\/issue\/archive\" id=\"link-1261\" class=\"track_this_link \" rel=\"noopener noreferrer\" target=\"_blank\">CMC: COMUNICA\u00c7\u00c3O, M\u00cdDIA E CONSUMO (ESPM)<\/a><\/li>\n<li><a href=\"https:\/\/revistas.ufrj.br\/index.php\/CODEX\/search\" id=\"link-1878\" class=\"track_this_link \" rel=\"noopener noreferrer\" target=\"_blank\">CODEX &#8212; REVISTA DE ESTUDOS CL\u00c1SSICOS<\/a><\/li>\n<li><a href=\"https:\/\/www.comciencia.br\/\" id=\"link-567\" class=\"track_this_link \" rel=\"noopener noreferrer\" target=\"_blank\">COM CI\u00caNCIA &#8211; Revista eletr\u00f4nica de Jornalismo Cient\u00edfico<\/a><\/li>\n<li><a href=\"https:\/\/casperlibero.edu.br\/revista-communicare\/\" id=\"link-582\" class=\"track_this_link \" rel=\"noopener noreferrer\" target=\"_blank\">COMMUNICARE<\/a><\/li>\n<li><a href=\"https:\/\/periodicos.unifacha.edu.br\/revistacomum\" id=\"link-1880\" class=\"track_this_link \" rel=\"noopener noreferrer\" target=\"_blank\">COMUM (UNIFACHA)<\/a><\/li>\n<li><a href=\"https:\/\/www.revistas.ufg.br\/ci\" id=\"link-1262\" class=\"track_this_link \" rel=\"noopener noreferrer\" target=\"_blank\">COMUNICA\u00c7\u00c3O &#038; INFORMA\u00c7\u00c3O<\/a><\/li>\n<li><a href=\"https:\/\/seer.uscs.edu.br\/index.php\/revista_comunicacao_inovacao\/index\" id=\"link-1263\" class=\"track_this_link \" rel=\"noopener noreferrer\" target=\"_blank\">COMUNICA\u00c7\u00c3O &#038; INOVA\u00c7\u00c3O<\/a><\/li>\n<li><a href=\"https:\/\/revistas.metodista.br\/index.php\/comunicacaosociedade\" id=\"link-1315\" class=\"track_this_link \" rel=\"noopener noreferrer\" target=\"_blank\">COMUNICA\u00c7\u00c3O &#038; SOCIEDADE<\/a><\/li>\n<li><a href=\"https:\/\/www.revistas.usp.br\/comueduc\/\" id=\"link-1883\" class=\"track_this_link \" rel=\"noopener noreferrer\" target=\"_blank\">COMUNICACAO E EDUCACAO (USP)<\/a><\/li>\n<li><a href=\"https:\/\/www.aberje.com.br\/ce\/\" id=\"link-1265\" class=\"track_this_link \" rel=\"noopener noreferrer\" target=\"_blank\">COMUNICA\u00c7\u00c3O EMPRESARIAL<\/a><\/li>\n<li><a href=\"https:\/\/www.revistacomunicar.com\/index.php?idioma=pt\" id=\"link-1886\" class=\"track_this_link \" rel=\"noopener noreferrer\" target=\"_blank\">COMUNICAR<\/a><\/li>\n<li><a href=\"http:\/\/rabida.uhu.es\/dspace\/handle\/10272\/610\" id=\"link-1887\" class=\"track_this_link \" rel=\"noopener noreferrer\" target=\"_blank\">COMUNICAR: REVISTA CIENT\u00cdFICA IBEROAMERICANA DE COMUNICACI\u00d3N Y EDUCACI\u00d3N<\/a><\/li>\n<li><a href=\"https:\/\/puccampinas.emnuvens.com.br\/comunicarte\/index\" id=\"link-1888\" class=\"track_this_link \" rel=\"noopener noreferrer\" target=\"_blank\">COMUNICARTE<\/a><\/li>\n<li><a href=\"https:\/\/portalrevistas.ucb.br\/index.php\/RCEUCB\" id=\"link-1889\" class=\"track_this_link \" rel=\"noopener noreferrer\" target=\"_blank\">COMUNICOLOGIA<\/a><\/li>\n<li><a href=\"http:\/\/www.ucs.br\/etc\/revistas\/index.php\/conexao\" id=\"link-1890\" class=\"track_this_link \" rel=\"noopener noreferrer\" target=\"_blank\">CONEX\u00c3O \u2013 COMUNICA\u00c7\u00c3O E CULTURA (UCS)<\/a><\/li>\n<li><a href=\"https:\/\/revistas.unilasalle.edu.br\/index.php\/conhecimento_diversidade\" id=\"link-1267\" class=\"track_this_link \" rel=\"noopener noreferrer\" target=\"_blank\">CONHECIMENTO E DIVERSIDADE<\/a><\/li>\n<li><a href=\"https:\/\/periodicos.ufba.br\/index.php\/contemporaneaposcom\/\" id=\"link-1268\" class=\"track_this_link \" rel=\"noopener noreferrer\" target=\"_blank\">CONTEMPORANEA: REVISTA DE COMUNICA\u00c7\u00c3O E CULTURA<\/a><\/li>\n<li><a href=\"https:\/\/periodicos.uff.br\/contracampo\" id=\"link-1891\" class=\"track_this_link \" rel=\"noopener noreferrer\" target=\"_blank\">CONTRACAMPO (UFF)<\/a><\/li>\n<li><a href=\"https:\/\/periodicos.uff.br\/contracampo\" id=\"link-1892\" class=\"track_this_link \" rel=\"noopener noreferrer\" target=\"_blank\">CONTRACAMPO: BRAZILIAN JOURNAL OF COMMUNICATION<\/a><\/li>\n<li><a href=\"https:\/\/portaldeperiodicos.animaeducacao.com.br\/index.php\/Critica_Cultural\/index\" id=\"link-568\" class=\"track_this_link \" rel=\"noopener noreferrer\" target=\"_blank\">CR\u00cdTICA CULTURAL<\/a><\/li>\n<li><a href=\"https:\/\/periodicos.ufpb.br\/index.php\/cm\" id=\"link-1893\" class=\"track_this_link \" rel=\"noopener noreferrer\" target=\"_blank\">CULTURAS MIDI\u00c1TICAS<\/a><\/li>\n<li><a href=\"https:\/\/dados.iesp.uerj.br\/\" id=\"link-1894\" class=\"track_this_link \" rel=\"noopener noreferrer\" target=\"_blank\">DADOS: REVISTAS DE CI\u00caNCIAS SOCIAIS<\/a><\/li>\n<li><a href=\"http:\/\/revistas.faculdadesocial.edu.br\/index.php\/dialogospossiveis\" id=\"link-1895\" class=\"track_this_link \" rel=\"noopener noreferrer\" target=\"_blank\">DI\u00c1LOGOS POSS\u00cdVEIS<\/a><\/li>\n<li><a href=\"http:\/\/www.uel.br\/revistas\/uel\/index.php\/discursosfotograficos\/index\" id=\"link-1896\" class=\"track_this_link \" rel=\"noopener noreferrer\" target=\"_blank\">DISCURSOS FOTOGR\u00c1FICOS<\/a><\/li>\n<li><a href=\"http:\/\/periodicos.pucminas.br\/index.php\/dispositiva\" id=\"link-1897\" class=\"track_this_link \" rel=\"noopener noreferrer\" target=\"_blank\">DISPOSITIVA<\/a><\/li>\n<li><a href=\"http:\/\/revistas.unibh.br\/index.php\/ecom\/index\" id=\"link-1898\" class=\"track_this_link \" rel=\"noopener noreferrer\" target=\"_blank\">E-COM<\/a><\/li>\n<li><a href=\"https:\/\/www.e-compos.org.br\/\" id=\"link-1270\" class=\"track_this_link \" rel=\"noopener noreferrer\" target=\"_blank\">E-COMP\u00d3S<\/a><\/li>\n<li><a href=\"http:\/\/revistas.unifatea.edu.br:8081\/seer\/index.php\/eccom\" id=\"link-1269\" class=\"track_this_link \" rel=\"noopener noreferrer\" target=\"_blank\">ECCOM \u2013 EDUCA\u00c7\u00c3O, CULTURA E COMUNICA\u00c7\u00c3O<\/a><\/li>\n<li><a href=\"https:\/\/www.revistas.usp.br\/ecoa\" id=\"link-1271\" class=\"track_this_link \" rel=\"noopener noreferrer\" target=\"_blank\">ECONOMIA APLICADA<\/a><\/li>\n<li><a href=\"http:\/\/seer.ufrgs.br\/index.php\/EmQuestao\/index\" id=\"link-1899\" class=\"track_this_link \" rel=\"noopener noreferrer\" target=\"_blank\">EM QUEST\u00c3O<\/a><\/li>\n<li><a href=\"https:\/\/fatece.edu.br\/revista-empreendedorismo-volume-10\" id=\"link-1900\" class=\"track_this_link \" rel=\"noopener noreferrer\" target=\"_blank\">EMPREENDEDORISMO, GEST\u00c3O E NEG\u00d3CIOS<\/a><\/li>\n<li><a href=\"http:\/\/entremeios.com.puc-rio.br\/cgi\/cgilua.exe\/sys\/start.htm?tpl=home\" id=\"link-1901\" class=\"track_this_link \" rel=\"noopener noreferrer\" target=\"_blank\">ENTRE.MEIOS (ONLINE)<\/a><\/li>\n<li><a href=\"https:\/\/seer.ufs.br\/index.php\/eptic\/index\" id=\"link-1902\" class=\"track_this_link \" rel=\"noopener noreferrer\" target=\"_blank\">EPTIC (UFS)<\/a><\/li>\n<li><a href=\"https:\/\/www.revistas.usp.br\/ee\" id=\"link-1272\" class=\"track_this_link \" rel=\"noopener noreferrer\" target=\"_blank\">ESTUDOS ECON\u00d4MICOS<\/a><\/li>\n<li><a href=\"https:\/\/periodicos.ufsc.br\/index.php\/jornalismo\" id=\"link-569\" class=\"track_this_link \" rel=\"noopener noreferrer\" target=\"_blank\">ESTUDOS EM JORNALISMO E M\u00cdDIA<\/a><\/li>\n<li><a href=\"https:\/\/www.revistas.usp.br\/esse\" id=\"link-1903\" class=\"track_this_link \" rel=\"noopener noreferrer\" target=\"_blank\">ESTUDOS SEMI\u00d3TICOS<\/a><\/li>\n<li><a href=\"https:\/\/seer.ufrgs.br\/index.php\/fotocronografias\" id=\"link-1904\" class=\"track_this_link \" rel=\"noopener noreferrer\" target=\"_blank\">FOTOCRONOGRAFIAS<\/a><\/li>\n<li><a href=\"https:\/\/revistas.unisinos.br\/index.php\/fronteiras\" id=\"link-1906\" class=\"track_this_link \" rel=\"noopener noreferrer\" target=\"_blank\">FRONTEIRAS: ESTUDOS MIDI\u00c1TICOS<\/a><\/li>\n<li><a href=\"https:\/\/revistas.pucsp.br\/index.php\/galaxia\/index\" id=\"link-1907\" class=\"track_this_link \" rel=\"noopener noreferrer\" target=\"_blank\">GAL\u00c1XIA. REVISTA INTERDISCIPLINAR DE COMUNICA\u00c7\u00c3O E CULTURA<\/a><\/li>\n<li><a href=\"https:\/\/gjol.net\/teses-e-dissertacoes\/\" id=\"link-1909\" class=\"track_this_link \" rel=\"noopener noreferrer\" target=\"_blank\">GRUPO DE PESQUISA EM JORNALISMO ON-LINE<\/a><\/li>\n<li><a href=\"https:\/\/periodicos.ufsm.br\/gutenberg\/index\" id=\"link-1910\" class=\"track_this_link \" rel=\"noopener noreferrer\" target=\"_blank\">GUTENBERG: REVISTA DE PRODU\u00c7\u00c3O EDITORIAL<\/a><\/li>\n<li><a href=\"http:\/\/bibliotecadigital.fgv.br\/ojs\/index.php\/gvcasos\" id=\"link-1273\" class=\"track_this_link \" rel=\"noopener noreferrer\" target=\"_blank\">GVCASOS \u2013 REVISTA BRASILEIRA DE CASOS DE ENSINO EM ADMINISTRA\u00c7\u00c3O<\/a><\/li>\n<li><a href=\"https:\/\/periodicos.ufpe.br\/revistas\/icone\/index\" id=\"link-1911\" class=\"track_this_link \" rel=\"noopener noreferrer\" target=\"_blank\">\u00cdCONE (RECIFE) \u00cdCONE: REVISTA BRASILEIRA DE HIST\u00d3RIA DA ARTE<\/a><\/li>\n<li><a href=\"https:\/\/www.ijbmkt.org\/ijbmkt\" id=\"link-1912\" class=\"track_this_link \" rel=\"noopener noreferrer\" target=\"_blank\">IJBMKT: INTERNATIONAL JOURNAL OF BUSINESS &#038; MARKETING<\/a><\/li>\n<li><a href=\"https:\/\/ijoc.org\/index.php\/ijoc\/search\" id=\"link-1913\" class=\"track_this_link \" rel=\"noopener noreferrer\" target=\"_blank\">IJOC -REVISTA INTERNACIONAL DE COMUNICA\u00c7\u00c3O<\/a><\/li>\n<li><a href=\"https:\/\/www.infodesign.org.br\/infodesign\" id=\"link-1914\" class=\"track_this_link \" rel=\"noopener noreferrer\" target=\"_blank\">INFODESIGN<\/a><\/li>\n<li><a href=\"http:\/\/periodicos.ufpb.br\/ojs2\/index.php\/ies\" id=\"link-1915\" class=\"track_this_link \" rel=\"noopener noreferrer\" target=\"_blank\">INFORMA\u00c7\u00c3O &#038; SOCIEDADE: ESTUDOS<\/a><\/li>\n<li><a href=\"http:\/\/portcom.intercom.org.br\/revistas\/index.php\/iniciacom\" id=\"link-1916\" class=\"track_this_link \" rel=\"noopener noreferrer\" target=\"_blank\">INICIACOM: REVISTA BRASILEIRA DE INICIACAO CIENTIFICA EM COMUNICACAO SOCIAL<\/a><\/li>\n<li><a href=\"https:\/\/revistas.intercom.org.br\/index.php\/inovcom\" id=\"link-1917\" class=\"track_this_link \" rel=\"noopener noreferrer\" target=\"_blank\">INOVCOM &#8211; REVISTA BRASILEIRA DE INOVA\u00c7\u00c3O CIENT\u00cdFICA EM COMUNICA\u00c7\u00c3O<\/a><\/li>\n<li><a href=\"https:\/\/revistas.intercom.org.br\/index.php\/revistaintercom\" id=\"link-1147\" class=\"track_this_link \" rel=\"noopener noreferrer\" target=\"_blank\">INTERCOM: REVISTA BRASILEIRA DE CI\u00caNCIAS DA COMUNICA\u00c7\u00c3O<\/a><\/li>\n<li><a href=\"https:\/\/revistas.usp.br\/interfaces\" id=\"link-1918\" class=\"track_this_link \" rel=\"noopener noreferrer\" target=\"_blank\">INTERFACES DA COMUNICA\u00c7\u00c3O<\/a><\/li>\n<li><a href=\"https:\/\/interin.utp.br\/index.php\/i\" id=\"link-1920\" class=\"track_this_link \" rel=\"noopener noreferrer\" target=\"_blank\">INTERIN<\/a><\/li>\n<li><a href=\"https:\/\/seer.ufrgs.br\/intexto\" id=\"link-1275\" class=\"track_this_link \" rel=\"noopener noreferrer\" target=\"_blank\">INTEXTO<\/a><\/li>\n<li><a href=\"https:\/\/www.e-publicacoes.uerj.br\/index.php\/intratextos\/search\" id=\"link-1921\" class=\"track_this_link \" rel=\"noopener noreferrer\" target=\"_blank\">INTRATEXTOS<\/a><\/li>\n<li><a href=\"https:\/\/revistas.usp.br\/jistem\" id=\"link-1922\" class=\"track_this_link \" rel=\"noopener noreferrer\" target=\"_blank\">JISTEM: JOURNAL OF INFORMATION SYSTEMS AND TECHNOLOGY MANAGEMENT<\/a><\/li>\n<li><a href=\"http:\/\/www2.faac.unesp.br\/ojs\/index.php\/leiturasdojornalismo\/index\" id=\"link-570\" class=\"track_this_link \" rel=\"noopener noreferrer\" target=\"_blank\">LEITURAS DO JORNALISMO<\/a><\/li>\n<li><a href=\"https:\/\/seer.casperlibero.edu.br\/index.php\/\" id=\"link-1923\" class=\"track_this_link \" rel=\"noopener noreferrer\" target=\"_blank\">L\u00cdBERO<\/a><\/li>\n<li><a href=\"https:\/\/www.e-publicacoes.uerj.br\/index.php\/logos\" id=\"link-1276\" class=\"track_this_link \" rel=\"noopener noreferrer\" target=\"_blank\">LOGOS: COMUNICA\u00c7\u00c3O E UNIVERSIDADE<\/a><\/li>\n<li><a href=\"https:\/\/revistas.ufrj.br\/index.php\/lc\/search\" id=\"link-1924\" class=\"track_this_link \" rel=\"noopener noreferrer\" target=\"_blank\">LUGAR COMUM &#8211; ESTUDOS DE M\u00cdDIA, CULTURA E DEMOCRACIA<\/a><\/li>\n<li><a href=\"https:\/\/periodicos.ufjf.br\/index.php\/lumina\/index\" id=\"link-1277\" class=\"track_this_link \" rel=\"noopener noreferrer\" target=\"_blank\">LUMINA<\/a><\/li>\n<li><a href=\"http:\/\/www.revistas.usp.br\/matrizes\" id=\"link-1278\" class=\"track_this_link \" rel=\"noopener noreferrer\" target=\"_blank\">MATRIZES<\/a><\/li>\n<li><a href=\"https:\/\/impactum-journals.uc.pt\/mj\" id=\"link-571\" class=\"track_this_link \" rel=\"noopener noreferrer\" target=\"_blank\">MEDIA E JORNALISMO<\/a><\/li>\n<li><a href=\"http:\/\/revista.fumec.br\/index.php\/mediacao\" id=\"link-1925\" class=\"track_this_link \" rel=\"noopener noreferrer\" target=\"_blank\">MEDIA\u00c7\u00c3O<\/a><\/li>\n<li><a href=\"https:\/\/periodicos.uff.br\/midiaecotidiano\/index\" id=\"link-1279\" class=\"track_this_link \" rel=\"noopener noreferrer\" target=\"_blank\">M\u00cdDIA E COTIDIANO<\/a><\/li>\n<li><a href=\"https:\/\/www.mundodomarketing.com.br\/\" id=\"link-1281\" class=\"track_this_link \" rel=\"noopener noreferrer\" target=\"_blank\">MUNDO DO MARKETING DIGITAL<\/a><\/li>\n<li><a href=\"https:\/\/revistanarratio.emnuvens.com.br\/narratio\/about\" id=\"link-1926\" class=\"track_this_link \" rel=\"noopener noreferrer\" target=\"_blank\">NARRATIO \u2013 ESTUDOS DE COMUNICA\u00c7\u00c3O, LINGUAGENS E M\u00cdDIAS<\/a><\/li>\n<li><a href=\"https:\/\/www.scielo.br\/j\/nec\/\" id=\"link-1927\" class=\"track_this_link \" rel=\"noopener noreferrer\" target=\"_blank\">NOVOS ESTUDOS<\/a><\/li>\n<li><a href=\"https:\/\/www.revistas.usp.br\/novosolhares\/index\" id=\"link-1283\" class=\"track_this_link \" rel=\"noopener noreferrer\" target=\"_blank\">NOVOS OLHARES<\/a><\/li>\n<li><a href=\"http:\/\/www.scielo.br\/scielo.php?script=sci_serial&#038;pid=0104-6276&#038;lng=en&#038;nrm=iso\" id=\"link-1928\" class=\"track_this_link \" rel=\"noopener noreferrer\" target=\"_blank\">OPINI\u00c3O P\u00daBLICA<\/a><\/li>\n<li><a href=\"https:\/\/www.revistas.usp.br\/organicom\/index\" id=\"link-1284\" class=\"track_this_link \" rel=\"noopener noreferrer\" target=\"_blank\">ORGANICOM<\/a><\/li>\n<li><a href=\"https:\/\/revistas.ufrj.br\/index.php\/ph\/search\" id=\"link-1929\" class=\"track_this_link \" rel=\"noopener noreferrer\" target=\"_blank\">PAISAGENS H\u00cdBRIDAS<\/a><\/li>\n<li><a href=\"http:\/\/seer.pucgoias.edu.br\/index.php\/panorama\/index\" id=\"link-1930\" class=\"track_this_link \" rel=\"noopener noreferrer\" target=\"_blank\">PANORAMA: REVISTA CIENT\u00cdFICA DE COMUNICA\u00c7\u00c3O SOCIAL<\/a><\/li>\n<li><a href=\"https:\/\/revistaseletronicas.fiamfaam.br\/index.php\/recicofi\" id=\"link-1931\" class=\"track_this_link \" rel=\"noopener noreferrer\" target=\"_blank\">PAR\u00c1GRAFO<\/a><\/li>\n<li><a href=\"https:\/\/fapcom.edu.br\/revista\/index.php\/revista-paulus\/index\" id=\"link-1932\" class=\"track_this_link \" rel=\"noopener noreferrer\" target=\"_blank\">PAULUS \u2013 REVISTA DE COMUNICA\u00c7\u00c3O DA FAPCOM<\/a><\/li>\n<li><a href=\"https:\/\/revistas.uepg.br\/index.php\/pauta\/index\" id=\"link-573\" class=\"track_this_link \" rel=\"noopener noreferrer\" target=\"_blank\">PAUTA GERAL &#8211; ESTUDOS EM JORNALISMO<\/a><\/li>\n<li><a href=\"https:\/\/pjbr.eca.usp.br\/arquivos\/indice15.htm\" id=\"link-574\" class=\"track_this_link \" rel=\"noopener noreferrer\" target=\"_blank\">PJ:BR &#8211; REVISTA DO JORNALISMO BRASILEIRO<\/a><\/li>\n<li><a href=\"https:\/\/revistas.ufrj.br\/index.php\/policromias\/index\" id=\"link-1933\" class=\"track_this_link \" rel=\"noopener noreferrer\" target=\"_blank\">POLICROMIAS  &#8211; REVISTA DE ESTUDOS DO DISCURSO, IMAGEM E SOM<\/a><\/li>\n<li><a href=\"https:\/\/periodicoscientificos.ufmt.br\/ojs\/index.php\/polifonia\" id=\"link-1934\" class=\"track_this_link \" rel=\"noopener noreferrer\" target=\"_blank\">POLIFONIA &#8211; ESTUDOS DA LINGUAGEM<\/a><\/li>\n<li><a href=\"https:\/\/seer.sis.puc-campinas.edu.br\/pos-limiar\" id=\"link-1935\" class=\"track_this_link \" rel=\"noopener noreferrer\" target=\"_blank\">P\u00d3S-LIMIAR<\/a><\/li>\n<li><a href=\"http:\/\/revistas.unisinos.br\/index.php\/questoes\/index\" id=\"link-1936\" class=\"track_this_link \" rel=\"noopener noreferrer\" target=\"_blank\">QUEST\u00d5ES TRANSVERSAIS \u2013 REVISTA DE EPISTEMOLOGIAS DA COMUNICA\u00c7\u00c3O<\/a><\/li>\n<li><a href=\"https:\/\/rac.anpad.org.br\/index.php\/rac\" id=\"link-1182\" class=\"track_this_link \" rel=\"noopener noreferrer\" target=\"_blank\">RAC \u2013 REVISTA DE ADMINISTRA\u00c7\u00c3O CONTEMPOR\u00c2NEA<\/a><\/li>\n<li><a href=\"https:\/\/periodicos.ufop.br\/radiofonias\/\" id=\"link-1937\" class=\"track_this_link \" rel=\"noopener noreferrer\" target=\"_blank\">RADIOFONIAS \u2013 REVISTA DE ESTUDOS EM M\u00cdDIA SONORA<\/a><\/li>\n<li><a href=\"https:\/\/rae.fgv.br\/\" id=\"link-1183\" class=\"track_this_link \" rel=\"noopener noreferrer\" target=\"_blank\">RAE \u2013 REVISTA DE ADMINISTRA\u00c7\u00c3O DE EMPRESAS<\/a><\/li>\n<li><a href=\"https:\/\/revistas.fw.uri.br\/index.php\/raep\" id=\"link-1285\" class=\"track_this_link \" rel=\"noopener noreferrer\" target=\"_blank\">RAEP \u2013 REVISTA DE ADMINISTRA\u00c7\u00c3O, ENSINO E PESQUISA<\/a><\/li>\n<li><a href=\"https:\/\/www.revistas.usp.br\/rai\" id=\"link-1184\" class=\"track_this_link \" rel=\"noopener noreferrer\" target=\"_blank\">RAI \u2013 REVISTA DE ADMINISTRA\u00c7\u00c3O E INOVA\u00c7\u00c3O<\/a><\/li>\n<li><a href=\"http:\/\/rebej.abejor.org.br\/index.php\/rebej\/search\/search\" id=\"link-575\" class=\"track_this_link \" rel=\"noopener noreferrer\" target=\"_blank\">REBEJ &#8211; Revista Brasileira de ensino de Jornalismo<\/a><\/li>\n<li><a href=\"https:\/\/recriai.emnuvens.com.br\/revista\" id=\"link-1939\" class=\"track_this_link \" rel=\"noopener noreferrer\" target=\"_blank\">RECRIAI: REVISTA IBERO-AMERICANA DE CRIATIVIDADE E INOVA\u00c7\u00c3O<\/a><\/li>\n<li><a href=\"https:\/\/revistas.udc.es\/index.php\/REDMARKA\/index\" id=\"link-1940\" class=\"track_this_link \" rel=\"noopener noreferrer\" target=\"_blank\">REDMARKA \u2013 REVISTA DE MARKETING APLICADO<\/a><\/li>\n<li><a href=\"http:\/\/www.revistabrasileiramarketing.org\/ojs-2.2.4\/index.php\/remark\/index\" id=\"link-1941\" class=\"track_this_link \" rel=\"noopener noreferrer\" target=\"_blank\">REMARK &#8211; REVISTA BRASILEIRA DE MARKETING<\/a><\/li>\n<li><a href=\"http:\/\/www.revistas.usp.br\/alterjor\" id=\"link-1287\" class=\"track_this_link \" rel=\"noopener noreferrer\" target=\"_blank\">REVISTA ALTERJOR (USP)<\/a><\/li>\n<li><a href=\"https:\/\/revistas.uneb.br\/index.php\/babel\/index\" id=\"link-1151\" class=\"track_this_link \" rel=\"noopener noreferrer\" target=\"_blank\">REVISTA BABEL<\/a><\/li>\n<li><a href=\"https:\/\/rbeg.net\/index.php\/rbeg\/issue\/archive\" id=\"link-1942\" class=\"track_this_link \" rel=\"noopener noreferrer\" target=\"_blank\">REVISTA BRASILEIRA DE EXPRESS\u00c3O GR\u00c1FICA<\/a><\/li>\n<li><a href=\"https:\/\/revistas.ufpi.br\/index.php\/rbhm\/index\" id=\"link-1288\" class=\"track_this_link \" rel=\"noopener noreferrer\" target=\"_blank\">REVISTA BRASILEIRA DE HIST\u00d3RIA DA M\u00cdDIA<\/a><\/li>\n<li><a href=\"http:\/\/www.scielo.br\/scielo.php?script=sci_serial&#038;pid=1984-6398&#038;lng=pt&#038;nrm=iso\" id=\"link-1944\" class=\"track_this_link \" rel=\"noopener noreferrer\" target=\"_blank\">REVISTA BRASILEIRA DE LINGU\u00cdSTICA APLICADA<\/a><\/li>\n<li><a href=\"https:\/\/periodicos.unifesp.br\/index.php\/rbvl\" id=\"link-1945\" class=\"track_this_link \" rel=\"noopener noreferrer\" target=\"_blank\">REVISTA BRASILEIRA DE V\u00cdDEO-REGISTROS EM LIBRAS<\/a><\/li>\n<li><a href=\"http:\/\/compolitica.org\/revista\/index.php\/revista\" id=\"link-1946\" class=\"track_this_link \" rel=\"noopener noreferrer\" target=\"_blank\">REVISTA COMPOL\u00cdTICA<\/a><\/li>\n<li><a href=\"https:\/\/www2.faac.unesp.br\/comunicacaomidiatica\/index.php\/CM\/index\" id=\"link-1289\" class=\"track_this_link \" rel=\"noopener noreferrer\" target=\"_blank\">REVISTA COMUNICA\u00c7\u00c3O MIDI\u00c1TICA<\/a><\/li>\n<li><a href=\"https:\/\/www2.faac.unesp.br\/comunicacaomidiatica\/index.php\/CM\/index\" id=\"link-1947\" class=\"track_this_link \" rel=\"noopener noreferrer\" target=\"_blank\">REVISTA COMUNICA\u00c7\u00c3O MIDI\u00c1TICA<\/a><\/li>\n<li><a href=\"https:\/\/periodicos.unemat.br\/index.php\/ccs\/index\" id=\"link-1948\" class=\"track_this_link \" rel=\"noopener noreferrer\" target=\"_blank\">REVISTA COMUNICA\u00c7\u00c3O, CULTURA E SOCIEDADE<\/a><\/li>\n<li><a href=\"https:\/\/www.revistas.usp.br\/ra\" id=\"link-1152\" class=\"track_this_link \" rel=\"noopener noreferrer\" target=\"_blank\">REVISTA DE ANTROPOLOGIA<\/a><\/li>\n<li><a href=\"https:\/\/periodicos.unb.br\/index.php\/design-tecnologia-sociedade\" id=\"link-1291\" class=\"track_this_link \" rel=\"noopener noreferrer\" target=\"_blank\">REVISTA DE DESIGN, TECNOLOGIA E SOCIEDADE<\/a><\/li>\n<li><a href=\"https:\/\/www.revistas.unijui.edu.br\/index.php\/direitoshumanosedemocracia\" id=\"link-1153\" class=\"track_this_link \" rel=\"noopener noreferrer\" target=\"_blank\">REVISTA DE DIREITOS HUMANOS E DEMOCRACIA<\/a><\/li>\n<li><a href=\"https:\/\/revistas.pucsp.br\/index.php\/estudoslinguaportuguesa\" id=\"link-1949\" class=\"track_this_link \" rel=\"noopener noreferrer\" target=\"_blank\">REVISTA DE ESTUDOS DA L\u00cdNGUA PORTUGUESA<\/a><\/li>\n<li><a href=\"http:\/\/periodicos.uniso.br\/ojs\/index.php\/reu\/\" id=\"link-1950\" class=\"track_this_link \" rel=\"noopener noreferrer\" target=\"_blank\">REVISTA DE ESTUDOS UNIVERSIT\u00c1RIOS<\/a><\/li>\n<li><a href=\"https:\/\/www3.ufrb.edu.br\/seer\/index.php\/griot\/\" id=\"link-1951\" class=\"track_this_link \" rel=\"noopener noreferrer\" target=\"_blank\">REVISTA DE FILOSOFIA<\/a><\/li>\n<li><a href=\"https:\/\/revistagesec.org.br\/gesec\" id=\"link-1952\" class=\"track_this_link \" rel=\"noopener noreferrer\" target=\"_blank\">REVISTA DE GEST\u00c3O E SECRETARIADO<\/a><\/li>\n<li><a href=\"https:\/\/www.espm.br\/bibliotecas-espm\/revista-de-jornalismo-espm\/\" id=\"link-1953\" class=\"track_this_link \" rel=\"noopener noreferrer\" target=\"_blank\">REVISTA DE JORNALISMO ESPM<\/a><\/li>\n<li><a href=\"https:\/\/revistas.ufpr.br\/rsp\" id=\"link-1155\" class=\"track_this_link \" rel=\"noopener noreferrer\" target=\"_blank\">REVISTA DE SOCIOLOGIA E POL\u00cdTICA<\/a><\/li>\n<li><a href=\"http:\/\/periodicos.pucminas.br\/index.php\/dispositiva\/search\/search\" id=\"link-1954\" class=\"track_this_link \" rel=\"noopener noreferrer\" target=\"_blank\">REVISTA DISPOSITIVA<\/a><\/li>\n<li><a href=\"https:\/\/revistaecopos.eco.ufrj.br\/eco_pos\" id=\"link-1296\" class=\"track_this_link \" rel=\"noopener noreferrer\" target=\"_blank\">REVISTA ECO-P\u00d3S<\/a><\/li>\n<li><a href=\"https:\/\/periodicos.fclar.unesp.br\/entrelinguas\" id=\"link-1158\" class=\"track_this_link \" rel=\"noopener noreferrer\" target=\"_blank\">REVISTA ENTREL\u00cdNGUAS<\/a><\/li>\n<li><a href=\"http:\/\/redc.revistas.csic.es\/index.php\/redc\/issue\/view\/102\" id=\"link-1955\" class=\"track_this_link \" rel=\"noopener noreferrer\" target=\"_blank\">REVISTA ESPA\u00d1OLA DE DOCUMENTACI\u00d3N CIENT\u00cdFICA<\/a><\/li>\n<li><a href=\"https:\/\/ufrb.edu.br\/revistaextensao\/\" id=\"link-1956\" class=\"track_this_link \" rel=\"noopener noreferrer\" target=\"_blank\">REVISTA EXTENS\u00c3O<\/a><\/li>\n<li><a href=\"https:\/\/www.revistas.usp.br\/extraprensa\" id=\"link-1957\" class=\"track_this_link \" rel=\"noopener noreferrer\" target=\"_blank\">REVISTA EXTRAPRENSA<\/a><\/li>\n<li><a href=\"https:\/\/revistaseletronicas.pucrs.br\/ojs\/index.php\/revistafamecos\/index\" id=\"link-1300\" class=\"track_this_link \" rel=\"noopener noreferrer\" target=\"_blank\">REVISTA FAMECOS<\/a><\/li>\n<li><a href=\"https:\/\/www.revistageminis.ufscar.br\/index.php\/geminis\" id=\"link-1958\" class=\"track_this_link \" rel=\"noopener noreferrer\" target=\"_blank\">REVISTA GEMINIS<\/a><\/li>\n<li><a href=\"https:\/\/periodicos.uninove.br\/riae\" id=\"link-1959\" class=\"track_this_link \" rel=\"noopener noreferrer\" target=\"_blank\">REVISTA IBERO-AMERICANA DE ESTRAT\u00c9GIA<\/a><\/li>\n<li><a href=\"https:\/\/www.revistas.uepg.br\/index.php\/folkcom\" id=\"link-1302\" class=\"track_this_link \" rel=\"noopener noreferrer\" target=\"_blank\">REVISTA INTERNACIONAL DE FOLKCOMUNICA\u00c7\u00c3O<\/a><\/li>\n<li><a href=\"https:\/\/www.scielo.br\/j\/rk\/\" id=\"link-1960\" class=\"track_this_link \" rel=\"noopener noreferrer\" target=\"_blank\">REVISTA KAT\u00c1LYSIS<\/a><\/li>\n<li><a href=\"https:\/\/revista.pubalaic.org\/index.php\/alaic\" id=\"link-1961\" class=\"track_this_link \" rel=\"noopener noreferrer\" target=\"_blank\">REVISTA LATINOAMERICANA DE CIENCIAS DE LA COMUNICACI\u00d3N<\/a><\/li>\n<li><a href=\"https:\/\/revistas.ufpr.br\/letras\" id=\"link-1164\" class=\"track_this_link \" rel=\"noopener noreferrer\" target=\"_blank\">REVISTA LETRAS<\/a><\/li>\n<li><a href=\"https:\/\/sites.google.com\/site\/revimovi\" id=\"link-1962\" class=\"track_this_link \" rel=\"noopener noreferrer\" target=\"_blank\">REVISTA MOVIMENTO (ECA-USP)<\/a><\/li>\n<li><a href=\"https:\/\/sistemas.uft.edu.br\/periodicos\/index.php\/observatorio\/index\" id=\"link-1963\" class=\"track_this_link \" rel=\"noopener noreferrer\" target=\"_blank\">REVISTA OBSERVAT\u00d3RIO<\/a><\/li>\n<li><a href=\"http:\/\/www.seer.ufu.br\/index.php\/paradoxos\" id=\"link-1964\" class=\"track_this_link \" rel=\"noopener noreferrer\" target=\"_blank\">REVISTA PARADOXOS<\/a><\/li>\n<li><a href=\"http:\/\/periodicos.ufc.br\/passagens\" id=\"link-1965\" class=\"track_this_link \" rel=\"noopener noreferrer\" target=\"_blank\">REVISTA PASSAGENS: REVISTA DO PROGRAMA DE P\u00d3S-GRADUA\u00c7\u00c3O EM COMUNICA\u00c7\u00c3O UFC<\/a><\/li>\n<li><a href=\"https:\/\/revista.uemg.br\/index.php\/sciasls\" id=\"link-1966\" class=\"track_this_link \" rel=\"noopener noreferrer\" target=\"_blank\">REVISTA SCIAS L\u00cdNGUA DE SINAIS<\/a><\/li>\n<li><a href=\"https:\/\/www.revistasuninter.com\/revistacomunicacao\/index.php\/revista\" id=\"link-1967\" class=\"track_this_link \" rel=\"noopener noreferrer\" target=\"_blank\">REVISTA UNINTER DE COMUNICA\u00c7\u00c3O<\/a><\/li>\n<li><a href=\"https:\/\/periodicos.unb.br\/index.php\/RICI\/index\" id=\"link-1305\" class=\"track_this_link \" rel=\"noopener noreferrer\" target=\"_blank\">RICI: REVISTA IBERO-AMERICANA DE CI\u00caNCIA DA INFORMA\u00c7\u00c3O<\/a><\/li>\n<li><a href=\"https:\/\/online.unisc.br\/seer\/index.php\/rizoma\" id=\"link-1306\" class=\"track_this_link \" rel=\"noopener noreferrer\" target=\"_blank\">RIZOMA<\/a><\/li>\n<li><a href=\"http:\/\/www.revistas.usp.br\/Rumores\" id=\"link-1307\" class=\"track_this_link \" rel=\"noopener noreferrer\" target=\"_blank\">RUMORES (USP)<\/a><\/li>\n<li><a href=\"https:\/\/revistas.usp.br\/significacao\" id=\"link-1968\" class=\"track_this_link \" rel=\"noopener noreferrer\" target=\"_blank\">SIGNIFICA\u00c7\u00c3O: REVISTA DE CULTURA AUDIOVISUAL<\/a><\/li>\n<li><a href=\"https:\/\/www.revistas.usp.br\/signosdoconsumo\" id=\"link-1195\" class=\"track_this_link \" rel=\"noopener noreferrer\" target=\"_blank\">SIGNOS DO CONSUMO<\/a><\/li>\n<li><a href=\"http:\/\/www.surlejournalisme.kinghost.net\/rev\/index.php\/slj\/index\" id=\"link-1970\" class=\"track_this_link \" rel=\"noopener noreferrer\" target=\"_blank\">SUR LE JOURNALISME, ABOUT JOURNALISM, SOBRE JORNALISMO<\/a><\/li>\n<li><a href=\"https:\/\/periodicos.ufpb.br\/ojs2\/index.php\/tematica\" id=\"link-1972\" class=\"track_this_link \" rel=\"noopener noreferrer\" target=\"_blank\">TEM\u00c1TICA<\/a><\/li>\n<li><a href=\"http:\/\/www.periodicos.letras.ufmg.br\/index.php\/textolivre\/search\" id=\"link-1973\" class=\"track_this_link \" rel=\"noopener noreferrer\" target=\"_blank\">TEXTO LIVRE: LINGUAGEM E TECNOLOGIA<\/a><\/li>\n<li><a href=\"https:\/\/www.sciencedirect.com\/journal\/thinking-skills-and-creativity\" id=\"link-1974\" class=\"track_this_link \" rel=\"noopener noreferrer\" target=\"_blank\">THINKING SKILLS AND CRATIVITY<\/a><\/li>\n<li><a href=\"http:\/\/www.scielo.br\/scielo.php?script=sci_serial&#038;pid=0103-1813&#038;lng=pt&#038;nrm=iso\" id=\"link-1975\" class=\"track_this_link \" rel=\"noopener noreferrer\" target=\"_blank\">TRABALHOS EM LINGU\u00cdSTICA APLICADA<\/a><\/li>\n<li><a href=\"https:\/\/estacio.periodicoscientificos.com.br\/index.php\/trama\" id=\"link-1976\" class=\"track_this_link \" rel=\"noopener noreferrer\" target=\"_blank\">TRAMA: IND\u00daSTRIA CRIATIVA EM REVISTA<\/a><\/li>\n<li><a href=\"http:\/\/periodicos.puc-campinas.edu.br\/seer\/index.php\/transinfo\/index\" id=\"link-1977\" class=\"track_this_link \" rel=\"noopener noreferrer\" target=\"_blank\">TRANSINFORMA\u00c7\u00c3O<\/a><\/li>\n<li><a href=\"http:\/\/periodicos.uniso.br\/ojs\/index.php\/triade\" id=\"link-1309\" class=\"track_this_link \" rel=\"noopener noreferrer\" target=\"_blank\">TR\u00cdADE: COMUNICA\u00c7\u00c3O, CULTURA E M\u00cdDIA<\/a><\/li>\n<li><a href=\"https:\/\/periodicos.ufjf.br\/index.php\/veredas\/index\" id=\"link-1978\" class=\"track_this_link \" rel=\"noopener noreferrer\" target=\"_blank\">VEREDAS &#8211; REVISTA DE ESTUDOS LINGU\u00cdSTICOS<\/a><\/li>\n<li><a href=\"http:\/\/revistas.unisinos.br\/index.php\/versoereverso\/index\" id=\"link-1979\" class=\"track_this_link \" rel=\"noopener noreferrer\" target=\"_blank\">VERSO E REVERSO: REVISTA DA COMUNICA\u00c7\u00c3O<\/a><\/li>\n<li><a href=\"https:\/\/periodicos.univali.br\/index.php\/vd\/index\" id=\"link-1312\" class=\"track_this_link \" rel=\"noopener noreferrer\" target=\"_blank\">VOZES E DI\u00c1LOGO (UNIVALI)<\/a><\/li>\n<li><a href=\"https:\/\/periodicos.ufjf.br\/index.php\/zanzala\" id=\"link-1980\" class=\"track_this_link \" rel=\"noopener noreferrer\" target=\"_blank\">ZANZAL\u00c1 \u2013 REVISTA BRASILEIRA DE ESTUDOS SOBRE G\u00caNEROS CINEMATOGR\u00c1FICOS E AUDIOVISUAIS<\/a><\/li>\n\t<\/ul>\n<\/div><!-- Div End Category -->\n<div class=\"LinkLibraryCat LinkLibraryCat24 level0\"><!-- Div Category --><div id=\"periodicos-on-line-marketing\"><!-- Div Category Name --><div class=\"linklistcatname\"><!-- Div Cat Name --><span class=\"linklistcatclass\">Peri\u00f3dicos On Line - Marketing<\/span><\/div><!-- DivOrHeader --><\/div><!-- Div Category Name -->\n\t<ul>\n<li><a href=\"http:\/\/revistaadmmade.estacio.br\/index.php\/admmade\/index\" id=\"link-732\" class=\"track_this_link \" rel=\"noopener noreferrer\" target=\"_blank\">ADM.MADE<\/a><\/li>\n<li><a href=\"http:\/\/revista.unicuritiba.edu.br\/index.php\/admrevista\/index\" id=\"link-733\" class=\"track_this_link \" rel=\"noopener noreferrer\" target=\"_blank\">ADMINISTRA\u00c7\u00c3O DE EMPRESAS EM REVISTA<\/a><\/li>\n<li><a href=\"https:\/\/periodicos.ufpb.br\/index.php\/arf\" id=\"link-1145\" class=\"track_this_link \" rel=\"noopener noreferrer\" target=\"_blank\">ALFKLARUNG &#8211; REVISTA DE FILOSOFIA<\/a><\/li>\n<li><a href=\"https:\/\/periodicos.ufv.br\/apgs\/\" id=\"link-736\" class=\"track_this_link \" rel=\"noopener noreferrer\" target=\"_blank\">APGS &#8211; ADMINISTRA\u00c7\u00c3O P\u00daBLICA E GEST\u00c3O SOCIAL<\/a><\/li>\n<li><a href=\"https:\/\/www.revista.ueg.br\/index.php\/atatot\/index\" id=\"link-1146\" class=\"track_this_link \" rel=\"noopener noreferrer\" target=\"_blank\">AT\u00c2T\u00d4 &#8211; REVISTA INTERDICIPLINAR DE DIREITOS HUMANOS<\/a><\/li>\n<li><a href=\"https:\/\/bar.anpad.org.br\/index.php\/bar\" id=\"link-737\" class=\"track_this_link \" rel=\"noopener noreferrer\" target=\"_blank\">BAR &#8211; ADMINISTRATION REVIEW<\/a><\/li>\n<li><a href=\"http:\/\/revistas.unisinos.br\/index.php\/base\" id=\"link-738\" class=\"track_this_link \" rel=\"noopener noreferrer\" target=\"_blank\">BASE<\/a><\/li>\n<li><a href=\"https:\/\/periodicos.uem.br\/ojs\/index.php\/CadAdm\/issue\/view\/1589\" id=\"link-739\" class=\"track_this_link \" rel=\"noopener noreferrer\" target=\"_blank\">CADERNO DE ADMINISTRA\u00c7\u00c3O (UEM)<\/a><\/li>\n<li><a href=\"http:\/\/digitalmarketingmagazine.co.uk\/articles\" id=\"link-742\" class=\"track_this_link \" rel=\"noopener noreferrer\" target=\"_blank\">DIGITAL MARKETING MAGAZINE<\/a><\/li>\n<li><a href=\"https:\/\/www.revistas.usp.br\/ecoa\" id=\"link-743\" class=\"track_this_link \" rel=\"noopener noreferrer\" target=\"_blank\">ECONOMIA APLICADA<\/a><\/li>\n<li><a href=\"https:\/\/www.revistas.usp.br\/ee\" id=\"link-745\" class=\"track_this_link \" rel=\"noopener noreferrer\" target=\"_blank\">ESTUDOS ECON\u00d4MICOS<\/a><\/li>\n<li><a href=\"http:\/\/revista.fumec.br\/index.php\/facesp\/issue\/view\/379\" id=\"link-747\" class=\"track_this_link \" rel=\"noopener noreferrer\" target=\"_blank\">FACES: REVISTA DE ADMINISTRA\u00c7\u00c3O<\/a><\/li>\n<li><a href=\"http:\/\/bibliotecadigital.fgv.br\/ojs\/index.php\/gvcasos\" id=\"link-748\" class=\"track_this_link \" rel=\"noopener noreferrer\" target=\"_blank\">GVCASOS &#8211; REVISTA BRASILEIRA DE CASOS DE ENSINO EM ADMINISTRA\u00c7\u00c3O<\/a><\/li>\n<li><a href=\"https:\/\/www.revistahsm.com.br\/\" id=\"link-749\" class=\"track_this_link \" rel=\"noopener noreferrer\" target=\"_blank\">HSM MANAGEMENT<\/a><\/li>\n<li><a href=\"https:\/\/revistas.intercom.org.br\/index.php\/revistaintercom\" id=\"link-1147\" class=\"track_this_link \" rel=\"noopener noreferrer\" target=\"_blank\">INTERCOM: REVISTA BRASILEIRA DE CI\u00caNCIAS DA COMUNICA\u00c7\u00c3O<\/a><\/li>\n<li><a href=\"https:\/\/www.revistas.usp.br\/matrizes\" id=\"link-825\" class=\"track_this_link \" rel=\"noopener noreferrer\" target=\"_blank\">MATRIZES<\/a><\/li>\n<li><a href=\"http:\/\/revista.fumec.br\/index.php\/mediacao\" id=\"link-752\" class=\"track_this_link \" rel=\"noopener noreferrer\" target=\"_blank\">MEDIA\u00c7\u00c3O<\/a><\/li>\n<li><a href=\"https:\/\/melhorrh.com.br\/\" id=\"link-753\" class=\"track_this_link \" rel=\"noopener noreferrer\" target=\"_blank\">MELHOR &#8211; GEST\u00c3O DE PESSOAS<\/a><\/li>\n<li><a href=\"https:\/\/www.mundodomarketing.com.br\/\" id=\"link-754\" class=\"track_this_link \" rel=\"noopener noreferrer\" target=\"_blank\">MUNDO DO MARKETING &#8211; DIGITAL<\/a><\/li>\n<li><a href=\"https:\/\/revistapegn.globo.com\/\" id=\"link-548\" class=\"track_this_link \" rel=\"noopener noreferrer\" target=\"_blank\">PEGN<\/a><\/li>\n<li><a href=\"https:\/\/revistapmkt.com.br\/pt_br\/publicacoes\/\" id=\"link-755\" class=\"track_this_link \" rel=\"noopener noreferrer\" target=\"_blank\">PMKT &#8211; REVISTA BRASILEIRA DE PESQUISAS DE MARKETING, OPINI\u00c3O E M\u00cdDIA<\/a><\/li>\n<li><a href=\"https:\/\/rac.anpad.org.br\/index.php\/rac\" id=\"link-756\" class=\"track_this_link \" rel=\"noopener noreferrer\" target=\"_blank\">RAC &#8211; REVISTA DE ADMINISTRA\u00c7\u00c3O CONTEMPOR\u00c2NEA<\/a><\/li>\n<li><a href=\"https:\/\/rae.fgv.br\/\" id=\"link-1183\" class=\"track_this_link \" rel=\"noopener noreferrer\" target=\"_blank\">RAE \u2013 REVISTA DE ADMINISTRA\u00c7\u00c3O DE EMPRESAS<\/a><\/li>\n<li><a href=\"https:\/\/raep.emnuvens.com.br\/raep\" id=\"link-758\" class=\"track_this_link \" rel=\"noopener noreferrer\" target=\"_blank\">RAEP &#8211; REVISTA DE ADMINISTRA\u00c7\u00c3O, ENSINO E PESQUISA<\/a><\/li>\n<li><a href=\"https:\/\/www.revistas.usp.br\/rai\" id=\"link-1184\" class=\"track_this_link \" rel=\"noopener noreferrer\" target=\"_blank\">RAI \u2013 REVISTA DE ADMINISTRA\u00c7\u00c3O E INOVA\u00c7\u00c3O<\/a><\/li>\n<li><a href=\"https:\/\/www.revista.ueg.br\/index.php\/revista_administracao\" id=\"link-760\" class=\"track_this_link \" rel=\"noopener noreferrer\" target=\"_blank\">RAUEG &#8211; REVISTA DE ADMINISTRA\u00c7\u00c3O DA UEG<\/a><\/li>\n<li><a href=\"https:\/\/www.revistas.usp.br\/rmj\" id=\"link-761\" class=\"track_this_link \" rel=\"noopener noreferrer\" target=\"_blank\">RAUSP MANAGEMENT JOURNAL<\/a><\/li>\n<li><a href=\"https:\/\/periodicos.ufsc.br\/index.php\/adm\" id=\"link-762\" class=\"track_this_link \" rel=\"noopener noreferrer\" target=\"_blank\">RCA &#8211; REVISTA DE CI\u00caNCIAS DA ADMINISTRA\u00c7\u00c3O<\/a><\/li>\n<li><a href=\"https:\/\/periodicos.ufsm.br\/reaufsm\" id=\"link-763\" class=\"track_this_link \" rel=\"noopener noreferrer\" target=\"_blank\">REA &#8211; REVISTA DE ADMINISTRA\u00c7\u00c3O DA UFSM<\/a><\/li>\n<li><a href=\"https:\/\/seer.ufrgs.br\/read\" id=\"link-764\" class=\"track_this_link \" rel=\"noopener noreferrer\" target=\"_blank\">READ &#8211; REVISTA ELETR\u00d4NICA DE ADMINISTRA\u00c7\u00c3O<\/a><\/li>\n<li><a href=\"http:\/\/www.periodicosibepes.org.br\/index.php\/recadm\/\" id=\"link-765\" class=\"track_this_link \" rel=\"noopener noreferrer\" target=\"_blank\">RECADM &#8211; REVISTA ELETR\u00d4NICA DE CI\u00caNCIA ADMINISTRATIVA<\/a><\/li>\n<li><a href=\"https:\/\/www.revistas.usp.br\/rege\" id=\"link-766\" class=\"track_this_link \" rel=\"noopener noreferrer\" target=\"_blank\">REGE: REVISTA DE GEST\u00c3O<\/a><\/li>\n<li><a href=\"http:\/\/www.revistabrasileiramarketing.org\/ojs-2.2.4\/index.php\/remark\/index\" id=\"link-798\" class=\"track_this_link \" rel=\"noopener noreferrer\" target=\"_blank\">REMARK: REVISTA BRASILEIRA DE MARKETING<\/a><\/li>\n<li><a href=\"https:\/\/www.anfip.org.br\/publicacoes\/revistas\/\" id=\"link-768\" class=\"track_this_link \" rel=\"noopener noreferrer\" target=\"_blank\">RESPONSABILIDADE SOCIAL, SEGURIDADE SOCIAL E TRIBUTA\u00c7\u00c3O<\/a><\/li>\n<li><a href=\"https:\/\/reunir.revistas.ufcg.edu.br\/index.php\/uacc\/issue\/view\/31\" id=\"link-769\" class=\"track_this_link \" rel=\"noopener noreferrer\" target=\"_blank\">REUNIR &#8211; REVISTA DE ADMINISTRA\u00c7\u00c3O, CONTABILIDADE E SUSTENTABILIDADE<\/a><\/li>\n<li><a href=\"https:\/\/revistas.uneb.br\/index.php\/babel\/index\" id=\"link-1151\" class=\"track_this_link \" rel=\"noopener noreferrer\" target=\"_blank\">REVISTA BABEL<\/a><\/li>\n<li><a href=\"https:\/\/periodicos.unifor.br\/rca\" id=\"link-771\" class=\"track_this_link \" rel=\"noopener noreferrer\" target=\"_blank\">REVISTA CI\u00caNCIAS ADMINISTRATIVAS<\/a><\/li>\n<li><a href=\"https:\/\/www.revistas.usp.br\/rausp\" id=\"link-772\" class=\"track_this_link \" rel=\"noopener noreferrer\" target=\"_blank\">REVISTA DE ADMINISTRA\u00c7\u00c3O<\/a><\/li>\n<li><a href=\"https:\/\/www.revistas.unijui.edu.br\/index.php\/direitoshumanosedemocracia\" id=\"link-1153\" class=\"track_this_link \" rel=\"noopener noreferrer\" target=\"_blank\">REVISTA DE DIREITOS HUMANOS E DEMOCRACIA<\/a><\/li>\n<li><a href=\"https:\/\/www3.ufrb.edu.br\/seer\/index.php\/griot\/\" id=\"link-1154\" class=\"track_this_link \" rel=\"noopener noreferrer\" target=\"_blank\">REVISTA DE FILOSOFIA<\/a><\/li>\n<li><a href=\"https:\/\/periodicos.fclar.unesp.br\/entrelinguas\" id=\"link-1158\" class=\"track_this_link \" rel=\"noopener noreferrer\" target=\"_blank\">REVISTA ENTREL\u00cdNGUAS<\/a><\/li>\n<li><a href=\"https:\/\/revistas.ufpr.br\/letras\" id=\"link-1164\" class=\"track_this_link \" rel=\"noopener noreferrer\" target=\"_blank\">REVISTA LETRAS<\/a><\/li>\n<li><a href=\"https:\/\/ibrac.org.br\/revistas.htm\" id=\"link-774\" class=\"track_this_link \" rel=\"noopener noreferrer\" target=\"_blank\">RIBRAC &#8211; REVISTA DO IBRAC<\/a><\/li>\n<li><a href=\"https:\/\/www.revistas.usp.br\/Rumores\" id=\"link-776\" class=\"track_this_link \" rel=\"noopener noreferrer\" target=\"_blank\">RUMORES \u2013 REVISTA ONLINE DE COMUNICA\u00c7\u00c3O, LINGUAGEM E M\u00cdDIA PUBLICADA<\/a><\/li>\n<li><a href=\"https:\/\/www.revistas.usp.br\/signosdoconsumo\" id=\"link-1195\" class=\"track_this_link \" rel=\"noopener noreferrer\" target=\"_blank\">SIGNOS DO CONSUMO<\/a><\/li>\n<li><a href=\"http:\/\/marketing-bulletin.massey.ac.nz\/\" id=\"link-777\" class=\"track_this_link \" rel=\"noopener noreferrer\" target=\"_blank\">THE MARKETING BULLETIN<\/a><\/li>\n<li><a href=\"https:\/\/www.revistas.usp.br\/spjournal\" id=\"link-778\" class=\"track_this_link \" rel=\"noopener noreferrer\" target=\"_blank\">THE S\u00c3O PAULO JOURNAL OF MATHEMATICAL SCIENCES<\/a><\/li>\n\t<\/ul>\n<\/div><!-- Div End Category -->\n<div class=\"LinkLibraryCat LinkLibraryCat25 level0\"><!-- Div Category --><div id=\"periodicos-on-line-publicidade-e-propaganda\"><!-- Div Category Name --><div class=\"linklistcatname\"><!-- Div Cat Name --><span class=\"linklistcatclass\">Peri\u00f3dicos On Line - Publicidade e Propaganda<\/span><\/div><!-- DivOrHeader --><\/div><!-- Div Category Name -->\n\t<ul>\n<li><a href=\"https:\/\/revistas.ufpr.br\/acaomidiatica\" id=\"link-578\" class=\"track_this_link \" rel=\"noopener noreferrer\" target=\"_blank\">A\u00c7\u00c3O MIDI\u00c1TICA<\/a><\/li>\n<li><a href=\"https:\/\/periodicos.uem.br\/ojs\/index.php\/ActaSciHumanSocSci\/search\/search\" id=\"link-2026\" class=\"track_this_link \" rel=\"noopener noreferrer\" target=\"_blank\">ACTA SCIENTIARUM. HUMAN AND SOCIAL SCIENCES (UEM)<\/a><\/li>\n<li><a href=\"https:\/\/revistaalceu.com.puc-rio.br\/alceu\" id=\"link-513\" class=\"track_this_link \" rel=\"noopener noreferrer\" target=\"_blank\">ALCEU<\/a><\/li>\n<li><a href=\"https:\/\/periodicos.ufpb.br\/index.php\/arf\" id=\"link-1145\" class=\"track_this_link \" rel=\"noopener noreferrer\" target=\"_blank\">ALFKLARUNG &#8211; REVISTA DE FILOSOFIA<\/a><\/li>\n<li><a href=\"https:\/\/www.revistas.usp.br\/anagrama\" id=\"link-2027\" class=\"track_this_link \" rel=\"noopener noreferrer\" target=\"_blank\">ANAGRAMA<\/a><\/li>\n<li><a href=\"https:\/\/periodicos.ufsm.br\/index.php\/animus\/index\" id=\"link-780\" class=\"track_this_link \" rel=\"noopener noreferrer\" target=\"_blank\">ANIMUS<\/a><\/li>\n<li><a href=\"https:\/\/periodicos.ufv.br\/apgs\/\" id=\"link-1314\" class=\"track_this_link \" rel=\"noopener noreferrer\" target=\"_blank\">APGS \u2013 ADMINISTRA\u00c7\u00c3O P\u00daBLICA E GEST\u00c3O SOCIAL<\/a><\/li>\n<li><a href=\"https:\/\/www.e-publicacoes.uerj.br\/arcosdesign\" id=\"link-2028\" class=\"track_this_link \" rel=\"noopener noreferrer\" target=\"_blank\">ARCOS DESIGN<\/a><\/li>\n<li><a href=\"https:\/\/seer.ufu.br\/index.php\/artcultura\" id=\"link-2029\" class=\"track_this_link \" rel=\"noopener noreferrer\" target=\"_blank\">ARTCULTURA: REVISTA DE HIST\u00d3RIA, CULTURA E ARTE<\/a><\/li>\n<li><a href=\"https:\/\/www.revista.ueg.br\/index.php\/atatot\/index\" id=\"link-1146\" class=\"track_this_link \" rel=\"noopener noreferrer\" target=\"_blank\">AT\u00c2T\u00d4 &#8211; REVISTA INTERDICIPLINAR DE DIREITOS HUMANOS<\/a><\/li>\n<li><a href=\"https:\/\/sistemas.uft.edu.br\/periodicos\/index.php\/atura\/index\" id=\"link-2031\" class=\"track_this_link \" rel=\"noopener noreferrer\" target=\"_blank\">ATUR\u00c1 \u2013 REVISTA PAN-AMAZ\u00d4NICA DE COMUNICA\u00c7\u00c3O<\/a><\/li>\n<li><a href=\"http:\/\/revistas.pucsp.br\/index.php\/bakhtiniana\" id=\"link-2032\" class=\"track_this_link \" rel=\"noopener noreferrer\" target=\"_blank\">BAKHTINIANA. REVISTA DE ESTUDOS DO DISCURSO<\/a><\/li>\n<li><a href=\"https:\/\/biblioteca.ibge.gov.br\/biblioteca-catalogo?id=72&#038;view=detalhes\" id=\"link-2033\" class=\"track_this_link \" rel=\"noopener noreferrer\" target=\"_blank\">BRASIL EM NUMEROS<\/a><\/li>\n<li><a href=\"http:\/\/www.revista.tecccog.net\/index.php\/revista_tecccog\/index\" id=\"link-2034\" class=\"track_this_link \" rel=\"noopener noreferrer\" target=\"_blank\">BRAZILIAN JOURNAL OF TECHNOLOGY, COMMUNICATION, AND COGNITIVE SCIENCE<\/a><\/li>\n<li><a href=\"https:\/\/bjr.sbpjor.org.br\/bjr\" id=\"link-2035\" class=\"track_this_link \" rel=\"noopener noreferrer\" target=\"_blank\">BRAZILIAN JOURNALISM RESEARCH<\/a><\/li>\n<li><a href=\"https:\/\/ppgcine.cinemauff.com.br\/c-legenda\/\" id=\"link-2039\" class=\"track_this_link \" rel=\"noopener noreferrer\" target=\"_blank\">C-LEGENDA<\/a><\/li>\n<li><a href=\"https:\/\/www.scielo.br\/j\/ccrh\/\" id=\"link-2036\" class=\"track_this_link \" rel=\"noopener noreferrer\" target=\"_blank\">CADERNO CRH<\/a><\/li>\n<li><a href=\"https:\/\/periodicos.ufsm.br\/ccomunicacao\" id=\"link-2037\" class=\"track_this_link \" rel=\"noopener noreferrer\" target=\"_blank\">CADERNOS DE COMUNICA\u00c7\u00c3O (UFSM)<\/a><\/li>\n<li><a href=\"http:\/\/www.periodicoseletronicos.ufma.br\/index.php\/cambiassu\/index\" id=\"link-2038\" class=\"track_this_link \" rel=\"noopener noreferrer\" target=\"_blank\">CAMBIASS\u00da (UFMA)<\/a><\/li>\n<li><a href=\"http:\/\/revistacmc.espm.br\/revistacmc\/issue\/archive\" id=\"link-783\" class=\"track_this_link \" rel=\"noopener noreferrer\" target=\"_blank\">CMC: COMUNICA\u00c7\u00c3O, M\u00cdDIA E CONSUMO (ESPM)<\/a><\/li>\n<li><a href=\"https:\/\/revistas.ufrj.br\/index.php\/CODEX\/search\" id=\"link-2040\" class=\"track_this_link \" rel=\"noopener noreferrer\" target=\"_blank\">CODEX &#8212; REVISTA DE ESTUDOS CL\u00c1SSICOS<\/a><\/li>\n<li><a href=\"https:\/\/casperlibero.edu.br\/revista-communicare\/\" id=\"link-2041\" class=\"track_this_link \" rel=\"noopener noreferrer\" target=\"_blank\">COMMUNICARE<\/a><\/li>\n<li><a href=\"https:\/\/periodicos.unifacha.edu.br\/revistacomum\" id=\"link-1880\" class=\"track_this_link \" rel=\"noopener noreferrer\" target=\"_blank\">COMUM (UNIFACHA)<\/a><\/li>\n<li><a href=\"https:\/\/www.revistas.ufg.br\/ci\" id=\"link-1313\" class=\"track_this_link \" rel=\"noopener noreferrer\" target=\"_blank\">COMUNICA\u00c7\u00c3O &#038; INFORMA\u00c7\u00c3O (UFG)<\/a><\/li>\n<li><a href=\"https:\/\/seer.uscs.edu.br\/index.php\/revista_comunicacao_inovacao\/index\" id=\"link-785\" class=\"track_this_link \" rel=\"noopener noreferrer\" target=\"_blank\">COMUNICA\u00c7\u00c3O &#038; INOVA\u00c7\u00c3O<\/a><\/li>\n<li><a href=\"https:\/\/revistas.metodista.br\/index.php\/comunicacaosociedade\" id=\"link-1315\" class=\"track_this_link \" rel=\"noopener noreferrer\" target=\"_blank\">COMUNICA\u00c7\u00c3O &#038; SOCIEDADE<\/a><\/li>\n<li><a href=\"https:\/\/www.revistas.usp.br\/comueduc\/\" id=\"link-1883\" class=\"track_this_link \" rel=\"noopener noreferrer\" target=\"_blank\">COMUNICACAO E EDUCACAO (USP)<\/a><\/li>\n<li><a href=\"https:\/\/www.aberje.com.br\/ce\/\" id=\"link-2042\" class=\"track_this_link \" rel=\"noopener noreferrer\" target=\"_blank\">COMUNICA\u00c7\u00c3O EMPRESARIAL<\/a><\/li>\n<li><a href=\"https:\/\/www.revistacomunicar.com\/index.php?idioma=pt\" id=\"link-2043\" class=\"track_this_link \" rel=\"noopener noreferrer\" target=\"_blank\">COMUNICAR<\/a><\/li>\n<li><a href=\"http:\/\/rabida.uhu.es\/dspace\/handle\/10272\/610\" id=\"link-2044\" class=\"track_this_link \" rel=\"noopener noreferrer\" target=\"_blank\">COMUNICAR: REVISTA CIENT\u00cdFICA IBEROAMERICANA DE COMUNICACI\u00d3N Y EDUCACI\u00d3N<\/a><\/li>\n<li><a href=\"https:\/\/puccampinas.emnuvens.com.br\/comunicarte\/index\" id=\"link-2045\" class=\"track_this_link \" rel=\"noopener noreferrer\" target=\"_blank\">COMUNICARTE<\/a><\/li>\n<li><a href=\"https:\/\/portalrevistas.ucb.br\/index.php\/RCEUCB\" id=\"link-1317\" class=\"track_this_link \" rel=\"noopener noreferrer\" target=\"_blank\">COMUNICOLOGIA<\/a><\/li>\n<li><a href=\"http:\/\/www.ucs.br\/etc\/revistas\/index.php\/conexao\" id=\"link-1318\" class=\"track_this_link \" rel=\"noopener noreferrer\" target=\"_blank\">CONEX\u00c3O &#8211; COMUNICA\u00c7\u00c3O E CULTURA (UCS)<\/a><\/li>\n<li><a href=\"https:\/\/revistas.unilasalle.edu.br\/index.php\/conhecimento_diversidade\" id=\"link-786\" class=\"track_this_link \" rel=\"noopener noreferrer\" target=\"_blank\">CONHECIMENTO E DIVERSIDADE<\/a><\/li>\n<li><a href=\"https:\/\/periodicos.ufba.br\/index.php\/contemporaneaposcom\" id=\"link-1319\" class=\"track_this_link \" rel=\"noopener noreferrer\" target=\"_blank\">CONTEMPOR\u00c2NEA: REVISTA DE COMUNICA\u00c7\u00c3O E CULTURA<\/a><\/li>\n<li><a href=\"https:\/\/periodicos.uff.br\/contracampo\" id=\"link-1891\" class=\"track_this_link \" rel=\"noopener noreferrer\" target=\"_blank\">CONTRACAMPO (UFF)<\/a><\/li>\n<li><a href=\"https:\/\/periodicos.uff.br\/contracampo\" id=\"link-1320\" class=\"track_this_link \" rel=\"noopener noreferrer\" target=\"_blank\">CONTRACAMPO: BRAZILIAN JOURNAL OF COMMUNICATION<\/a><\/li>\n<li><a href=\"https:\/\/portaldeperiodicos.animaeducacao.com.br\/index.php\/Critica_Cultural\/index\" id=\"link-2046\" class=\"track_this_link \" rel=\"noopener noreferrer\" target=\"_blank\">CR\u00cdTICA CULTURAL<\/a><\/li>\n<li><a href=\"https:\/\/periodicos.ufpb.br\/index.php\/cm\" id=\"link-2047\" class=\"track_this_link \" rel=\"noopener noreferrer\" target=\"_blank\">CULTURAS MIDI\u00c1TICAS<\/a><\/li>\n<li><a href=\"https:\/\/dados.iesp.uerj.br\/\" id=\"link-2048\" class=\"track_this_link \" rel=\"noopener noreferrer\" target=\"_blank\">DADOS: REVISTAS DE CI\u00caNCIAS SOCIAIS<\/a><\/li>\n<li><a href=\"http:\/\/revistas.faculdadesocial.edu.br\/index.php\/dialogospossiveis\" id=\"link-2049\" class=\"track_this_link \" rel=\"noopener noreferrer\" target=\"_blank\">DI\u00c1LOGOS POSS\u00cdVEIS<\/a><\/li>\n<li><a href=\"http:\/\/www.uel.br\/revistas\/uel\/index.php\/discursosfotograficos\/index\" id=\"link-2050\" class=\"track_this_link \" rel=\"noopener noreferrer\" target=\"_blank\">DISCURSOS FOTOGR\u00c1FICOS<\/a><\/li>\n<li><a href=\"http:\/\/periodicos.pucminas.br\/index.php\/dispositiva\" id=\"link-2051\" class=\"track_this_link \" rel=\"noopener noreferrer\" target=\"_blank\">DISPOSITIVA<\/a><\/li>\n<li><a href=\"http:\/\/revistas.unibh.br\/index.php\/ecom\/index\" id=\"link-2052\" class=\"track_this_link \" rel=\"noopener noreferrer\" target=\"_blank\">E-COM<\/a><\/li>\n<li><a href=\"https:\/\/www.e-compos.org.br\/\" id=\"link-2053\" class=\"track_this_link \" rel=\"noopener noreferrer\" target=\"_blank\">E-COMP\u00d3S<\/a><\/li>\n<li><a href=\"http:\/\/revistas.unifatea.edu.br:8081\/seer\/index.php\/eccom\" id=\"link-1323\" class=\"track_this_link \" rel=\"noopener noreferrer\" target=\"_blank\">ECCOM \u2013 EDUCA\u00c7\u00c3O, CULTURA E COMUNICA\u00c7\u00c3O<\/a><\/li>\n<li><a href=\"https:\/\/www.revistas.usp.br\/ecoa\" id=\"link-2054\" class=\"track_this_link \" rel=\"noopener noreferrer\" target=\"_blank\">ECONOMIA APLICADA<\/a><\/li>\n<li><a href=\"http:\/\/seer.ufrgs.br\/index.php\/EmQuestao\/index\" id=\"link-2055\" class=\"track_this_link \" rel=\"noopener noreferrer\" target=\"_blank\">EM QUEST\u00c3O<\/a><\/li>\n<li><a href=\"https:\/\/fatece.edu.br\/revista-empreendedorismo-volume-10\" id=\"link-2056\" class=\"track_this_link \" rel=\"noopener noreferrer\" target=\"_blank\">EMPREENDEDORISMO, GEST\u00c3O E NEG\u00d3CIOS<\/a><\/li>\n<li><a href=\"http:\/\/entremeios.com.puc-rio.br\/cgi\/cgilua.exe\/sys\/start.htm?tpl=home\" id=\"link-2057\" class=\"track_this_link \" rel=\"noopener noreferrer\" target=\"_blank\">ENTRE.MEIOS (ONLINE)<\/a><\/li>\n<li><a href=\"https:\/\/seer.ufs.br\/index.php\/eptic\/index\" id=\"link-2058\" class=\"track_this_link \" rel=\"noopener noreferrer\" target=\"_blank\">EPTIC (UFS)<\/a><\/li>\n<li><a href=\"https:\/\/www.revistas.usp.br\/ee\" id=\"link-2059\" class=\"track_this_link \" rel=\"noopener noreferrer\" target=\"_blank\">ESTUDOS ECON\u00d4MICOS<\/a><\/li>\n<li><a href=\"https:\/\/www.revistas.usp.br\/esse\" id=\"link-2060\" class=\"track_this_link \" rel=\"noopener noreferrer\" target=\"_blank\">ESTUDOS SEMI\u00d3TICOS<\/a><\/li>\n<li><a href=\"https:\/\/seer.ufrgs.br\/index.php\/fotocronografias\" id=\"link-2061\" class=\"track_this_link \" rel=\"noopener noreferrer\" target=\"_blank\">FOTOCRONOGRAFIAS<\/a><\/li>\n<li><a href=\"https:\/\/revistas.unisinos.br\/index.php\/fronteiras\" id=\"link-2062\" class=\"track_this_link \" rel=\"noopener noreferrer\" target=\"_blank\">FRONTEIRAS: ESTUDOS MIDI\u00c1TICOS<\/a><\/li>\n<li><a href=\"https:\/\/revistas.pucsp.br\/index.php\/galaxia\/index\" id=\"link-2063\" class=\"track_this_link \" rel=\"noopener noreferrer\" target=\"_blank\">GAL\u00c1XIA. REVISTA INTERDISCIPLINAR DE COMUNICA\u00c7\u00c3O E CULTURA<\/a><\/li>\n<li><a href=\"https:\/\/periodicos.ufsm.br\/gutenberg\/index\" id=\"link-2064\" class=\"track_this_link \" rel=\"noopener noreferrer\" target=\"_blank\">GUTENBERG: REVISTA DE PRODU\u00c7\u00c3O EDITORIAL<\/a><\/li>\n<li><a href=\"http:\/\/bibliotecadigital.fgv.br\/ojs\/index.php\/gvcasos\" id=\"link-1326\" class=\"track_this_link \" rel=\"noopener noreferrer\" target=\"_blank\">GVCASOS \u2013 REVISTA BRASILEIRA DE CASOS DE ENSINO EM ADMINISTRA\u00c7\u00c3O<\/a><\/li>\n<li><a href=\"https:\/\/periodicos.ufpe.br\/revistas\/icone\/index\" id=\"link-2078\" class=\"track_this_link \" rel=\"noopener noreferrer\" target=\"_blank\">\u00cdCONE (RECIFE) \u00cdCONE: REVISTA BRASILEIRA DE HIST\u00d3RIA DA ARTE<\/a><\/li>\n<li><a href=\"https:\/\/ijoc.org\/index.php\/ijoc\/search\" id=\"link-2079\" class=\"track_this_link \" rel=\"noopener noreferrer\" target=\"_blank\">IJOC -REVISTA INTERNACIONAL DE COMUNICA\u00c7\u00c3O<\/a><\/li>\n<li><a href=\"http:\/\/periodicos.ufpb.br\/ojs2\/index.php\/ies\" id=\"link-2080\" class=\"track_this_link \" rel=\"noopener noreferrer\" target=\"_blank\">INFORMA\u00c7\u00c3O &#038; SOCIEDADE: ESTUDOS<\/a><\/li>\n<li><a href=\"http:\/\/portcom.intercom.org.br\/revistas\/index.php\/iniciacom\" id=\"link-2081\" class=\"track_this_link \" rel=\"noopener noreferrer\" target=\"_blank\">INICIACOM: REVISTA BRASILEIRA DE INICIACAO CIENTIFICA EM COMUNICACAO SOCIAL<\/a><\/li>\n<li><a href=\"https:\/\/revistas.intercom.org.br\/index.php\/inovcom\" id=\"link-1917\" class=\"track_this_link \" rel=\"noopener noreferrer\" target=\"_blank\">INOVCOM &#8211; REVISTA BRASILEIRA DE INOVA\u00c7\u00c3O CIENT\u00cdFICA EM COMUNICA\u00c7\u00c3O<\/a><\/li>\n<li><a href=\"https:\/\/revistas.intercom.org.br\/index.php\/revistaintercom\" id=\"link-1147\" class=\"track_this_link \" rel=\"noopener noreferrer\" target=\"_blank\">INTERCOM: REVISTA BRASILEIRA DE CI\u00caNCIAS DA COMUNICA\u00c7\u00c3O<\/a><\/li>\n<li><a href=\"http:\/\/www.scielo.br\/scielo.php?script=sci_issues&#038;pid=1414-3283&#038;lng=pt&#038;nrm=iso\" id=\"link-1327\" class=\"track_this_link \" rel=\"noopener noreferrer\" target=\"_blank\">INTERFACE: COMUNICA\u00c7\u00c3O, SA\u00daDE, EDUCA\u00c7\u00c3O<\/a><\/li>\n<li><a href=\"https:\/\/revistas.usp.br\/interfaces\" id=\"link-2082\" class=\"track_this_link \" rel=\"noopener noreferrer\" target=\"_blank\">INTERFACES DA COMUNICA\u00c7\u00c3O<\/a><\/li>\n<li><a href=\"https:\/\/interin.utp.br\/index.php\/i\" id=\"link-2083\" class=\"track_this_link \" rel=\"noopener noreferrer\" target=\"_blank\">INTERIN<\/a><\/li>\n<li><a href=\"https:\/\/seer.ufrgs.br\/intexto\" id=\"link-2084\" class=\"track_this_link \" rel=\"noopener noreferrer\" target=\"_blank\">INTEXTO<\/a><\/li>\n<li><a href=\"https:\/\/www.e-publicacoes.uerj.br\/index.php\/intratextos\/search\" id=\"link-2085\" class=\"track_this_link \" rel=\"noopener noreferrer\" target=\"_blank\">INTRATEXTOS<\/a><\/li>\n<li><a href=\"http:\/\/www2.faac.unesp.br\/ojs\/index.php\/leiturasdojornalismo\/index\" id=\"link-2086\" class=\"track_this_link \" rel=\"noopener noreferrer\" target=\"_blank\">LEITURAS DO JORNALISMO<\/a><\/li>\n<li><a href=\"https:\/\/seer.casperlibero.edu.br\/index.php\/\" id=\"link-2087\" class=\"track_this_link \" rel=\"noopener noreferrer\" target=\"_blank\">L\u00cdBERO<\/a><\/li>\n<li><a href=\"https:\/\/www.e-publicacoes.uerj.br\/index.php\/logos\" id=\"link-2088\" class=\"track_this_link \" rel=\"noopener noreferrer\" target=\"_blank\">LOGOS: COMUNICA\u00c7\u00c3O E UNIVERSIDADE<\/a><\/li>\n<li><a href=\"https:\/\/revistas.ufrj.br\/index.php\/lc\/search\" id=\"link-2089\" class=\"track_this_link \" rel=\"noopener noreferrer\" target=\"_blank\">LUGAR COMUM &#8211; ESTUDOS DE M\u00cdDIA, CULTURA E DEMOCRACIA<\/a><\/li>\n<li><a href=\"https:\/\/periodicos.ufjf.br\/index.php\/lumina\/index\" id=\"link-2090\" class=\"track_this_link \" rel=\"noopener noreferrer\" target=\"_blank\">LUMINA<\/a><\/li>\n<li><a href=\"https:\/\/www.revistas.usp.br\/matrizes\" id=\"link-1328\" class=\"track_this_link \" rel=\"noopener noreferrer\" target=\"_blank\">MATRIZES<\/a><\/li>\n<li><a href=\"https:\/\/impactum-journals.uc.pt\/mj\" id=\"link-2092\" class=\"track_this_link \" rel=\"noopener noreferrer\" target=\"_blank\">MEDIA &#038; JORNALISMO<\/a><\/li>\n<li><a href=\"http:\/\/revista.fumec.br\/index.php\/mediacao\" id=\"link-2093\" class=\"track_this_link \" rel=\"noopener noreferrer\" target=\"_blank\">MEDIA\u00c7\u00c3O<\/a><\/li>\n<li><a href=\"https:\/\/periodicos.uff.br\/midiaecotidiano\/index\" id=\"link-2094\" class=\"track_this_link \" rel=\"noopener noreferrer\" target=\"_blank\">M\u00cdDIA E COTIDIANO<\/a><\/li>\n<li><a href=\"https:\/\/www.mundodomarketing.com.br\/\" id=\"link-754\" class=\"track_this_link \" rel=\"noopener noreferrer\" target=\"_blank\">MUNDO DO MARKETING &#8211; DIGITAL<\/a><\/li>\n<li><a href=\"https:\/\/revistanarratio.emnuvens.com.br\/narratio\/about\" id=\"link-2095\" class=\"track_this_link \" rel=\"noopener noreferrer\" target=\"_blank\">NARRATIO \u2013 ESTUDOS DE COMUNICA\u00c7\u00c3O, LINGUAGENS E M\u00cdDIAS<\/a><\/li>\n<li><a href=\"https:\/\/www.scielo.br\/j\/nec\/\" id=\"link-2096\" class=\"track_this_link \" rel=\"noopener noreferrer\" target=\"_blank\">NOVOS ESTUDOS<\/a><\/li>\n<li><a href=\"https:\/\/www.revistas.usp.br\/novosolhares\/index\" id=\"link-2097\" class=\"track_this_link \" rel=\"noopener noreferrer\" target=\"_blank\">NOVOS OLHARES<\/a><\/li>\n<li><a href=\"http:\/\/www.scielo.br\/scielo.php?script=sci_serial&#038;pid=0104-6276&#038;lng=en&#038;nrm=iso\" id=\"link-795\" class=\"track_this_link \" rel=\"noopener noreferrer\" target=\"_blank\">OPINI\u00c3O P\u00daBLICA<\/a><\/li>\n<li><a href=\"https:\/\/www.revistas.usp.br\/organicom\/index\" id=\"link-2098\" class=\"track_this_link \" rel=\"noopener noreferrer\" target=\"_blank\">ORGANICOM<\/a><\/li>\n<li><a href=\"https:\/\/revistas.ufrj.br\/index.php\/ph\/search\" id=\"link-2099\" class=\"track_this_link \" rel=\"noopener noreferrer\" target=\"_blank\">PAISAGENS H\u00cdBRIDAS<\/a><\/li>\n<li><a href=\"http:\/\/seer.pucgoias.edu.br\/index.php\/panorama\/index\" id=\"link-1330\" class=\"track_this_link \" rel=\"noopener noreferrer\" target=\"_blank\">PANORAMA: REVISTA CIENT\u00cdFICA DE COMUNICA\u00c7\u00c3O SOCIAL<\/a><\/li>\n<li><a href=\"https:\/\/revistaseletronicas.fiamfaam.br\/index.php\/recicofi\" id=\"link-2100\" class=\"track_this_link \" rel=\"noopener noreferrer\" target=\"_blank\">PAR\u00c1GRAFO<\/a><\/li>\n<li><a href=\"https:\/\/fapcom.edu.br\/revista\/index.php\/revista-paulus\/index\" id=\"link-2101\" class=\"track_this_link \" rel=\"noopener noreferrer\" target=\"_blank\">PAULUS \u2013 REVISTA DE COMUNICA\u00c7\u00c3O DA FAPCOM<\/a><\/li>\n<li><a href=\"https:\/\/revistas.uepg.br\/index.php\/pauta\/index\" id=\"link-2102\" class=\"track_this_link \" rel=\"noopener noreferrer\" target=\"_blank\">PAUTA GERAL \u2013 ESTUDOS EM JORNALISMO<\/a><\/li>\n<li><a href=\"https:\/\/revistas.ufrj.br\/index.php\/policromias\/index\" id=\"link-2103\" class=\"track_this_link \" rel=\"noopener noreferrer\" target=\"_blank\">POLICROMIAS  &#8211; REVISTA DE ESTUDOS DO DISCURSO, IMAGEM E SOM<\/a><\/li>\n<li><a href=\"https:\/\/periodicoscientificos.ufmt.br\/ojs\/index.php\/polifonia\" id=\"link-2104\" class=\"track_this_link \" rel=\"noopener noreferrer\" target=\"_blank\">POLIFONIA &#8211; ESTUDOS DA LINGUAGEM<\/a><\/li>\n<li><a href=\"https:\/\/seer.sis.puc-campinas.edu.br\/pos-limiar\" id=\"link-2105\" class=\"track_this_link \" rel=\"noopener noreferrer\" target=\"_blank\">P\u00d3S-LIMIAR<\/a><\/li>\n<li><a href=\"https:\/\/propmark.com.br\/\" id=\"link-2106\" class=\"track_this_link \" rel=\"noopener noreferrer\" target=\"_blank\">PROPAGANDA<\/a><\/li>\n<li><a href=\"https:\/\/www.propmarkdigital.com.br\/\" id=\"link-2107\" class=\"track_this_link \" rel=\"noopener noreferrer\" target=\"_blank\">PROPMARK<\/a><\/li>\n<li><a href=\"http:\/\/revistas.unisinos.br\/index.php\/questoes\/index\" id=\"link-1331\" class=\"track_this_link \" rel=\"noopener noreferrer\" target=\"_blank\">QUEST\u00d5ES TRANSVERSAIS \u2013 REVISTA DE EPISTEMOLOGIAS DA COMUNICA\u00c7\u00c3O<\/a><\/li>\n<li><a href=\"https:\/\/rac.anpad.org.br\/index.php\/rac\" id=\"link-1182\" class=\"track_this_link \" rel=\"noopener noreferrer\" target=\"_blank\">RAC \u2013 REVISTA DE ADMINISTRA\u00c7\u00c3O CONTEMPOR\u00c2NEA<\/a><\/li>\n<li><a href=\"https:\/\/periodicos.ufop.br\/radiofonias\/\" id=\"link-2108\" class=\"track_this_link \" rel=\"noopener noreferrer\" target=\"_blank\">RADIOFONIAS \u2013 REVISTA DE ESTUDOS EM M\u00cdDIA SONORA<\/a><\/li>\n<li><a href=\"https:\/\/rae.fgv.br\/\" id=\"link-2109\" class=\"track_this_link \" rel=\"noopener noreferrer\" target=\"_blank\">RAE \u2013 REVISTA DE ADMINISTRA\u00c7\u00c3O DE EMPRESAS<\/a><\/li>\n<li><a href=\"https:\/\/revistas.fw.uri.br\/index.php\/raep\" id=\"link-2110\" class=\"track_this_link \" rel=\"noopener noreferrer\" target=\"_blank\">RAEP \u2013 REVISTA DE ADMINISTRA\u00c7\u00c3O, ENSINO E PESQUISA<\/a><\/li>\n<li><a href=\"https:\/\/www.revistas.usp.br\/rai\" id=\"link-1184\" class=\"track_this_link \" rel=\"noopener noreferrer\" target=\"_blank\">RAI \u2013 REVISTA DE ADMINISTRA\u00c7\u00c3O E INOVA\u00c7\u00c3O<\/a><\/li>\n<li><a href=\"http:\/\/rebej.abejor.org.br\/index.php\/rebej\/search\/search\" id=\"link-2112\" class=\"track_this_link \" rel=\"noopener noreferrer\" target=\"_blank\">REBEJ &#8211; REVISTA BRASILEIRA DE ENSINO DE JORNALISMO<\/a><\/li>\n<li><a href=\"https:\/\/revistas.udc.es\/index.php\/REDMARKA\/index\" id=\"link-2113\" class=\"track_this_link \" rel=\"noopener noreferrer\" target=\"_blank\">REDMARKA \u2013 REVISTA DE MARKETING APLICADO<\/a><\/li>\n<li><a href=\"http:\/\/www.revistabrasileiramarketing.org\/ojs-2.2.4\/index.php\/remark\/index\" id=\"link-798\" class=\"track_this_link \" rel=\"noopener noreferrer\" target=\"_blank\">REMARK: REVISTA BRASILEIRA DE MARKETING<\/a><\/li>\n<li><a href=\"https:\/\/revistas.uneb.br\/index.php\/babel\/index\" id=\"link-1151\" class=\"track_this_link \" rel=\"noopener noreferrer\" target=\"_blank\">REVISTA BABEL<\/a><\/li>\n<li><a href=\"https:\/\/rbeg.net\/index.php\/rbeg\/issue\/archive\" id=\"link-2114\" class=\"track_this_link \" rel=\"noopener noreferrer\" target=\"_blank\">REVISTA BRASILEIRA DE EXPRESS\u00c3O GR\u00c1FICA<\/a><\/li>\n<li><a href=\"https:\/\/revistas.ufpi.br\/index.php\/rbhm\/index\" id=\"link-797\" class=\"track_this_link \" rel=\"noopener noreferrer\" target=\"_blank\">REVISTA BRASILEIRA DE HIST\u00d3RIA DA M\u00cdDIA<\/a><\/li>\n<li><a href=\"http:\/\/www.scielo.br\/scielo.php?script=sci_serial&#038;pid=1984-6398&#038;lng=pt&#038;nrm=iso\" id=\"link-2115\" class=\"track_this_link \" rel=\"noopener noreferrer\" target=\"_blank\">REVISTA BRASILEIRA DE LINGU\u00cdSTICA APLICADA<\/a><\/li>\n<li><a href=\"https:\/\/periodicos.unifesp.br\/index.php\/rbvl\" id=\"link-2116\" class=\"track_this_link \" rel=\"noopener noreferrer\" target=\"_blank\">REVISTA BRASILEIRA DE V\u00cdDEO-REGISTROS EM LIBRAS<\/a><\/li>\n<li><a href=\"http:\/\/compolitica.org\/revista\/index.php\/revista\" id=\"link-2117\" class=\"track_this_link \" rel=\"noopener noreferrer\" target=\"_blank\">REVISTA COMPOL\u00cdTICA<\/a><\/li>\n<li><a href=\"https:\/\/www2.faac.unesp.br\/comunicacaomidiatica\/index.php\/CM\/index\" id=\"link-1289\" class=\"track_this_link \" rel=\"noopener noreferrer\" target=\"_blank\">REVISTA COMUNICA\u00c7\u00c3O MIDI\u00c1TICA<\/a><\/li>\n<li><a href=\"https:\/\/periodicos.unemat.br\/index.php\/ccs\/index\" id=\"link-1334\" class=\"track_this_link \" rel=\"noopener noreferrer\" target=\"_blank\">REVISTA COMUNICA\u00c7\u00c3O, CULTURA E SOCIEDADE<\/a><\/li>\n<li><a href=\"https:\/\/www.revistas.usp.br\/ra\" id=\"link-2118\" class=\"track_this_link \" rel=\"noopener noreferrer\" target=\"_blank\">REVISTA DE ANTROPOLOGIA<\/a><\/li>\n<li><a href=\"https:\/\/periodicos.unb.br\/index.php\/design-tecnologia-sociedade\" id=\"link-2119\" class=\"track_this_link \" rel=\"noopener noreferrer\" target=\"_blank\">REVISTA DE DESIGN, TECNOLOGIA E SOCIEDADE<\/a><\/li>\n<li><a href=\"https:\/\/www.revistas.unijui.edu.br\/index.php\/direitoshumanosedemocracia\" id=\"link-1153\" class=\"track_this_link \" rel=\"noopener noreferrer\" target=\"_blank\">REVISTA DE DIREITOS HUMANOS E DEMOCRACIA<\/a><\/li>\n<li><a href=\"https:\/\/revistas.pucsp.br\/index.php\/estudoslinguaportuguesa\" id=\"link-2120\" class=\"track_this_link \" rel=\"noopener noreferrer\" target=\"_blank\">REVISTA DE ESTUDOS DA L\u00cdNGUA PORTUGUESA<\/a><\/li>\n<li><a href=\"https:\/\/revistas.pucsp.br\/index.php\/bakhtiniana\/search\/search\" id=\"link-2121\" class=\"track_this_link \" rel=\"noopener noreferrer\" target=\"_blank\">REVISTA DE ESTUDOS DO DISCURSO<\/a><\/li>\n<li><a href=\"http:\/\/periodicos.uniso.br\/ojs\/index.php\/reu\/\" id=\"link-2122\" class=\"track_this_link \" rel=\"noopener noreferrer\" target=\"_blank\">REVISTA DE ESTUDOS UNIVERSIT\u00c1RIOS<\/a><\/li>\n<li><a href=\"https:\/\/www3.ufrb.edu.br\/seer\/index.php\/griot\/\" id=\"link-1154\" class=\"track_this_link \" rel=\"noopener noreferrer\" target=\"_blank\">REVISTA DE FILOSOFIA<\/a><\/li>\n<li><a href=\"https:\/\/revistagesec.org.br\/gesec\" id=\"link-2123\" class=\"track_this_link \" rel=\"noopener noreferrer\" target=\"_blank\">REVISTA DE GEST\u00c3O E SECRETARIADO<\/a><\/li>\n<li><a href=\"https:\/\/revistas.ufpr.br\/rsp\" id=\"link-2125\" class=\"track_this_link \" rel=\"noopener noreferrer\" target=\"_blank\">REVISTA DE SOCIOLOGIA E POL\u00cdTICA<\/a><\/li>\n<li><a href=\"http:\/\/periodicos.pucminas.br\/index.php\/dispositiva\/search\/search\" id=\"link-2126\" class=\"track_this_link \" rel=\"noopener noreferrer\" target=\"_blank\">REVISTA DISPOSITIVA<\/a><\/li>\n<li>REVISTA ECO-P\u00d3S<\/li>\n<li><a href=\"https:\/\/periodicos.fclar.unesp.br\/entrelinguas\" id=\"link-1158\" class=\"track_this_link \" rel=\"noopener noreferrer\" target=\"_blank\">REVISTA ENTREL\u00cdNGUAS<\/a><\/li>\n<li><a href=\"https:\/\/portalrevistas.ucb.br\/index.php\/esf\/index\" id=\"link-2153\" class=\"track_this_link \" rel=\"noopener noreferrer\" target=\"_blank\">REVISTA ESFERAS<\/a><\/li>\n<li><a href=\"http:\/\/redc.revistas.csic.es\/index.php\/redc\/issue\/view\/102\" id=\"link-800\" class=\"track_this_link \" rel=\"noopener noreferrer\" target=\"_blank\">REVISTA ESPA\u00d1OLA DE INVESTIGACION DE MARKETING (ESIC)<\/a><\/li>\n<li><a href=\"https:\/\/periodicos.ufmg.br\/index.php\/lingua_portuguesa\/issue\/view\/437\" id=\"link-2128\" class=\"track_this_link \" rel=\"noopener noreferrer\" target=\"_blank\">REVISTA ESTUDOS DE L\u00cdNGUA PORTUGUESA<\/a><\/li>\n<li><a href=\"https:\/\/ufrb.edu.br\/revistaextensao\/\" id=\"link-2129\" class=\"track_this_link \" rel=\"noopener noreferrer\" target=\"_blank\">REVISTA EXTENS\u00c3O<\/a><\/li>\n<li><a href=\"https:\/\/www.revistas.usp.br\/extraprensa\" id=\"link-2130\" class=\"track_this_link \" rel=\"noopener noreferrer\" target=\"_blank\">REVISTA EXTRAPRENSA<\/a><\/li>\n<li><a href=\"https:\/\/revistaseletronicas.pucrs.br\/ojs\/index.php\/revistafamecos\/index\" id=\"link-1186\" class=\"track_this_link \" rel=\"noopener noreferrer\" target=\"_blank\">REVISTA FAMECOS: M\u00cdDIA, CULTURA E TECNOLOGIA<\/a><\/li>\n<li><a href=\"https:\/\/revistas.unisinos.br\/index.php\/fronteiras\" id=\"link-1187\" class=\"track_this_link \" rel=\"noopener noreferrer\" target=\"_blank\">REVISTA FRONTEIRAS: ESTUDOS MIDI\u00c1TICOS<\/a><\/li>\n<li><a href=\"https:\/\/www.revistageminis.ufscar.br\/index.php\/geminis\" id=\"link-2131\" class=\"track_this_link \" rel=\"noopener noreferrer\" target=\"_blank\">REVISTA GEMINIS<\/a><\/li>\n<li><a href=\"https:\/\/www.revistas.uepg.br\/index.php\/folkcom\" id=\"link-2132\" class=\"track_this_link \" rel=\"noopener noreferrer\" target=\"_blank\">REVISTA INTERNACIONAL DE FOLKCOMUNICA\u00c7\u00c3O<\/a><\/li>\n<li><a href=\"https:\/\/www.scielo.br\/j\/rk\/\" id=\"link-2133\" class=\"track_this_link \" rel=\"noopener noreferrer\" target=\"_blank\">REVISTA KAT\u00c1LYSIS<\/a><\/li>\n<li><a href=\"https:\/\/revista.pubalaic.org\/index.php\/alaic\" id=\"link-2134\" class=\"track_this_link \" rel=\"noopener noreferrer\" target=\"_blank\">REVISTA LATINOAMERICANA DE CIENCIAS DE LA COMUNICACI\u00d3N<\/a><\/li>\n<li><a href=\"https:\/\/revistas.ufpr.br\/letras\" id=\"link-1164\" class=\"track_this_link \" rel=\"noopener noreferrer\" target=\"_blank\">REVISTA LETRAS<\/a><\/li>\n<li><a href=\"https:\/\/sites.google.com\/site\/revimovi\" id=\"link-2135\" class=\"track_this_link \" rel=\"noopener noreferrer\" target=\"_blank\">REVISTA MOVIMENTO (ECA-USP)<\/a><\/li>\n<li><a href=\"https:\/\/sistemas.uft.edu.br\/periodicos\/index.php\/observatorio\/index\" id=\"link-2136\" class=\"track_this_link \" rel=\"noopener noreferrer\" target=\"_blank\">REVISTA OBSERVAT\u00d3RIO<\/a><\/li>\n<li><a href=\"http:\/\/www.seer.ufu.br\/index.php\/paradoxos\" id=\"link-2137\" class=\"track_this_link \" rel=\"noopener noreferrer\" target=\"_blank\">REVISTA PARADOXOS<\/a><\/li>\n<li><a href=\"http:\/\/periodicos.ufc.br\/passagens\" id=\"link-2138\" class=\"track_this_link \" rel=\"noopener noreferrer\" target=\"_blank\">REVISTA PASSAGENS: REVISTA DO PROGRAMA DE P\u00d3S-GRADUA\u00c7\u00c3O EM COMUNICA\u00c7\u00c3O UFC<\/a><\/li>\n<li><a href=\"https:\/\/revista.uemg.br\/index.php\/sciasls\" id=\"link-2139\" class=\"track_this_link \" rel=\"noopener noreferrer\" target=\"_blank\">REVISTA SCIAS L\u00cdNGUA DE SINAIS<\/a><\/li>\n<li><a href=\"https:\/\/www.revistasuninter.com\/revistacomunicacao\/index.php\/revista\" id=\"link-2140\" class=\"track_this_link \" rel=\"noopener noreferrer\" target=\"_blank\">REVISTA UNINTER DE COMUNICA\u00c7\u00c3O<\/a><\/li>\n<li><a href=\"https:\/\/periodicos.unb.br\/index.php\/RICI\/index\" id=\"link-2141\" class=\"track_this_link \" rel=\"noopener noreferrer\" target=\"_blank\">RICI: REVISTA IBERO-AMERICANA DE CI\u00caNCIA DA INFORMA\u00c7\u00c3O<\/a><\/li>\n<li><a href=\"https:\/\/online.unisc.br\/seer\/index.php\/rizoma\" id=\"link-2142\" class=\"track_this_link \" rel=\"noopener noreferrer\" target=\"_blank\">RIZOMA<\/a><\/li>\n<li><a href=\"https:\/\/www.revistas.usp.br\/Rumores\" id=\"link-776\" class=\"track_this_link \" rel=\"noopener noreferrer\" target=\"_blank\">RUMORES \u2013 REVISTA ONLINE DE COMUNICA\u00c7\u00c3O, LINGUAGEM E M\u00cdDIA PUBLICADA<\/a><\/li>\n<li><a href=\"http:\/\/www.revistas.usp.br\/significacao\" id=\"link-1332\" class=\"track_this_link \" rel=\"noopener noreferrer\" target=\"_blank\">SIGNIFICA\u00c7\u00c3O. REVISTA DE CULTURA AUDIOVISUAL<\/a><\/li>\n<li><a href=\"https:\/\/www.revistas.usp.br\/signosdoconsumo\" id=\"link-1195\" class=\"track_this_link \" rel=\"noopener noreferrer\" target=\"_blank\">SIGNOS DO CONSUMO<\/a><\/li>\n<li><a href=\"https:\/\/periodicos.ufpb.br\/ojs2\/index.php\/tematica\" id=\"link-2143\" class=\"track_this_link \" rel=\"noopener noreferrer\" target=\"_blank\">TEM\u00c1TICA<\/a><\/li>\n<li><a href=\"http:\/\/www.periodicos.letras.ufmg.br\/index.php\/textolivre\/search\" id=\"link-2144\" class=\"track_this_link \" rel=\"noopener noreferrer\" target=\"_blank\">TEXTO LIVRE: LINGUAGEM E TECNOLOGIA<\/a><\/li>\n<li><a href=\"https:\/\/www.sciencedirect.com\/journal\/thinking-skills-and-creativity\" id=\"link-2145\" class=\"track_this_link \" rel=\"noopener noreferrer\" target=\"_blank\">THINKING SKILLS AND CRATIVITY<\/a><\/li>\n<li><a href=\"http:\/\/www.scielo.br\/scielo.php?script=sci_serial&#038;pid=0103-1813&#038;lng=pt&#038;nrm=iso\" id=\"link-2146\" class=\"track_this_link \" rel=\"noopener noreferrer\" target=\"_blank\">TRABALHOS EM LINGU\u00cdSTICA APLICADA<\/a><\/li>\n<li><a href=\"http:\/\/periodicos.puc-campinas.edu.br\/seer\/index.php\/transinfo\/index\" id=\"link-2147\" class=\"track_this_link \" rel=\"noopener noreferrer\" target=\"_blank\">TRANSINFORMA\u00c7\u00c3O<\/a><\/li>\n<li><a href=\"http:\/\/periodicos.uniso.br\/ojs\/index.php\/triade\" id=\"link-1333\" class=\"track_this_link \" rel=\"noopener noreferrer\" target=\"_blank\">TR\u00cdADE: COMUNICA\u00c7\u00c3O, CULTURA E M\u00cdDIA<\/a><\/li>\n<li><a href=\"https:\/\/periodicos.ufjf.br\/index.php\/veredas\/index\" id=\"link-2148\" class=\"track_this_link \" rel=\"noopener noreferrer\" target=\"_blank\">VEREDAS &#8211; REVISTA DE ESTUDOS LINGU\u00cdSTICOS<\/a><\/li>\n<li><a href=\"http:\/\/revistas.unisinos.br\/index.php\/versoereverso\/index\" id=\"link-2149\" class=\"track_this_link \" rel=\"noopener noreferrer\" target=\"_blank\">VERSO E REVERSO: REVISTA DA COMUNICA\u00c7\u00c3O<\/a><\/li>\n<li><a href=\"https:\/\/periodicos.univali.br\/index.php\/vd\/index\" id=\"link-2150\" class=\"track_this_link \" rel=\"noopener noreferrer\" target=\"_blank\">VOZES E DI\u00c1LOGO (UNIVALI)<\/a><\/li>\n<li><a href=\"https:\/\/periodicos.ufjf.br\/index.php\/zanzala\" id=\"link-2151\" class=\"track_this_link \" rel=\"noopener noreferrer\" target=\"_blank\">ZANZAL\u00c1 \u2013 REVISTA BRASILEIRA DE ESTUDOS SOBRE G\u00caNEROS CINEMATOGR\u00c1FICOS E AUDIOVISUAIS<\/a><\/li>\n\t<\/ul>\n<\/div><!-- Div End Category -->\n<div class=\"LinkLibraryCat LinkLibraryCat26 level0\"><!-- Div Category --><div id=\"periodicos-on-line-radialismo\"><!-- Div Category Name --><div class=\"linklistcatname\"><!-- Div Cat Name --><span class=\"linklistcatclass\">Peri\u00f3dicos On Line - Radialismo<\/span><\/div><!-- DivOrHeader --><\/div><!-- Div Category Name -->\n\t<ul>\n<li><a href=\"https:\/\/periodicos.ufpb.br\/index.php\/arf\" id=\"link-1435\" class=\"track_this_link \" rel=\"noopener noreferrer\" target=\"_blank\">ALFKLARUNG &#8211; REVISTA DE FILOSOFIA<\/a><\/li>\n<li><a href=\"https:\/\/www.revistas.usp.br\/anagrama\" id=\"link-564\" class=\"track_this_link \" rel=\"noopener noreferrer\" target=\"_blank\">ANAGRAMA<\/a><\/li>\n<li><a href=\"http:\/\/cascavel.ufsm.br\/revistas\/ojs-2.2.2\/index.php\/animus\" id=\"link-1335\" class=\"track_this_link \" rel=\"noopener noreferrer\" target=\"_blank\">ANIMUS: REVISTA INTERAMERICANA DE COMUNICA\u00c7\u00c3O MIDI\u00c1TICA<\/a><\/li>\n<li><a href=\"https:\/\/seer.ufu.br\/index.php\/artcultura\" id=\"link-1436\" class=\"track_this_link \" rel=\"noopener noreferrer\" target=\"_blank\">ARTCULTURA: REVISTA DE HIST\u00d3RIA, CULTURA E ARTE<\/a><\/li>\n<li><a href=\"https:\/\/www.revista.ueg.br\/index.php\/atatot\/index\" id=\"link-1437\" class=\"track_this_link \" rel=\"noopener noreferrer\" target=\"_blank\">AT\u00c2T\u00d4 &#8211; REVISTA INTERDICIPLINAR DE DIREITOS HUMANOS<\/a><\/li>\n<li><a href=\"http:\/\/revista.cinedocumental.com.ar\/\" id=\"link-483\" class=\"track_this_link \" rel=\"noopener noreferrer\" target=\"_blank\">CINE DOCUMENTAL<\/a><\/li>\n<li><a href=\"http:\/\/cjpmi.ifilnova.pt\/\" id=\"link-1438\" class=\"track_this_link \" rel=\"noopener noreferrer\" target=\"_blank\">CINEMA: JOURNAL OF PHILOSOPHY AND THE MOVING IMAGE<\/a><\/li>\n<li><a href=\"https:\/\/journals.openedition.org\/cinelatino\/\" id=\"link-1439\" class=\"track_this_link \" rel=\"noopener noreferrer\" target=\"_blank\">CIN\u00c9MAS D&#8217;AM\u00c9RIQUE LATINE<\/a><\/li>\n<li><a href=\"http:\/\/revistacinetica.com.br\/nova\/\" id=\"link-1440\" class=\"track_this_link \" rel=\"noopener noreferrer\" target=\"_blank\">CIN\u00c9TICA<\/a><\/li>\n<li><a href=\"https:\/\/revistacmc.espm.br\/revistacmc\" id=\"link-1336\" class=\"track_this_link \" rel=\"noopener noreferrer\" target=\"_blank\">CMC: COMUNICA\u00c7\u00c3O, M\u00cdDIA E CONSUMO (ESPM)<\/a><\/li>\n<li><a href=\"https:\/\/www.revistacomunicar.com\/index.php?idioma=pt\" id=\"link-485\" class=\"track_this_link \" rel=\"noopener noreferrer\" target=\"_blank\">COMUNICAR<\/a><\/li>\n<li><a href=\"https:\/\/periodicos.uff.br\/contracampo\" id=\"link-1337\" class=\"track_this_link \" rel=\"noopener noreferrer\" target=\"_blank\">CONTRACAMPO<\/a><\/li>\n<li><a href=\"https:\/\/portaldeperiodicos.animaeducacao.com.br\/index.php\/Critica_Cultural\/index\" id=\"link-1443\" class=\"track_this_link \" rel=\"noopener noreferrer\" target=\"_blank\">CR\u00cdTICA CULTURAL<\/a><\/li>\n<li><a href=\"https:\/\/www.devires.org\/\" id=\"link-1444\" class=\"track_this_link \" rel=\"noopener noreferrer\" target=\"_blank\">DEVIRES: CINEMA E HUMANIDADES<\/a><\/li>\n<li><a href=\"http:\/\/www.uel.br\/revistas\/uel\/index.php\/discursosfotograficos\/index\" id=\"link-1445\" class=\"track_this_link \" rel=\"noopener noreferrer\" target=\"_blank\">DISCURSOS FOTOGR\u00c1FICOS<\/a><\/li>\n<li><a href=\"http:\/\/ojs.labcom-ifp.ubi.pt\/index.php\/doc\" id=\"link-486\" class=\"track_this_link \" rel=\"noopener noreferrer\" target=\"_blank\">DOC ON LINE<\/a><\/li>\n<li><a href=\"https:\/\/periodicos.ufsc.br\/index.php\/jornalismo\/index\" id=\"link-1338\" class=\"track_this_link \" rel=\"noopener noreferrer\" target=\"_blank\">ESTUDOS EM JORNALISMO E M\u00cdDIA (UFSC)<\/a><\/li>\n<li><a href=\"https:\/\/seer.ufrgs.br\/index.php\/fotocronografias\" id=\"link-1446\" class=\"track_this_link \" rel=\"noopener noreferrer\" target=\"_blank\">FOTOCRONOGRAFIAS<\/a><\/li>\n<li><a href=\"https:\/\/www.revistas.usp.br\/gis\" id=\"link-1339\" class=\"track_this_link \" rel=\"noopener noreferrer\" target=\"_blank\">GIS &#8211; GESTO, IMAGEM E SOM &#8211; REVISTA DE ANTROPOLOGIA<\/a><\/li>\n<li><a href=\"https:\/\/revistas.intercom.org.br\/index.php\/revistaintercom\" id=\"link-1447\" class=\"track_this_link \" rel=\"noopener noreferrer\" target=\"_blank\">INTERCOM: REVISTA BRASILEIRA DE CI\u00caNCIAS DA COMUNICA\u00c7\u00c3O<\/a><\/li>\n<li><a href=\"https:\/\/interin.utp.br\/index.php\/i\" id=\"link-1448\" class=\"track_this_link \" rel=\"noopener noreferrer\" target=\"_blank\">INTERIN<\/a><\/li>\n<li><a href=\"https:\/\/www.tandfonline.com\/toc\/hjrs20\/current\" id=\"link-1340\" class=\"track_this_link \" rel=\"noopener noreferrer\" target=\"_blank\">JOURNAL OF RADIO &#038; AUDIO MEDIA<\/a><\/li>\n<li><a href=\"https:\/\/periodicos.ufmg.br\/index.php\/licere\" id=\"link-1341\" class=\"track_this_link \" rel=\"noopener noreferrer\" target=\"_blank\">LICERE REVISTA DE P\u00d3S-GRADUA\u00c7\u00c3O INTERDISCIPLINAR EM ESTUDOS DO LAZER<\/a><\/li>\n<li><a href=\"http:\/\/www.linguasagem.ufscar.br\/\" id=\"link-1342\" class=\"track_this_link \" rel=\"noopener noreferrer\" target=\"_blank\">LINGUASAGEM<\/a><\/li>\n<li><a href=\"http:\/\/www.revistas.usp.br\/matrizes\/index\" id=\"link-1343\" class=\"track_this_link \" rel=\"noopener noreferrer\" target=\"_blank\">MATRIZES<\/a><\/li>\n<li><a href=\"https:\/\/impactum-journals.uc.pt\/mj\" id=\"link-1344\" class=\"track_this_link \" rel=\"noopener noreferrer\" target=\"_blank\">MEDIA &#038; JORNALISMO<\/a><\/li>\n<li><a href=\"https:\/\/www.revistas.usp.br\/novosolhares\/index\" id=\"link-489\" class=\"track_this_link \" rel=\"noopener noreferrer\" target=\"_blank\">NOVOS OLHARES<\/a><\/li>\n<li><a href=\"https:\/\/obs.obercom.pt\/index.php\/obs\" id=\"link-1449\" class=\"track_this_link \" rel=\"noopener noreferrer\" target=\"_blank\">OBSERVATORIO (OBS*)<\/a><\/li>\n<li><a href=\"http:\/\/orson.ufpel.edu.br\/content\/index.html\" id=\"link-490\" class=\"track_this_link \" rel=\"noopener noreferrer\" target=\"_blank\">ORSON (UFPEL)<\/a><\/li>\n<li><a href=\"https:\/\/revistapmkt.com.br\/pt_br\/publicacoes\/\" id=\"link-1345\" class=\"track_this_link \" rel=\"noopener noreferrer\" target=\"_blank\">PMKT \u2013 REVISTA BRASILEIRA DE PESQUISAS DE MARKETING, OPINI\u00c3O E M\u00cdDIA<\/a><\/li>\n<li><a href=\"https:\/\/revistas.ufrj.br\/index.php\/policromias\/index\" id=\"link-1346\" class=\"track_this_link \" rel=\"noopener noreferrer\" target=\"_blank\">POLICROMIAS &#8211; REVISTA DE ESTUDOS DO DISCURSO, IMAGEM E SOM<\/a><\/li>\n<li><a href=\"https:\/\/rac.anpad.org.br\/index.php\/rac\" id=\"link-1450\" class=\"track_this_link \" rel=\"noopener noreferrer\" target=\"_blank\">RAC \u2013 REVISTA DE ADMINISTRA\u00c7\u00c3O CONTEMPOR\u00c2NEA<\/a><\/li>\n<li><a href=\"https:\/\/periodicos.ufop.br\/radio-leituras\/\" id=\"link-1347\" class=\"track_this_link \" rel=\"noopener noreferrer\" target=\"_blank\">RADIOFONIAS<\/a><\/li>\n<li><a href=\"https:\/\/rae.fgv.br\/\" id=\"link-1451\" class=\"track_this_link \" rel=\"noopener noreferrer\" target=\"_blank\">RAE \u2013 REVISTA DE ADMINISTRA\u00c7\u00c3O DE EMPRESAS<\/a><\/li>\n<li><a href=\"https:\/\/www.revistas.usp.br\/rai\" id=\"link-1452\" class=\"track_this_link \" rel=\"noopener noreferrer\" target=\"_blank\">RAI \u2013 REVISTA DE ADMINISTRA\u00c7\u00c3O E INOVA\u00c7\u00c3O<\/a><\/li>\n<li><a href=\"https:\/\/rebeca.socine.org.br\/\" id=\"link-1453\" class=\"track_this_link \" rel=\"noopener noreferrer\" target=\"_blank\">REBECA &#8211; REVISTA BRASILEIRA DE ESTUDOS DE CINEMA E AUDIOVISUAL<\/a><\/li>\n<li><a href=\"https:\/\/revistas.uneb.br\/index.php\/babel\" id=\"link-1454\" class=\"track_this_link \" rel=\"noopener noreferrer\" target=\"_blank\">REVISTA BABEL<\/a><\/li>\n<li><a href=\"https:\/\/www.revistas.usp.br\/ra\" id=\"link-1455\" class=\"track_this_link \" rel=\"noopener noreferrer\" target=\"_blank\">REVISTA DE ANTROPOLOGIA<\/a><\/li>\n<li><a href=\"https:\/\/www.revistas.unijui.edu.br\/index.php\/direitoshumanosedemocracia\" id=\"link-1456\" class=\"track_this_link \" rel=\"noopener noreferrer\" target=\"_blank\">REVISTA DE DIREITOS HUMANOS E DEMOCRACIA<\/a><\/li>\n<li><a href=\"https:\/\/www3.ufrb.edu.br\/seer\/index.php\/griot\/\" id=\"link-1457\" class=\"track_this_link \" rel=\"noopener noreferrer\" target=\"_blank\">REVISTA DE FILOSOFIA<\/a><\/li>\n<li><a href=\"https:\/\/www.set.org.br\/revista-de-radiodifusao\/\" id=\"link-497\" class=\"track_this_link \" rel=\"noopener noreferrer\" target=\"_blank\">REVISTA DE RADIODIFUS\u00c3O<\/a><\/li>\n<li><a href=\"https:\/\/revistas.ufpr.br\/rsp\" id=\"link-1458\" class=\"track_this_link \" rel=\"noopener noreferrer\" target=\"_blank\">REVISTA DE SOCIOLOGIA E POL\u00cdTICA<\/a><\/li>\n<li><a href=\"https:\/\/digitalks.com.br\/revista\/\" id=\"link-1459\" class=\"track_this_link \" rel=\"noopener noreferrer\" target=\"_blank\">REVISTA DIGITALKS<\/a><\/li>\n<li><a href=\"https:\/\/periodicos.fclar.unesp.br\/entrelinguas\" id=\"link-1158\" class=\"track_this_link \" rel=\"noopener noreferrer\" target=\"_blank\">REVISTA ENTREL\u00cdNGUAS<\/a><\/li>\n<li><a href=\"https:\/\/revista.unitins.br\/index.php\/extensao\" id=\"link-1185\" class=\"track_this_link \" rel=\"noopener noreferrer\" target=\"_blank\">REVISTA EXTENS\u00c3O<\/a><\/li>\n<li><a href=\"https:\/\/revistaseletronicas.pucrs.br\/ojs\/index.php\/revistafamecos\/index\" id=\"link-1186\" class=\"track_this_link \" rel=\"noopener noreferrer\" target=\"_blank\">REVISTA FAMECOS: M\u00cdDIA, CULTURA E TECNOLOGIA<\/a><\/li>\n<li><a href=\"https:\/\/revistas.unisinos.br\/index.php\/fronteiras\" id=\"link-1187\" class=\"track_this_link \" rel=\"noopener noreferrer\" target=\"_blank\">REVISTA FRONTEIRAS: ESTUDOS MIDI\u00c1TICOS<\/a><\/li>\n<li><a href=\"https:\/\/revistas.ufpr.br\/letras\" id=\"link-1164\" class=\"track_this_link \" rel=\"noopener noreferrer\" target=\"_blank\">REVISTA LETRAS<\/a><\/li>\n<li><a href=\"https:\/\/sistemas.uft.edu.br\/periodicos\/index.php\/observatorio\/index\" id=\"link-1356\" class=\"track_this_link \" rel=\"noopener noreferrer\" target=\"_blank\">REVISTA OBSERVAT\u00d3RIO<\/a><\/li>\n<li><a href=\"https:\/\/www.rua.ufscar.br\/\" id=\"link-1349\" class=\"track_this_link \" rel=\"noopener noreferrer\" target=\"_blank\">RUA: REVISTA UNIVERSIT\u00c1RIA DO AUDIOVISUAL<\/a><\/li>\n<li><a href=\"http:\/\/www.usp.br\/rumores\/\" id=\"link-1350\" class=\"track_this_link \" rel=\"noopener noreferrer\" target=\"_blank\">RUMORES: REVISTA ONLINE DE COMUNICA\u00c7\u00c3O, LINGUAGEM E M\u00cdDIAS<\/a><\/li>\n<li><a href=\"http:\/\/www.usp.br\/significacao\/\" id=\"link-1194\" class=\"track_this_link \" rel=\"noopener noreferrer\" target=\"_blank\">SIGNIFICA\u00c7\u00c3O: REVISTA DE CULTURA AUDIOVISUAL<\/a><\/li>\n<li><a href=\"https:\/\/www.revistas.usp.br\/signosdoconsumo\" id=\"link-1195\" class=\"track_this_link \" rel=\"noopener noreferrer\" target=\"_blank\">SIGNOS DO CONSUMO<\/a><\/li>\n<li><a href=\"https:\/\/www.iar.unicamp.br\/revista-sonora\/\" id=\"link-1352\" class=\"track_this_link \" rel=\"noopener noreferrer\" target=\"_blank\">SONORA<\/a><\/li>\n<li><a href=\"http:\/\/periodicos.uniso.br\/ojs\/index.php\/triade\" id=\"link-1353\" class=\"track_this_link \" rel=\"noopener noreferrer\" target=\"_blank\">TR\u00cdADE: COMUNICA\u00c7\u00c3O, CULTURA E M\u00cdDIA<\/a><\/li>\n<li><a href=\"http:\/\/revistas.unisinos.br\/index.php\/versoereverso\/index\" id=\"link-1196\" class=\"track_this_link \" rel=\"noopener noreferrer\" target=\"_blank\">VERSO E REVERSO: REVISTA DA COMUNICA\u00c7\u00c3O<\/a><\/li>\n<li><a href=\"https:\/\/periodicos.univali.br\/index.php\/vd\/index\" id=\"link-1354\" class=\"track_this_link \" rel=\"noopener noreferrer\" target=\"_blank\">VOZES &#038; DI\u00c1LOGO<\/a><\/li>\n<li><a href=\"https:\/\/periodicos.ufjf.br\/index.php\/zanzala\" id=\"link-1197\" class=\"track_this_link \" rel=\"noopener noreferrer\" target=\"_blank\">ZANZAL\u00c1 &#8211; REVISTA BRASILEIRA DE ESTUDOS SOBRE G\u00caNEROS CINEMATOGR\u00c1FICOS E AUDIOVISUAIS<\/a><\/li>\n\t<\/ul>\n<\/div><!-- Div End Category -->\n<div class=\"LinkLibraryCat LinkLibraryCat27 level0\"><!-- Div Category --><div id=\"periodicos-on-line-relacoes-publicas\"><!-- Div Category Name --><div class=\"linklistcatname\"><!-- Div Cat Name --><span class=\"linklistcatclass\">Peri\u00f3dicos On Line - Rela\u00e7\u00f5es P\u00fablicas<\/span><\/div><!-- DivOrHeader --><\/div><!-- Div Category Name -->\n\t<ul>\n<li><a href=\"https:\/\/revistas.ufpr.br\/acaomidiatica\/index\" id=\"link-779\" class=\"track_this_link \" rel=\"noopener noreferrer\" target=\"_blank\">A\u00c7\u00c3O MIDI\u00c1TICA<\/a><\/li>\n<li><a href=\"http:\/\/revistaalceu.com.puc-rio.br\/index.php\/alceu\" id=\"link-1358\" class=\"track_this_link \" rel=\"noopener noreferrer\" target=\"_blank\">ALCEU (ONLINE)<\/a><\/li>\n<li><a href=\"https:\/\/periodicos.ufpb.br\/index.php\/arf\" id=\"link-1145\" class=\"track_this_link \" rel=\"noopener noreferrer\" target=\"_blank\">ALFKLARUNG &#8211; REVISTA DE FILOSOFIA<\/a><\/li>\n<li><a href=\"https:\/\/www.revistas.usp.br\/alterjor\" id=\"link-1360\" class=\"track_this_link \" rel=\"noopener noreferrer\" target=\"_blank\">ALTERJOR<\/a><\/li>\n<li><a href=\"https:\/\/www.revistas.usp.br\/anagrama\" id=\"link-564\" class=\"track_this_link \" rel=\"noopener noreferrer\" target=\"_blank\">ANAGRAMA<\/a><\/li>\n<li><a href=\"https:\/\/periodicos.ufsm.br\/index.php\/animus\/index\" id=\"link-780\" class=\"track_this_link \" rel=\"noopener noreferrer\" target=\"_blank\">ANIMUS<\/a><\/li>\n<li><a href=\"https:\/\/www.revista.ueg.br\/index.php\/atatot\/index\" id=\"link-1146\" class=\"track_this_link \" rel=\"noopener noreferrer\" target=\"_blank\">AT\u00c2T\u00d4 &#8211; REVISTA INTERDICIPLINAR DE DIREITOS HUMANOS<\/a><\/li>\n<li><a href=\"https:\/\/periodicos.ufsm.br\/ccomunicacao\" id=\"link-1362\" class=\"track_this_link \" rel=\"noopener noreferrer\" target=\"_blank\">CADERNOS DE COMUNICA\u00c7\u00c3O<\/a><\/li>\n<li><a href=\"http:\/\/revistacmc.espm.br\/index.php\/revistacmc\" id=\"link-1363\" class=\"track_this_link \" rel=\"noopener noreferrer\" target=\"_blank\">CMC: COMUNICA\u00c7\u00c3O, M\u00cdDIA E CONSUMO (ESPM)<\/a><\/li>\n<li><a href=\"http:\/\/revistacmc.espm.br\/index.php\/revistacmc\/issue\/archive\" id=\"link-1365\" class=\"track_this_link \" rel=\"noopener noreferrer\" target=\"_blank\">CMC: COMUNICA\u00c7\u00c3O, M\u00cdDIA E CONSUMO (ESPM)<\/a><\/li>\n<li><a href=\"https:\/\/casperlibero.edu.br\/revista-communicare\/\" id=\"link-582\" class=\"track_this_link \" rel=\"noopener noreferrer\" target=\"_blank\">COMMUNICARE<\/a><\/li>\n<li><a href=\"https:\/\/www.revistas.usp.br\/comueduc\/issue\/archive\" id=\"link-580\" class=\"track_this_link \" rel=\"noopener noreferrer\" target=\"_blank\">COMUNICA\u00c7\u00c3O &#038; EDUCA\u00c7\u00c3O<\/a><\/li>\n<li><a href=\"https:\/\/seer.uscs.edu.br\/index.php\/revista_comunicacao_inovacao\/index\" id=\"link-581\" class=\"track_this_link \" rel=\"noopener noreferrer\" target=\"_blank\">COMUNICA\u00c7\u00c3O &#038; INOVA\u00c7\u00c3O<\/a><\/li>\n<li><a href=\"https:\/\/revistas.metodista.br\/index.php\/comunicacaosociedade\" id=\"link-1315\" class=\"track_this_link \" rel=\"noopener noreferrer\" target=\"_blank\">COMUNICA\u00c7\u00c3O &#038; SOCIEDADE<\/a><\/li>\n<li><a href=\"https:\/\/www.metodista.br\/revistas\/revistas-ims\/index.php\/CSO\" id=\"link-1364\" class=\"track_this_link \" rel=\"noopener noreferrer\" target=\"_blank\">COMUNICA\u00c7\u00c3O &#038; SOCIEDADE<\/a><\/li>\n<li><a href=\"https:\/\/www.yumpu.com\/pt\/document\/view\/12475935\/revista-comunicacao-360\" id=\"link-583\" class=\"track_this_link \" rel=\"noopener noreferrer\" target=\"_blank\">COMUNICA\u00c7\u00c3O 360\u00ba<\/a><\/li>\n<li><a href=\"https:\/\/www.aberje.com.br\/revista\/\" id=\"link-584\" class=\"track_this_link \" rel=\"noopener noreferrer\" target=\"_blank\">COMUNICA\u00c7\u00c3O EMPRESARIAL<\/a><\/li>\n<li><a href=\"https:\/\/portalrevistas.ucb.br\/index.php\/RCEUCB\" id=\"link-585\" class=\"track_this_link \" rel=\"noopener noreferrer\" target=\"_blank\">COMUNICOLOGIA<\/a><\/li>\n<li><a href=\"http:\/\/www.ucs.br\/etc\/revistas\/index.php\/conexao\" id=\"link-1366\" class=\"track_this_link \" rel=\"noopener noreferrer\" target=\"_blank\">CONEX\u00c3O \u2013 COMUNICA\u00c7\u00c3O E CULTURA<\/a><\/li>\n<li><a href=\"https:\/\/www.periodicos.ufam.edu.br\/index.php\/conexoes\" id=\"link-586\" class=\"track_this_link \" rel=\"noopener noreferrer\" target=\"_blank\">CONEX\u00d5ES<\/a><\/li>\n<li><a href=\"https:\/\/revistas.unilasalle.edu.br\/index.php\/conhecimento_diversidade\" id=\"link-1367\" class=\"track_this_link \" rel=\"noopener noreferrer\" target=\"_blank\">CONHECIMENTO E DIVERSIDADE<\/a><\/li>\n<li><a href=\"https:\/\/periodicos.ufba.br\/index.php\/contemporaneaposcom\/\" id=\"link-1369\" class=\"track_this_link \" rel=\"noopener noreferrer\" target=\"_blank\">CONTEMPORANEA<\/a><\/li>\n<li><a href=\"https:\/\/periodicos.ufpb.br\/index.php\/cm\" id=\"link-1370\" class=\"track_this_link \" rel=\"noopener noreferrer\" target=\"_blank\">CULTURAS MIDI\u00c1TICAS<\/a><\/li>\n<li><a href=\"https:\/\/periodicos.ufsc.br\/index.php\/jornalismo\/index\" id=\"link-1371\" class=\"track_this_link \" rel=\"noopener noreferrer\" target=\"_blank\">ESTUDOS EM JORNALISMO E M\u00cdDIA<\/a><\/li>\n<li><a href=\"https:\/\/www.revistas.usp.br\/extraprensa\/index\" id=\"link-587\" class=\"track_this_link \" rel=\"noopener noreferrer\" target=\"_blank\">EXTRAPRENSA<\/a><\/li>\n<li><a href=\"http:\/\/bibliotecadigital.fgv.br\/ojs\/index.php\/gvcasos\" id=\"link-1372\" class=\"track_this_link \" rel=\"noopener noreferrer\" target=\"_blank\">GVCASOS \u2013 REVISTA BRASILEIRA DE CASOS DE ENSINO EM ADMINISTRA\u00c7\u00c3O<\/a><\/li>\n<li><a href=\"https:\/\/www.metodista.br\/revistas\/revistas-unimep\/index.php\/impulso\/index\" id=\"link-588\" class=\"track_this_link \" rel=\"noopener noreferrer\" target=\"_blank\">IMPULSO<\/a><\/li>\n<li><a href=\"https:\/\/revistas.intercom.org.br\/index.php\/iniciacom\" id=\"link-1373\" class=\"track_this_link \" rel=\"noopener noreferrer\" target=\"_blank\">INICIACOM: REVISTA BRASILEIRA DE INICIACAO CIENTIFICA EM COMUNICACAO SOCIAL<\/a><\/li>\n<li><a href=\"http:\/\/www.portcom.intercom.org.br\/revistas\/index.php\/revistaintercom\/index\" id=\"link-589\" class=\"track_this_link \" rel=\"noopener noreferrer\" target=\"_blank\">INTERCOM<\/a><\/li>\n<li><a href=\"https:\/\/revistas.intercom.org.br\/index.php\/revistaintercom\" id=\"link-1147\" class=\"track_this_link \" rel=\"noopener noreferrer\" target=\"_blank\">INTERCOM: REVISTA BRASILEIRA DE CI\u00caNCIAS DA COMUNICA\u00c7\u00c3O<\/a><\/li>\n<li><a href=\"https:\/\/revistas.intercom.org.br\/index.php\/revistaintercom\" id=\"link-1374\" class=\"track_this_link \" rel=\"noopener noreferrer\" target=\"_blank\">INTERCOM: REVISTA BRASILEIRA DE CI\u00caNCIAS DA COMUNICA\u00c7\u00c3O<\/a><\/li>\n<li><a href=\"https:\/\/seer.ufrgs.br\/intexto\" id=\"link-1375\" class=\"track_this_link \" rel=\"noopener noreferrer\" target=\"_blank\">INTEXTO<\/a><\/li>\n<li><a href=\"https:\/\/periodicos.ufmg.br\/index.php\/licere\" id=\"link-1376\" class=\"track_this_link \" rel=\"noopener noreferrer\" target=\"_blank\">LICERE REVISTA DE P\u00d3S-GRADUA\u00c7\u00c3O INTERDISCIPLINAR EM ESTUDOS DO LAZER<\/a><\/li>\n<li><a href=\"https:\/\/www.e-publicacoes.uerj.br\/index.php\/logos\" id=\"link-1377\" class=\"track_this_link \" rel=\"noopener noreferrer\" target=\"_blank\">LOGOS: COMUNICA\u00c7\u00c3O E UNIVERSIDADE<\/a><\/li>\n<li><a href=\"https:\/\/issuu.com\/mee-turismo\" id=\"link-590\" class=\"track_this_link \" rel=\"noopener noreferrer\" target=\"_blank\">MERCADO DE EVENTOS \u2013 Folha de Turismo<\/a><\/li>\n<li><a href=\"http:\/\/www.aberje.siteprofissional.com\/acervo_not_editoria.asp?EDITORIA=Revista%20MSG\" id=\"link-591\" class=\"track_this_link \" rel=\"noopener noreferrer\" target=\"_blank\">MSG &#8211; Revista de Comunica\u00e7\u00e3o e Cultura<\/a><\/li>\n<li><a href=\"https:\/\/www.mundodomarketing.com.br\/\" id=\"link-1378\" class=\"track_this_link \" rel=\"noopener noreferrer\" target=\"_blank\">MUNDO DO MARKETING \u2013 DIGITAL<\/a><\/li>\n<li><a href=\"https:\/\/www.scielo.br\/j\/nec\/\" id=\"link-592\" class=\"track_this_link \" rel=\"noopener noreferrer\" target=\"_blank\">NOVOS ESTUDOS \u2013 CEBRAP<\/a><\/li>\n<li><a href=\"https:\/\/www.scielo.br\/j\/op\/\" id=\"link-593\" class=\"track_this_link \" rel=\"noopener noreferrer\" target=\"_blank\">OPINI\u00c3O P\u00daBLICA<\/a><\/li>\n<li><a href=\"https:\/\/www.revistas.usp.br\/organicom\/issue\/view\/12810\" id=\"link-1379\" class=\"track_this_link \" rel=\"noopener noreferrer\" target=\"_blank\">ORGANICOM<\/a><\/li>\n<li><a href=\"https:\/\/rac.anpad.org.br\/index.php\/rac\" id=\"link-1182\" class=\"track_this_link \" rel=\"noopener noreferrer\" target=\"_blank\">RAC \u2013 REVISTA DE ADMINISTRA\u00c7\u00c3O CONTEMPOR\u00c2NEA<\/a><\/li>\n<li><a href=\"https:\/\/rae.fgv.br\/\" id=\"link-1183\" class=\"track_this_link \" rel=\"noopener noreferrer\" target=\"_blank\">RAE \u2013 REVISTA DE ADMINISTRA\u00c7\u00c3O DE EMPRESAS<\/a><\/li>\n<li><a href=\"https:\/\/www.revistas.usp.br\/rai\" id=\"link-1184\" class=\"track_this_link \" rel=\"noopener noreferrer\" target=\"_blank\">RAI \u2013 REVISTA DE ADMINISTRA\u00c7\u00c3O E INOVA\u00c7\u00c3O<\/a><\/li>\n<li><a href=\"http:\/\/www.revistabrasileiramarketing.org\/ojs-2.2.4\/index.php\/remark\/index\" id=\"link-798\" class=\"track_this_link \" rel=\"noopener noreferrer\" target=\"_blank\">REMARK: REVISTA BRASILEIRA DE MARKETING<\/a><\/li>\n<li><a href=\"https:\/\/revistas.uneb.br\/index.php\/babel\/index\" id=\"link-1151\" class=\"track_this_link \" rel=\"noopener noreferrer\" target=\"_blank\">REVISTA BABEL<\/a><\/li>\n<li><a href=\"https:\/\/www.revistas.usp.br\/ra\" id=\"link-1152\" class=\"track_this_link \" rel=\"noopener noreferrer\" target=\"_blank\">REVISTA DE ANTROPOLOGIA<\/a><\/li>\n<li><a href=\"https:\/\/www.revistas.unijui.edu.br\/index.php\/direitoshumanosedemocracia\" id=\"link-1153\" class=\"track_this_link \" rel=\"noopener noreferrer\" target=\"_blank\">REVISTA DE DIREITOS HUMANOS E DEMOCRACIA<\/a><\/li>\n<li><a href=\"https:\/\/www3.ufrb.edu.br\/seer\/index.php\/griot\/\" id=\"link-1154\" class=\"track_this_link \" rel=\"noopener noreferrer\" target=\"_blank\">REVISTA DE FILOSOFIA<\/a><\/li>\n<li><a href=\"https:\/\/revistas.ufpr.br\/rsp\" id=\"link-1155\" class=\"track_this_link \" rel=\"noopener noreferrer\" target=\"_blank\">REVISTA DE SOCIOLOGIA E POL\u00cdTICA<\/a><\/li>\n<li><a href=\"https:\/\/periodicos.fclar.unesp.br\/entrelinguas\" id=\"link-1158\" class=\"track_this_link \" rel=\"noopener noreferrer\" target=\"_blank\">REVISTA ENTREL\u00cdNGUAS<\/a><\/li>\n<li><a href=\"https:\/\/periodicos.unb.br\/index.php\/RICI\/index\" id=\"link-1381\" class=\"track_this_link \" rel=\"noopener noreferrer\" target=\"_blank\">REVISTA IBERO-AMERICANA DE CI\u00caNCIA DA INFORMA\u00c7\u00c3O<\/a><\/li>\n<li><a href=\"http:\/\/revistarelacionespublicas.uma.es\/index.php\/revrrpp\" id=\"link-1382\" class=\"track_this_link \" rel=\"noopener noreferrer\" target=\"_blank\">REVISTA INTERNACIONAL DE RELACIONES P\u00daBLICAS<\/a><\/li>\n<li><a href=\"https:\/\/revistas.ufpr.br\/letras\" id=\"link-1164\" class=\"track_this_link \" rel=\"noopener noreferrer\" target=\"_blank\">REVISTA LETRAS<\/a><\/li>\n<li><a href=\"https:\/\/ojs.letras.up.pt\/index.php\/prismacom\" id=\"link-595\" class=\"track_this_link \" rel=\"noopener noreferrer\" target=\"_blank\">REVISTA PRISMA.COM<\/a><\/li>\n<li><a href=\"http:\/\/www.usp.br\/rumores\/\" id=\"link-1350\" class=\"track_this_link \" rel=\"noopener noreferrer\" target=\"_blank\">RUMORES: REVISTA ONLINE DE COMUNICA\u00c7\u00c3O, LINGUAGEM E M\u00cdDIAS<\/a><\/li>\n<li><a href=\"https:\/\/www.revistas.usp.br\/signosdoconsumo\" id=\"link-1195\" class=\"track_this_link \" rel=\"noopener noreferrer\" target=\"_blank\">SIGNOS DO CONSUMO<\/a><\/li>\n\t<\/ul>\n<\/div><!-- Div End Category -->\n<div class=\"LinkLibraryCat LinkLibraryCat28 level0\"><!-- Div Category --><div id=\"periodicos-on-line-turismo\"><!-- Div Category Name --><div class=\"linklistcatname\"><!-- Div Cat Name --><span class=\"linklistcatclass\">Peri\u00f3dicos On Line - Turismo<\/span><\/div><!-- DivOrHeader --><\/div><!-- Div Category Name -->\n\t<ul>\n<li><a href=\"https:\/\/periodicos.ufjf.br\/index.php\/abet\" id=\"link-1383\" class=\"track_this_link \" rel=\"noopener noreferrer\" target=\"_blank\">ANAIS BRASILEIROS DE ESTUDOS TUR\u00cdSTICOS<\/a><\/li>\n<li><a href=\"http:\/\/www.ivt.coppe.ufrj.br\/caderno\/index.php\/caderno\" id=\"link-596\" class=\"track_this_link \" rel=\"noopener noreferrer\" target=\"_blank\">CADERNO VIRTUAL DE TURISMO<\/a><\/li>\n<li><a href=\"http:\/\/periodicos.uesc.br\/index.php\/cultur\" id=\"link-597\" class=\"track_this_link \" rel=\"noopener noreferrer\" target=\"_blank\">CULTUR &#8211; REVISTA DE CULTURA E TURISMO<\/a><\/li>\n<li><a href=\"https:\/\/www.revistahsm.com.br\/\" id=\"link-598\" class=\"track_this_link \" rel=\"noopener noreferrer\" target=\"_blank\">HSM MANAGEMENT<\/a><\/li>\n<li><a href=\"https:\/\/periodicos.ufmg.br\/index.php\/licere\" id=\"link-1384\" class=\"track_this_link \" rel=\"noopener noreferrer\" target=\"_blank\">LICERE REVISTA DE P\u00d3S-GRADUA\u00c7\u00c3O INTERDISCIPLINAR EM ESTUDOS DO LAZER<\/a><\/li>\n<li><a href=\"https:\/\/revistas.face.ufmg.br\/index.php\/mtr\" id=\"link-1385\" class=\"track_this_link \" rel=\"noopener noreferrer\" target=\"_blank\">MARKETING &#038; TOURISM REVIEW<\/a><\/li>\n<li><a href=\"https:\/\/www.revistas.usp.br\/matrizes\" id=\"link-825\" class=\"track_this_link \" rel=\"noopener noreferrer\" target=\"_blank\">MATRIZES<\/a><\/li>\n<li><a href=\"https:\/\/www.mercadoeeventos.com.br\/edicoes-digitais\/\" id=\"link-600\" class=\"track_this_link \" rel=\"noopener noreferrer\" target=\"_blank\">MERCADO DE EVENTOS<\/a><\/li>\n<li><a href=\"https:\/\/www.revistas.usp.br\/rege\" id=\"link-603\" class=\"track_this_link \" rel=\"noopener noreferrer\" target=\"_blank\">REGE: Revista de Gest\u00e3o<\/a><\/li>\n<li><a href=\"https:\/\/bibliotecadigital.fgv.br\/ojs\/index.php\/oit\" id=\"link-1386\" class=\"track_this_link \" rel=\"noopener noreferrer\" target=\"_blank\">REVISTA ACAD\u00caMICA DO OBSERVAT\u00d3RIO DE INOVA\u00c7\u00c3O DO TURISMO<\/a><\/li>\n<li><a href=\"https:\/\/periodicos.unifesp.br\/index.php\/ecoturismo\/issue\/view\/700\" id=\"link-604\" class=\"track_this_link \" rel=\"noopener noreferrer\" target=\"_blank\">REVISTA BRASILEIRA DE ECOTURISMO<\/a><\/li>\n<li><a href=\"https:\/\/periodicos.ufmg.br\/index.php\/rbel\/issue\/view\/1940\" id=\"link-1387\" class=\"track_this_link \" rel=\"noopener noreferrer\" target=\"_blank\">REVISTA BRASILEIRA DE ESTUDOS DE LAZER<\/a><\/li>\n<li><a href=\"https:\/\/www.rbtur.org.br\/rbtur\" id=\"link-606\" class=\"track_this_link \" rel=\"noopener noreferrer\" target=\"_blank\">REVISTA BRASILEIRA DE PESQUISA EM TURISMO (RBTUR)<\/a><\/li>\n<li><a href=\"https:\/\/periodicos.unb.br\/index.php\/revistacenario\/issue\/view\/1679\" id=\"link-607\" class=\"track_this_link \" rel=\"noopener noreferrer\" target=\"_blank\">REVISTA CEN\u00c1RIO<\/a><\/li>\n<li><a href=\"https:\/\/periodicos.ufpel.edu.br\/ojs2\/index.php\/AT\" id=\"link-608\" class=\"track_this_link \" rel=\"noopener noreferrer\" target=\"_blank\">REVISTA ELETR\u00d4NICA DE ADMINISTRA\u00c7\u00c3O E TURISMO<\/a><\/li>\n<li><a href=\"https:\/\/www.revhosp.org\/hospitalidade\/index\" id=\"link-610\" class=\"track_this_link \" rel=\"noopener noreferrer\" target=\"_blank\">REVISTA HOSPITALIDADE<\/a><\/li>\n<li><a href=\"https:\/\/www.seer.ufal.br\/index.php\/ritur\" id=\"link-1388\" class=\"track_this_link \" rel=\"noopener noreferrer\" target=\"_blank\">REVISTA IBEROAMERICANA DE TURISMO<\/a><\/li>\n<li><a href=\"https:\/\/revistas.una.br\/reuna\" id=\"link-611\" class=\"track_this_link \" rel=\"noopener noreferrer\" target=\"_blank\">REVISTA REUNA<\/a><\/li>\n<li><a href=\"https:\/\/periodicos.ufrn.br\/turismocontemporaneo\" id=\"link-612\" class=\"track_this_link \" rel=\"noopener noreferrer\" target=\"_blank\">REVISTA TURISMO CONTEMPOR\u00c2NEO<\/a><\/li>\n<li><a href=\"http:\/\/www.revistas.usp.br\/rta\" id=\"link-1389\" class=\"track_this_link \" rel=\"noopener noreferrer\" target=\"_blank\">REVISTA TURISMO EM AN\u00c1LISE<\/a><\/li>\n<li><a href=\"https:\/\/geplat.com\/rtep\/index.php\/tourism\" id=\"link-1390\" class=\"track_this_link \" rel=\"noopener noreferrer\" target=\"_blank\">REVISTA TURISMO ESTUDOS E PR\u00c1TICAS<\/a><\/li>\n<li><a href=\"https:\/\/periodicos.univali.br\/index.php\/rtva\/index\" id=\"link-1391\" class=\"track_this_link \" rel=\"noopener noreferrer\" target=\"_blank\">REVISTA TURISMO VIS\u00c3O E A\u00c7\u00c3O<\/a><\/li>\n<li><a href=\"https:\/\/sou.ucs.br\/revistas\/index.php\/rosadosventos\/issue\/view\/20\" id=\"link-1393\" class=\"track_this_link \" rel=\"noopener noreferrer\" target=\"_blank\">ROSA DOS VENTOS &#8211; TURISMO E HOSPITALIDADE<\/a><\/li>\n<li><a href=\"https:\/\/periodicos.ufrn.br\/revtursoter\" id=\"link-1394\" class=\"track_this_link \" rel=\"noopener noreferrer\" target=\"_blank\">TURISMO, SOCIEDADE E TERRIT\u00d3RIO<\/a><\/li>\n\t<\/ul>\n<\/div><!-- Div End Category -->\n<script type='text\/javascript'>\njQuery(document).ready(function()\n{\njQuery('.arrow-up').hide();\njQuery('#linklist1 a.track_this_link').click(function() {\nlinkid = this.id;\nlinkid = linkid.substring(5);\npath = '';\njQuery.ajax( {    type: 'POST',    url: 'https:\/\/biblioteca.facha.edu.br\/wp-admin\/admin-ajax.php',     data: { action: 'link_library_tracker',             _ajax_nonce: '2c209b14fc',             id:linkid, xpath:path }     });\nreturn true;\n});\njQuery('#linklist1 .expandlinks').click(function() {\ntarget = '.' + jQuery(this).attr('id');\nsubcattarget = '.' + jQuery(this).attr('data-subcat');\nif ( jQuery( target ).is(':visible') ) {\njQuery(target).slideUp();\njQuery(subcattarget).slideToggle();\njQuery(this).children('img').attr('src', 'https:\/\/biblioteca.facha.edu.br\/wp-content\/plugins\/link-library\/icons\/expand-32.png');\n} else {\njQuery(target).slideDown();\njQuery(subcattarget).slideToggle();\njQuery(this).children('img').attr('src', 'https:\/\/biblioteca.facha.edu.br\/wp-content\/plugins\/link-library\/icons\/collapse-32.png');\n}\n});\njQuery('#linklist1 .linklistcatclass').click(function() {\njQuery(this).siblings('.expandlinks').click();\n});\njQuery('#linklist1 .linklistcatnamedesc').click(function() {\njQuery(this).siblings('.expandlinks').click();\n});\n});\n<\/script>\n<\/div><!-- Div Linklist -->\n<!-- End of Link Library Output -->\n\n\n","protected":false},"excerpt":{"rendered":"","protected":false},"author":2,"featured_media":0,"parent":0,"menu_order":0,"comment_status":"closed","ping_status":"closed","template":"","meta":{"footnotes":""},"class_list":["post-74","page","type-page","status-publish","hentry"],"_links":{"self":[{"href":"https:\/\/biblioteca.facha.edu.br\/index.php\/wp-json\/wp\/v2\/pages\/74","targetHints":{"allow":["GET"]}}],"collection":[{"href":"https:\/\/biblioteca.facha.edu.br\/index.php\/wp-json\/wp\/v2\/pages"}],"about":[{"href":"https:\/\/biblioteca.facha.edu.br\/index.php\/wp-json\/wp\/v2\/types\/page"}],"author":[{"embeddable":true,"href":"https:\/\/biblioteca.facha.edu.br\/index.php\/wp-json\/wp\/v2\/users\/2"}],"replies":[{"embeddable":true,"href":"https:\/\/biblioteca.facha.edu.br\/index.php\/wp-json\/wp\/v2\/comments?post=74"}],"version-history":[{"count":22,"href":"https:\/\/biblioteca.facha.edu.br\/index.php\/wp-json\/wp\/v2\/pages\/74\/revisions"}],"predecessor-version":[{"id":2066,"href":"https:\/\/biblioteca.facha.edu.br\/index.php\/wp-json\/wp\/v2\/pages\/74\/revisions\/2066"}],"wp:attachment":[{"href":"https:\/\/biblioteca.facha.edu.br\/index.php\/wp-json\/wp\/v2\/media?parent=74"}],"curies":[{"name":"wp","href":"https:\/\/api.w.org\/{rel}","templated":true}]}}